 {"id":89501,"date":"2024-05-04T07:08:28","date_gmt":"2024-05-04T05:08:28","guid":{"rendered":"https:\/\/foodandgood.fr\/etablissement\/domaine-alphonse-meyer\/"},"modified":"2024-07-03T17:02:19","modified_gmt":"2024-07-03T15:02:19","slug":"domaine-alphonse-meyer","status":"publish","type":"etablissement","link":"https:\/\/foodandgood.fr\/nl\/domaine-alphonse-meyer\/","title":{"rendered":"Domaine Alphonse Meyer"},"excerpt":{"rendered":"","protected":false},"author":4,"comment_status":"closed","ping_status":"closed","template":"","meta":{"_acf_changed":false,"beyondwords_generate_audio":"","beyondwords_integration_method":"","beyondwords_project_id":"","beyondwords_content_id":"","beyondwords_preview_token":"","beyondwords_player_content":"","beyondwords_player_style":"","beyondwords_language_code":"","beyondwords_language_id":"","beyondwords_title_voice_id":"","beyondwords_body_voice_id":"","beyondwords_summary_voice_id":"","beyondwords_error_message":"","beyondwords_disabled":"","beyondwords_delete_content":"","beyondwords_podcast_id":"","beyondwords_hash":"","publish_post_to_speechkit":"","speechkit_hash":"","speechkit_generate_audio":"","speechkit_project_id":"","speechkit_podcast_id":"","speechkit_error_message":"","speechkit_disabled":"","speechkit_access_key":"","speechkit_error":"","speechkit_info":"","speechkit_response":"","speechkit_retries":"","speechkit_status":"","speechkit_updated_at":"","_speechkit_link":"","_speechkit_text":""},"class_list":["post-89501","etablissement","type-etablissement","status-publish","hentry","type-etablissement-logies-en-ontbijt","type-etablissement-rond-wijn","type-etablissement-wijnhandelaar","type-etablissement-wijnmaker"],"acf":{"id_eta_scn":"","id_app_foodandgood":"","id_exponum":"","abo":[],"etoile_michelin":[],"titre_presentation":"Wijnbouwers van vader op zoon sinds 1624","presentation":"Wijnbouwers van vader op zoon sinds 1624. Al onze wijnen zijn uitsluitend afkomstig van onze wijngaarden en worden op het domein gebotteld.\nOnze wijngaarden beslaan bijna 13 hectare in de gemeenten Zimmerbach en Turckheim.\nVan traditionele terroirs tot Lieux-dits en Grand Cru, ze drukken allemaal hun stempel op elk van onze wijnen.\n<div>\n\nBovendien hebben we voor je vakantie in de Elzas een charmante g\u00eete in het historische centrum van Turckheim, naast de kerk.\n\n<\/div>\n<div>Op de 1e verdieping van een oud vakwerkhuis met typische Elzasser architectuur<\/div>","types_prestation":false,"photo":null,"photo_bis":89448,"photo_3":89436,"adresse":{"address":"Vins d'Alsace Alphonse Meyer et Fils - Vignerons Ind\u00e9pendants, Place de l'\u00c9glise, Turckheim, France","lat":48.08752390000001,"lng":7.2782845,"zoom":7,"place_id":"ChIJnXqXdP5jkUcRm3ehVXsnv7w","name":"Vins d'Alsace Alphonse Meyer et Fils - Vignerons Ind\u00e9pendants","street_number":2,"street_name":"Place de l'\u00c9glise","street_name_short":"Pl. de l'\u00c9glise","city":"Turckheim","state":"Grand Est","post_code":68230,"country":"France","country_short":"FR"},"horaires":"Maandag: 10:00 - 12:00, 14:00 - 19:00\nDinsdag: 10:00 - 12:00, 14:00 - 19:00\nWoensdag: 10:00 - 12:00, 14:00 - 19:00\nDonderdag: 10:00 - 12:00, 14:00 - 19:00\nVrijdag: 10:00 - 12:00, 14:00 - 19:00\nZaterdag: 14:00 - 19:00\nZondag: 10:00 - 12:00","tel":"03 89 71 14 34","boutons":[{"title":"Website","link":"http:\/\/www.meyer-wines.fr\/"}],"boutons_reservation":"","boutons_social":null,"articles":[{"title":"","text":"","image":""}]},"_links":{"self":[{"href":"https:\/\/foodandgood.fr\/nl\/wp-json\/wp\/v2\/etablissement\/89501","targetHints":{"allow":["GET"]}}],"collection":[{"href":"https:\/\/foodandgood.fr\/nl\/wp-json\/wp\/v2\/etablissement"}],"about":[{"href":"https:\/\/foodandgood.fr\/nl\/wp-json\/wp\/v2\/types\/etablissement"}],"author":[{"embeddable":true,"href":"https:\/\/foodandgood.fr\/nl\/wp-json\/wp\/v2\/users\/4"}],"replies":[{"embeddable":true,"href":"https:\/\/foodandgood.fr\/nl\/wp-json\/wp\/v2\/comments?post=89501"}],"version-history":[{"count":1,"href":"https:\/\/foodandgood.fr\/nl\/wp-json\/wp\/v2\/etablissement\/89501\/revisions"}],"predecessor-version":[{"id":89506,"href":"https:\/\/foodandgood.fr\/nl\/wp-json\/wp\/v2\/etablissement\/89501\/revisions\/89506"}],"wp:attachment":[{"href":"https:\/\/foodandgood.fr\/nl\/wp-json\/wp\/v2\/media?parent=89501"}],"curies":[{"name":"wp","href":"https:\/\/api.w.org\/{rel}","templated":true}]}}