 {"id":176228,"date":"2025-11-25T09:10:46","date_gmt":"2025-11-25T08:10:46","guid":{"rendered":"https:\/\/foodandgood.fr\/?post_type=etablissement&#038;p=176228"},"modified":"2025-11-28T09:24:02","modified_gmt":"2025-11-28T08:24:02","slug":"gourmand-bistrot-de-plaisirs","status":"publish","type":"etablissement","link":"https:\/\/foodandgood.fr\/gourmand-bistrot-de-plaisirs\/","title":{"rendered":"Gourmand Bistrot de Plaisirs"},"excerpt":{"rendered":"","protected":false},"author":14,"comment_status":"closed","ping_status":"closed","template":"","meta":{"_acf_changed":false,"beyondwords_generate_audio":"0","beyondwords_integration_method":"","beyondwords_project_id":"","beyondwords_content_id":"","beyondwords_preview_token":"","beyondwords_player_content":"","beyondwords_player_style":"small","beyondwords_language_code":"fr_FR","beyondwords_language_id":"","beyondwords_title_voice_id":"1950","beyondwords_body_voice_id":"1950","beyondwords_summary_voice_id":"1950","beyondwords_error_message":"","beyondwords_disabled":"","beyondwords_delete_content":"","beyondwords_podcast_id":"","beyondwords_hash":"","publish_post_to_speechkit":"","speechkit_hash":"","speechkit_generate_audio":"","speechkit_project_id":"","speechkit_podcast_id":"","speechkit_error_message":"","speechkit_disabled":"","speechkit_access_key":"","speechkit_error":"","speechkit_info":"","speechkit_response":"","speechkit_retries":"","speechkit_status":"","speechkit_updated_at":"","_speechkit_link":"","_speechkit_text":""},"class_list":["post-176228","etablissement","type-etablissement","status-publish","hentry","type-etablissement-bistronomie"],"acf":{"id_eta_scn":"","id_app_foodandgood":"","id_exponum":"","abo":[],"etoile_michelin":[],"titre_presentation":"Un bistrot chaleureux sign\u00e9 Guillaume Scheer","presentation":"Le Gourmand \u2013 Bistrot de Plaisirs, install\u00e9 \u00e0 Schiltigheim, est une adresse conviviale et raffin\u00e9e port\u00e9e par le chef \u00e9toil\u00e9 Guillaume Scheer. Reprenant les murs de son ancien restaurant gastronomique, Scheer a imagin\u00e9 un bistrot plus d\u00e9tendu mais toujours empreint d\u2019exigence.\r\n\r\nl'atmosph\u00e8re est chaleureuse, vivante, sans jamais \u00eatre pr\u00e9tentieuse : on retrouve ce m\u00e9lange d\u2019\u00e9l\u00e9gance d\u00e9contract\u00e9e et d\u2019authenticit\u00e9 qui donne tout son charme aux bonnes tables de quartier. La d\u00e9coration joue avec des touches bois\u00e9es, des lumi\u00e8res douces et quelques clins d\u2019\u0153il \u00e0 la tradition culinaire fran\u00e7aise, cr\u00e9ant un cadre \u00e0 la fois cosy et raffin\u00e9..\r\n\r\nAvec cette nouvelle adresse, Scheer poursuit son engagement pour une cuisine sinc\u00e8re, de terroir, accessible et g\u00e9n\u00e9reuse \u2014 un lieu de partage o\u00f9 la gourmandise rime avec simplicit\u00e9.","types_prestation":false,"photo":177129,"photo_bis":177062,"photo_3":177068,"adresse":{"address":"GOURMAND BISTROT DE PLAISIRS, Route du G\u00e9n\u00e9ral de Gaulle, Schiltigheim, France","lat":48.6005672,"lng":7.7391115,"zoom":5,"place_id":"ChIJtd6nbObJlkcRdqAQPmh2YgI","name":"GOURMAND BISTROT DE PLAISIRS","street_number":35,"street_name":"Route du G\u00e9n\u00e9ral de Gaulle","street_name_short":"Rte du G\u00e9n\u00e9ral de Gaulle","city":"Schiltigheim","state":"Grand Est","post_code":67300,"country":"France","country_short":"FR"},"horaires":"lundi: Ferm\u00e9\r\nmardi: 12:00\u2009\u2013\u200914:00, 19:00\u2009\u2013\u200921:00\r\nmercredi: 12:00\u2009\u2013\u200914:00, 19:00\u2009\u2013\u200921:00\r\njeudi: 12:00\u2009\u2013\u200914:00, 19:00\u2009\u2013\u200921:00\r\nvendredi: 12:00\u2009\u2013\u200914:00, 19:00\u2009\u2013\u200921:00\r\nsamedi: 12:00\u2009\u2013\u200914:00, 19:00\u2009\u2013\u200921:00\r\ndimanche: Ferm\u00e9","tel":"03 88 97 57 28","boutons":[{"title":"Site Internet","link":"https:\/\/gourmand.alsace\/le-bistrot\/"},{"title":"Bons Cadeaux","link":"https:\/\/gourmand.alsace\/le-bistrot\/#bons-cadeaux"}],"boutons_reservation":"","boutons_social":[{"type":"facebook-f","link":"https:\/\/www.facebook.com\/profile.php?id=61575051087048"},{"type":"instagram","link":"https:\/\/www.instagram.com\/gourmand_restaurant"}],"articles":null},"_links":{"self":[{"href":"https:\/\/foodandgood.fr\/nl\/wp-json\/wp\/v2\/etablissement\/176228","targetHints":{"allow":["GET"]}}],"collection":[{"href":"https:\/\/foodandgood.fr\/nl\/wp-json\/wp\/v2\/etablissement"}],"about":[{"href":"https:\/\/foodandgood.fr\/nl\/wp-json\/wp\/v2\/types\/etablissement"}],"author":[{"embeddable":true,"href":"https:\/\/foodandgood.fr\/nl\/wp-json\/wp\/v2\/users\/14"}],"replies":[{"embeddable":true,"href":"https:\/\/foodandgood.fr\/nl\/wp-json\/wp\/v2\/comments?post=176228"}],"version-history":[{"count":13,"href":"https:\/\/foodandgood.fr\/nl\/wp-json\/wp\/v2\/etablissement\/176228\/revisions"}],"predecessor-version":[{"id":180189,"href":"https:\/\/foodandgood.fr\/nl\/wp-json\/wp\/v2\/etablissement\/176228\/revisions\/180189"}],"wp:attachment":[{"href":"https:\/\/foodandgood.fr\/nl\/wp-json\/wp\/v2\/media?parent=176228"}],"curies":[{"name":"wp","href":"https:\/\/api.w.org\/{rel}","templated":true}]}}