 {"id":89243,"date":"2024-07-03T15:46:16","date_gmt":"2024-07-03T13:46:16","guid":{"rendered":"https:\/\/foodandgood.fr\/etablissement\/la-terrasse-du-marche\/"},"modified":"2024-07-15T11:24:34","modified_gmt":"2024-07-15T09:24:34","slug":"la-terrasse-du-marche","status":"publish","type":"etablissement","link":"https:\/\/foodandgood.fr\/it\/la-terrasse-du-marche\/","title":{"rendered":"La Terrasse du march\u00e9"},"excerpt":{"rendered":"<p>&#8220;La Terrasse du March\u00e9&#8221;, un ristorante con uno spirito familiare, vi accoglie dal marted\u00ec alla domenica in un ambiente amichevole. Offriamo tutto l&#8217;anno varie tartes flamb\u00e9es, tradizionali e artigianali, cos\u00ec come formule di colazione da gustare all&#8217;interno o sulla terrazza sul bordo dell&#8217;acqua, di fronte a un paesaggio da cartolina.<\/p>\n","protected":false},"author":13,"comment_status":"closed","ping_status":"closed","template":"","meta":{"_acf_changed":false,"beyondwords_generate_audio":"","beyondwords_integration_method":"","beyondwords_project_id":"","beyondwords_content_id":"","beyondwords_preview_token":"","beyondwords_player_content":"","beyondwords_player_style":"","beyondwords_language_code":"","beyondwords_language_id":"","beyondwords_title_voice_id":"","beyondwords_body_voice_id":"","beyondwords_summary_voice_id":"","beyondwords_error_message":"","beyondwords_disabled":"","beyondwords_delete_content":"","beyondwords_podcast_id":"","beyondwords_hash":"","publish_post_to_speechkit":"","speechkit_hash":"","speechkit_generate_audio":"","speechkit_project_id":"","speechkit_podcast_id":"","speechkit_error_message":"","speechkit_disabled":"","speechkit_access_key":"","speechkit_error":"","speechkit_info":"","speechkit_response":"","speechkit_retries":"","speechkit_status":"","speechkit_updated_at":"","_speechkit_link":"","_speechkit_text":""},"class_list":["post-89243","etablissement","type-etablissement","status-publish","hentry","type-etablissement-cucina-francese"],"acf":{"id_eta_scn":"","id_app_foodandgood":"","id_exponum":"","abo":[],"etoile_michelin":[],"titre_presentation":"Varie tartes flamb\u00e9es","presentation":"\"La Terrasse du March\u00e9\", un ristorante con uno spirito familiare, vi accoglie dal marted\u00ec alla domenica in un ambiente amichevole. Offriamo tutto l'anno varie tartes flamb\u00e9es, tradizionali e artigianali, cos\u00ec come formule di colazione da gustare all'interno o sulla terrazza sul bordo dell'acqua, di fronte a un paesaggio da cartolina.\n\nNella calda e accogliente cornice del mercato coperto<br class=\"html-br\">\"La Terrasse du March\u00e9\" offre colazioni, brunch e crostate tradizionali flamb\u00e9es accompagnate da una selezione di vini alsaziani. Il tutto in un contesto da cartolina.\nI nostri piatti sono preparati al momento in un'atmosfera autentica. Lasciati sedurre dalla nostra gustosa cucina e da una scelta di bevande rinfrescanti.\n\nSe lo desideri, puoi organizzare un evento privato a casa loro!","types_prestation":false,"photo":null,"photo_bis":"","photo_3":"","adresse":{"address":"LA TERRASSE DU MARCHE, Rue des \u00c9coles, Colmar, France","lat":48.0744607,"lng":7.3597576,"zoom":7,"place_id":"ChIJJ99dLkJlkUcRNwxNLSIb_WQ","name":"LA TERRASSE DU MARCHE","street_number":13,"street_name":"Rue des \u00c9coles","city":"Colmar","state":"Grand Est","post_code":68000,"country":"France","country_short":"FR"},"horaires":"Luned\u00ec: Chiuso\nMarted\u00ec: 08:00 - 18:00\nMercoled\u00ec: 08:00 - 18:00\nGioved\u00ec: 07:00 - 18:00\nVenerd\u00ec: 08:00 - 19:00\nSabato: 08:00 - 17:00\nDomenica: Chiuso","tel":"","boutons":[{"title":"Sito web","link":"https:\/\/la-terrasse-du-marche-colmar.eatbu.com\/"}],"boutons_reservation":"","boutons_social":null,"articles":[{"title":"","text":"","image":""}]},"_links":{"self":[{"href":"https:\/\/foodandgood.fr\/it\/wp-json\/wp\/v2\/etablissement\/89243","targetHints":{"allow":["GET"]}}],"collection":[{"href":"https:\/\/foodandgood.fr\/it\/wp-json\/wp\/v2\/etablissement"}],"about":[{"href":"https:\/\/foodandgood.fr\/it\/wp-json\/wp\/v2\/types\/etablissement"}],"author":[{"embeddable":true,"href":"https:\/\/foodandgood.fr\/it\/wp-json\/wp\/v2\/users\/13"}],"replies":[{"embeddable":true,"href":"https:\/\/foodandgood.fr\/it\/wp-json\/wp\/v2\/comments?post=89243"}],"version-history":[{"count":1,"href":"https:\/\/foodandgood.fr\/it\/wp-json\/wp\/v2\/etablissement\/89243\/revisions"}],"predecessor-version":[{"id":97965,"href":"https:\/\/foodandgood.fr\/it\/wp-json\/wp\/v2\/etablissement\/89243\/revisions\/97965"}],"wp:attachment":[{"href":"https:\/\/foodandgood.fr\/it\/wp-json\/wp\/v2\/media?parent=89243"}],"curies":[{"name":"wp","href":"https:\/\/api.w.org\/{rel}","templated":true}]}}