 {"id":43595,"date":"2022-06-03T16:07:31","date_gmt":"2022-06-03T14:07:31","guid":{"rendered":"https:\/\/foodandgood.fr\/etablissement\/volta-di-morakopf\/"},"modified":"2024-06-12T17:54:13","modified_gmt":"2024-06-12T15:54:13","slug":"volta-di-morakopf","status":"publish","type":"etablissement","link":"https:\/\/foodandgood.fr\/it\/volta-di-morakopf\/","title":{"rendered":"Caveau Morakopf"},"excerpt":{"rendered":"","protected":false},"author":1,"comment_status":"closed","ping_status":"closed","template":"","meta":{"_acf_changed":false,"beyondwords_generate_audio":"","beyondwords_integration_method":"","beyondwords_project_id":"","beyondwords_content_id":"","beyondwords_preview_token":"","beyondwords_player_content":"","beyondwords_player_style":"","beyondwords_language_code":"","beyondwords_language_id":"","beyondwords_title_voice_id":"","beyondwords_body_voice_id":"","beyondwords_summary_voice_id":"","beyondwords_error_message":"","beyondwords_disabled":"","beyondwords_delete_content":"","beyondwords_podcast_id":"","beyondwords_hash":"","publish_post_to_speechkit":"","speechkit_hash":"","speechkit_generate_audio":"","speechkit_project_id":"","speechkit_podcast_id":"","speechkit_error_message":"","speechkit_disabled":"","speechkit_access_key":"","speechkit_error":"","speechkit_info":"","speechkit_response":"","speechkit_retries":"","speechkit_status":"","speechkit_updated_at":"","_speechkit_link":"","_speechkit_text":""},"class_list":["post-43595","etablissement","type-etablissement","status-publish","has-post-thumbnail","hentry","type-etablissement-buoni-regalo","type-etablissement-cucina-alsaziana"],"acf":{"id_eta_scn":"","id_app_foodandgood":45,"id_exponum":"","abo":[],"etoile_michelin":[],"titre_presentation":"Un indirizzo dedicato all'Alsazia e alle sue tradizioni","presentation":"Grazie al know-how degli chef, al loro gusto per i buoni prodotti locali o alla loro consapevolezza ecologica e ambientale, la regione \u00e8 piena di molti bei discorsi. Tra le ramificazioni culinarie, la cucina alsaziana e quella della nonna seducono con i loro piatti tipici e terribilmente regressivi. La volta Morakopf continua questa tradizione.\n\nPiatti tipici fuori dal comune\nMaestro ristoratore e membro di Tables & Auberges de France, Caveau Morakopf \u00e8 un indirizzo dedicato all'Alsazia e alle sue tradizioni. Al timone, C\u00e9line Fidrie e Lukas Edl vogliono offrire una cucina autentica e attenta. Ci sono i piatti pi\u00f9 tipici che sono diventati rari, come la testa di vitello o la lingua di maiale, e un must della casa da 40 anni: B\u0153uf Gros Sel. 100% francese cotto per 4 ore in un brodo di verdure locali.\n\nIl winstub dispone di un'incantevole terrazza ombreggiata con arredamento di charme, disposta su pi\u00f9 livelli per garantire la privacy degli ospiti.\n\nUn indirizzo da scoprire senza aspettare!","types_prestation":false,"photo":44152,"photo_bis":6545,"photo_3":81729,"adresse":{"address":"Caveau Morakopf, Rue des Trois \u00c9pis, Niedermorschwihr, France","lat":48.0995865,"lng":7.275816900000001,"zoom":7,"place_id":"ChIJV_oZ8U9hkUcRnKS7Nls-5Bc","name":"Caveau Morakopf","street_number":7,"street_name":"Rue des Trois \u00c9pis","city":"Niedermorschwihr","state":"Grand Est","post_code":68230,"country":"France","country_short":"FR"},"horaires":"Luned\u00ec: Chiuso\nMarted\u00ec: 12:00 - 14:00, 18:30 - 21:00\nMercoled\u00ec: 12:00 - 14:00, 18:30 - 21:00\nGioved\u00ec: 12:00 - 14:00, 18:30 - 21:00\nVenerd\u00ec: 12:00 - 14:00, 18:30 - 21:00\nSabato: 12:00 - 14:00, 18:30 - 21:00\nDomenica: 12:00 - 14:00, 18:30 - 21:00","tel":"03 89 27 05 10","boutons":[{"title":"Sito web","link":"http:\/\/www.caveaumorakopf.fr\/"},{"title":"Scheda","link":"https:\/\/caveaumorakopf.fr\/la-carte\/"},{"title":"buoni regalo","link":"https:\/\/aji-box.com\/-\/Caveau-Morakopf\/"},{"title":"","link":""}],"boutons_reservation":"","boutons_social":null,"articles":[{"title":"","text":"","image":""},{"title":"","text":"","image":""},{"title":"","text":"","image":""}]},"_links":{"self":[{"href":"https:\/\/foodandgood.fr\/it\/wp-json\/wp\/v2\/etablissement\/43595","targetHints":{"allow":["GET"]}}],"collection":[{"href":"https:\/\/foodandgood.fr\/it\/wp-json\/wp\/v2\/etablissement"}],"about":[{"href":"https:\/\/foodandgood.fr\/it\/wp-json\/wp\/v2\/types\/etablissement"}],"author":[{"embeddable":true,"href":"https:\/\/foodandgood.fr\/it\/wp-json\/wp\/v2\/users\/1"}],"replies":[{"embeddable":true,"href":"https:\/\/foodandgood.fr\/it\/wp-json\/wp\/v2\/comments?post=43595"}],"version-history":[{"count":1,"href":"https:\/\/foodandgood.fr\/it\/wp-json\/wp\/v2\/etablissement\/43595\/revisions"}],"predecessor-version":[{"id":61285,"href":"https:\/\/foodandgood.fr\/it\/wp-json\/wp\/v2\/etablissement\/43595\/revisions\/61285"}],"wp:featuredmedia":[{"embeddable":true,"href":"https:\/\/foodandgood.fr\/it\/wp-json\/wp\/v2\/media\/44152"}],"wp:attachment":[{"href":"https:\/\/foodandgood.fr\/it\/wp-json\/wp\/v2\/media?parent=43595"}],"curies":[{"name":"wp","href":"https:\/\/api.w.org\/{rel}","templated":true}]}}