 {"id":159897,"date":"2025-06-27T16:46:26","date_gmt":"2025-06-27T14:46:26","guid":{"rendered":"https:\/\/foodandgood.fr\/?post_type=etablissement&#038;p=159897"},"modified":"2025-07-07T10:42:25","modified_gmt":"2025-07-07T08:42:25","slug":"cafe-joyeux","status":"publish","type":"etablissement","link":"https:\/\/foodandgood.fr\/cafe-joyeux\/","title":{"rendered":"Caf\u00e9 Joyeux"},"excerpt":{"rendered":"<p>Et si votre prochain espresso changeait le monde ? Non, ce n\u2019est pas un slogan d\u2019une start-up perch\u00e9e sur son nuage de mousse de lait. C\u2019est une r\u00e9alit\u00e9 bien vivante dans les Caf\u00e9s Joyeux, ces \u00e9tablissements pas comme les autres qui ont d\u00e9cid\u00e9 de mettre du sens dans chaque tasse.<\/p>\n","protected":false},"author":6,"comment_status":"closed","ping_status":"closed","template":"","meta":{"_acf_changed":false,"beyondwords_generate_audio":"0","beyondwords_integration_method":"","beyondwords_project_id":"","beyondwords_content_id":"","beyondwords_preview_token":"","beyondwords_player_content":"","beyondwords_player_style":"small","beyondwords_language_code":"fr_FR","beyondwords_language_id":"","beyondwords_title_voice_id":"1950","beyondwords_body_voice_id":"1950","beyondwords_summary_voice_id":"1950","beyondwords_error_message":"","beyondwords_disabled":"","beyondwords_delete_content":"","beyondwords_podcast_id":"","beyondwords_hash":"","publish_post_to_speechkit":"","speechkit_hash":"","speechkit_generate_audio":"","speechkit_project_id":"","speechkit_podcast_id":"","speechkit_error_message":"","speechkit_disabled":"","speechkit_access_key":"","speechkit_error":"","speechkit_info":"","speechkit_response":"","speechkit_retries":"","speechkit_status":"","speechkit_updated_at":"","_speechkit_link":"","_speechkit_text":""},"class_list":["post-159897","etablissement","type-etablissement","status-publish","hentry","type-etablissement-cafe-salon-de-the"],"acf":{"id_eta_scn":"","id_app_foodandgood":"","id_exponum":"","abo":[],"etoile_michelin":[],"titre_presentation":"","presentation":"<p data-start=\"650\" data-end=\"1001\">Cr\u00e9\u00e9s en 2017 par Yann Bucaille-Lanrezac (entrepreneur au grand c\u0153ur et amateur de caf\u00e9 bien serr\u00e9), les Caf\u00e9s Joyeux emploient et forment des personnes en situation de handicap mental ou cognitif, comme la trisomie 21 ou l\u2019autisme. Une initiative simple et puissante : offrir \u00e0 chacun sa place dans la soci\u00e9t\u00e9, loin des clich\u00e9s et des exclusions.<\/p>\r\n<p data-start=\"1003\" data-end=\"1298\">Dans ces caf\u00e9s solidaires, l\u2019accueil est authentique, les sourires sinc\u00e8res, et la maladresse parfois au rendez-vous, mais toujours avec tendresse. Pas besoin de baristas \u00e0 moustache pour vous servir un latte parfait : ici, on mise sur la richesse humaine plus que sur la mousse artistique.<\/p>\r\n<p data-start=\"650\" data-end=\"1001\">Cr\u00e9\u00e9s en 2017 par Yann Bucaille-Lanrezac (entrepreneur au grand c\u0153ur et amateur de caf\u00e9 bien serr\u00e9), les Caf\u00e9s Joyeux emploient et forment des personnes en situation de handicap mental ou cognitif, comme la trisomie 21 ou l\u2019autisme. Une initiative simple et puissante : offrir \u00e0 chacun sa place dans la soci\u00e9t\u00e9, loin des clich\u00e9s et des exclusions.<\/p>\r\n<p data-start=\"1003\" data-end=\"1298\">Dans ces caf\u00e9s solidaires, l\u2019accueil est authentique, les sourires sinc\u00e8res, et la maladresse parfois au rendez-vous, mais toujours avec tendresse. Pas besoin de baristas \u00e0 moustache pour vous servir un latte parfait : ici, on mise sur la richesse humaine plus que sur la mousse artistique.<\/p>\r\n<p data-start=\"1856\" data-end=\"2225\">Et que trouve-t-on dans l\u2019assiette ou dans la tasse ? Du bon, du frais, du fait maison, et des recettes simples mais savoureuses. C\u00f4t\u00e9 caf\u00e9, les grains sont torr\u00e9fi\u00e9s artisanalement, et vendus aussi en ligne. Une mani\u00e8re de prolonger la joie jusque dans sa cuisine, avec un caf\u00e9 \u00ab engag\u00e9, g\u00e9n\u00e9reux et solidaire \u00bb. Le slogan est bien trouv\u00e9, et pas du tout galvaud\u00e9.<\/p>\r\n<p data-start=\"2227\" data-end=\"2407\">Cerise sur le scone : tous les b\u00e9n\u00e9fices sont r\u00e9investis dans la formation et l\u2019accompagnement des \u00e9quipiers. De quoi faire fr\u00e9tiller sa conscience aussi fort que ses papilles.<\/p>","types_prestation":false,"photo":159963,"photo_bis":159970,"photo_3":159976,"adresse":{"address":"Caf\u00e9 Joyeux, Grand'Rue, Strasbourg, France","lat":48.5823104,"lng":7.7408747,"zoom":5,"place_id":"ChIJw5T7DADJlkcRxGfvBsEMYVs","name":"Caf\u00e9 Joyeux","street_number":42,"street_name":"Grand'Rue","city":"Strasbourg","state":"Grand Est","post_code":67000,"country":"France","country_short":"FR"},"horaires":"lundi: 09:00\u2009\u2013\u200919:00\r\nmardi: 09:00\u2009\u2013\u200919:00\r\nmercredi: 09:00\u2009\u2013\u200919:00\r\njeudi: 09:00\u2009\u2013\u200919:00\r\nvendredi: 09:00\u2009\u2013\u200919:00\r\nsamedi: 09:00\u2009\u2013\u200919:00\r\ndimanche: Ferm\u00e9","tel":"Aucune info trouv\u00e9e","boutons":[{"title":"Site Internet","link":"https:\/\/www.cafejoyeux.com\/fr\/"}],"boutons_reservation":"","boutons_social":[{"type":"facebook-f","link":"https:\/\/www.facebook.com\/cafejoyeux\/?locale=fr_FR"},{"type":"instagram","link":"https:\/\/www.instagram.com\/cafejoyeux\/"}],"articles":null},"_links":{"self":[{"href":"https:\/\/foodandgood.fr\/it\/wp-json\/wp\/v2\/etablissement\/159897","targetHints":{"allow":["GET"]}}],"collection":[{"href":"https:\/\/foodandgood.fr\/it\/wp-json\/wp\/v2\/etablissement"}],"about":[{"href":"https:\/\/foodandgood.fr\/it\/wp-json\/wp\/v2\/types\/etablissement"}],"author":[{"embeddable":true,"href":"https:\/\/foodandgood.fr\/it\/wp-json\/wp\/v2\/users\/6"}],"replies":[{"embeddable":true,"href":"https:\/\/foodandgood.fr\/it\/wp-json\/wp\/v2\/comments?post=159897"}],"version-history":[{"count":4,"href":"https:\/\/foodandgood.fr\/it\/wp-json\/wp\/v2\/etablissement\/159897\/revisions"}],"predecessor-version":[{"id":159983,"href":"https:\/\/foodandgood.fr\/it\/wp-json\/wp\/v2\/etablissement\/159897\/revisions\/159983"}],"wp:attachment":[{"href":"https:\/\/foodandgood.fr\/it\/wp-json\/wp\/v2\/media?parent=159897"}],"curies":[{"name":"wp","href":"https:\/\/api.w.org\/{rel}","templated":true}]}}