 {"id":114304,"date":"2024-09-03T10:52:29","date_gmt":"2024-09-03T08:52:29","guid":{"rendered":"https:\/\/foodandgood.fr\/etablissement\/castello-di-adomenil\/"},"modified":"2025-04-14T11:45:44","modified_gmt":"2025-04-14T09:45:44","slug":"castello-di-adomenil","status":"publish","type":"etablissement","link":"https:\/\/foodandgood.fr\/it\/castello-di-adomenil\/","title":{"rendered":"Ch\u00e2teau d'Adom\u00e9nil"},"excerpt":{"rendered":"","protected":false},"author":14,"comment_status":"closed","ping_status":"closed","template":"","meta":{"_acf_changed":false,"beyondwords_generate_audio":"","beyondwords_integration_method":"","beyondwords_project_id":"","beyondwords_content_id":"","beyondwords_preview_token":"","beyondwords_player_content":"","beyondwords_player_style":"","beyondwords_language_code":"","beyondwords_language_id":"","beyondwords_title_voice_id":"","beyondwords_body_voice_id":"","beyondwords_summary_voice_id":"","beyondwords_error_message":"","beyondwords_disabled":"","beyondwords_delete_content":"","beyondwords_podcast_id":"","beyondwords_hash":"","publish_post_to_speechkit":"","speechkit_hash":"","speechkit_generate_audio":"","speechkit_project_id":"","speechkit_podcast_id":"","speechkit_error_message":"","speechkit_disabled":"","speechkit_access_key":"","speechkit_error":"","speechkit_info":"","speechkit_response":"","speechkit_retries":"","speechkit_status":"","speechkit_updated_at":"","_speechkit_link":"","_speechkit_text":""},"class_list":["post-114304","etablissement","type-etablissement","status-publish","hentry","type-etablissement-cucina-gastronomica","type-etablissement-tabella-eccezionale"],"acf":{"id_eta_scn":"","id_app_foodandgood":"","id_exponum":"","abo":["VIP"],"etoile_michelin":["1"],"titre_presentation":"Cucina stagionale","presentation":"Nel cuore della campagna di Lun\u00e9ville, questo piccolo e affascinante castello classico si adagia nel suo parco alberato. Si passa attraverso una solenne successione di stanze dal carattere storico intatto, con antichi rivestimenti in legno, pavimenti in parquet e caminetti... La sala da pranzo si apre sul parco. Alcuni sottili tocchi barocchi e contemporanei ravvivano questo arredamento da sogno, che \u00e8 in perfetta armonia con la cucina tradizionale dello chef, arricchita da tocchi contemporanei.  \n\nQuesto castello del XVIII secolo \u00e8 sia un hotel di charme che un ristorante gourmet.","types_prestation":false,"photo":113801,"photo_bis":113808,"photo_3":113814,"adresse":{"address":"Ch\u00e2teau d'Adom\u00e9nil - H\u00f4tel et Restaurant Relais&Ch\u00e2teaux, Rehainviller, France","lat":48.5648028,"lng":6.462658299999999,"zoom":7,"place_id":"ChIJF7CXTbqBlEcRE3S9yvizFPA","name":"Ch\u00e2teau d'Adom\u00e9nil - H\u00f4tel et Restaurant Relais&Ch\u00e2teaux","city":"Rehainviller","state":"Grand Est","post_code":54300,"country":"France","country_short":"FR"},"horaires":"","tel":"03 83 74 04 81","boutons":[{"title":"Sito web","link":"http:\/\/www.adomenil.com\/"}],"boutons_reservation":"","boutons_social":null,"articles":null},"_links":{"self":[{"href":"https:\/\/foodandgood.fr\/it\/wp-json\/wp\/v2\/etablissement\/114304","targetHints":{"allow":["GET"]}}],"collection":[{"href":"https:\/\/foodandgood.fr\/it\/wp-json\/wp\/v2\/etablissement"}],"about":[{"href":"https:\/\/foodandgood.fr\/it\/wp-json\/wp\/v2\/types\/etablissement"}],"author":[{"embeddable":true,"href":"https:\/\/foodandgood.fr\/it\/wp-json\/wp\/v2\/users\/14"}],"replies":[{"embeddable":true,"href":"https:\/\/foodandgood.fr\/it\/wp-json\/wp\/v2\/comments?post=114304"}],"version-history":[{"count":1,"href":"https:\/\/foodandgood.fr\/it\/wp-json\/wp\/v2\/etablissement\/114304\/revisions"}],"predecessor-version":[{"id":114309,"href":"https:\/\/foodandgood.fr\/it\/wp-json\/wp\/v2\/etablissement\/114304\/revisions\/114309"}],"wp:attachment":[{"href":"https:\/\/foodandgood.fr\/it\/wp-json\/wp\/v2\/media?parent=114304"}],"curies":[{"name":"wp","href":"https:\/\/api.w.org\/{rel}","templated":true}]}}