 {"id":110595,"date":"2024-08-08T16:28:28","date_gmt":"2024-08-08T14:28:28","guid":{"rendered":"https:\/\/foodandgood.fr\/etablissement\/soluzione-sante-nature\/"},"modified":"2025-04-14T11:14:16","modified_gmt":"2025-04-14T09:14:16","slug":"soluzione-sante-nature","status":"publish","type":"etablissement","link":"https:\/\/foodandgood.fr\/it\/soluzione-sante-nature\/","title":{"rendered":"Sant\u00e9 Nature Solution"},"excerpt":{"rendered":"","protected":false},"author":6,"comment_status":"closed","ping_status":"closed","template":"","meta":{"_acf_changed":false,"beyondwords_generate_audio":"","beyondwords_integration_method":"","beyondwords_project_id":"","beyondwords_content_id":"","beyondwords_preview_token":"","beyondwords_player_content":"","beyondwords_player_style":"","beyondwords_language_code":"","beyondwords_language_id":"","beyondwords_title_voice_id":"","beyondwords_body_voice_id":"","beyondwords_summary_voice_id":"","beyondwords_error_message":"","beyondwords_disabled":"","beyondwords_delete_content":"","beyondwords_podcast_id":"","beyondwords_hash":"","publish_post_to_speechkit":"","speechkit_hash":"","speechkit_generate_audio":"","speechkit_project_id":"","speechkit_podcast_id":"","speechkit_error_message":"","speechkit_disabled":"","speechkit_access_key":"","speechkit_error":"","speechkit_info":"","speechkit_response":"","speechkit_retries":"","speechkit_status":"","speechkit_updated_at":"","_speechkit_link":"","_speechkit_text":""},"class_list":["post-110595","etablissement","type-etablissement","status-publish","has-post-thumbnail","hentry","type-etablissement-benessere"],"acf":{"id_eta_scn":"","id_app_foodandgood":"","id_exponum":"","abo":[],"etoile_michelin":[],"titre_presentation":"Un'ampia scelta di t\u00e8, tisane, infusi, caff\u00e8 biologici, ecc...","presentation":"Mi chiamo Fabrice Hard (1965) e la mia formazione di base \u00e8 quella di floricoltore e botanico dal 1983. Mi sono formato presso la scuola Flora M\u00e9dicina Quebec nel 2012 e ho acquisito una grande quantit\u00e0 di conoscenze, a partire dalla Medicina Naturale Vegetale, l'Erboristeria e la Fitoterapia, per poi completare i miei studi con la Dietetica, la Lumino-Relaxoterapia e l'Hatha Yoga.\n\nCon l'evolversi della mia vita, ho potuto sviluppare la mia curiosit\u00e0 e le mie conoscenze per aumentare le mie competenze nel campo della natura e dei benefici per la salute.\n\nDa allora, non \u00e8 pi\u00f9 riuscito a smettere di studiare e sperimentare: \"Penso che una volta che ci si \"casca dentro\", non si pu\u00f2 essere soddisfatti delle conoscenze acquisite. Il campo \u00e8 cos\u00ec vasto.... \"\n\nAutodidatta da diversi anni, ci\u00f2 che amo di pi\u00f9 del mio lavoro \u00e8 il fatto che cerco di capire le ragioni dei sintomi che le persone portano alla mia attenzione e di aiutarle a ritrovare la salute attraverso la medicina naturale in piena rinascita.\n\nIntegrare il sistema della medicina naturale, nonch\u00e9 i consigli per uno stile di vita volto non solo a liberare la mente e il corpo dalla sofferenza e i mezzi per incorporare la saggezza.\n\nSono convinto che la maggior parte dei disturbi che ci affliggono, siano essi benigni o invasivi, possano essere trattati con le piante.\n\nLa natura ha ragione.","types_prestation":false,"photo":120611,"photo_bis":110544,"photo_3":110549,"adresse":{"address":"Sant\u00e9 - Nature - Solution, Square Jeanne d'Arc, Malz\u00e9ville, France","lat":48.7120615,"lng":6.185355800000001,"zoom":7,"place_id":"ChIJya5xyEvR6kcRL64i04wimj8","name":"Sant\u00e9 - Nature - Solution","street_number":2,"street_name":"Square Jeanne d'Arc","street_name_short":"Sq. Jeanne d'Arc","city":"Malz\u00e9ville","state":"Grand Est","post_code":54220,"country":"France","country_short":"FR"},"horaires":"Luned\u00ec: Aperto 24 ore al giorno\nMarted\u00ec: Aperto 24 ore al giorno\nMercoled\u00ec: Aperto 24 ore al giorno\nGioved\u00ec: Aperto 24 ore al giorno\nVenerd\u00ec: Aperto 24 ore al giorno\nSabato: Aperto 24 ore al giorno\nDomenica: Chiuso","tel":"06 69 47 45 39","boutons":[{"title":"Sito web","link":"https:\/\/santenaturesolution.com\/"}],"boutons_reservation":"","boutons_social":null,"articles":[{"title":"","text":"","image":""}]},"_links":{"self":[{"href":"https:\/\/foodandgood.fr\/it\/wp-json\/wp\/v2\/etablissement\/110595","targetHints":{"allow":["GET"]}}],"collection":[{"href":"https:\/\/foodandgood.fr\/it\/wp-json\/wp\/v2\/etablissement"}],"about":[{"href":"https:\/\/foodandgood.fr\/it\/wp-json\/wp\/v2\/types\/etablissement"}],"author":[{"embeddable":true,"href":"https:\/\/foodandgood.fr\/it\/wp-json\/wp\/v2\/users\/6"}],"replies":[{"embeddable":true,"href":"https:\/\/foodandgood.fr\/it\/wp-json\/wp\/v2\/comments?post=110595"}],"version-history":[{"count":2,"href":"https:\/\/foodandgood.fr\/it\/wp-json\/wp\/v2\/etablissement\/110595\/revisions"}],"predecessor-version":[{"id":120615,"href":"https:\/\/foodandgood.fr\/it\/wp-json\/wp\/v2\/etablissement\/110595\/revisions\/120615"}],"wp:featuredmedia":[{"embeddable":true,"href":"https:\/\/foodandgood.fr\/it\/wp-json\/wp\/v2\/media\/110539"}],"wp:attachment":[{"href":"https:\/\/foodandgood.fr\/it\/wp-json\/wp\/v2\/media?parent=110595"}],"curies":[{"name":"wp","href":"https:\/\/api.w.org\/{rel}","templated":true}]}}