 {"id":108658,"date":"2024-08-07T14:42:07","date_gmt":"2024-08-07T12:42:07","guid":{"rendered":"https:\/\/foodandgood.fr\/etablissement\/brasserie-cheval\/"},"modified":"2024-08-08T05:23:11","modified_gmt":"2024-08-08T03:23:11","slug":"brasserie-cheval","status":"publish","type":"etablissement","link":"https:\/\/foodandgood.fr\/it\/brasserie-cheval\/","title":{"rendered":"Brasserie Cheval"},"excerpt":{"rendered":"","protected":false},"author":1,"comment_status":"closed","ping_status":"closed","template":"","meta":{"_acf_changed":false,"beyondwords_generate_audio":"","beyondwords_integration_method":"","beyondwords_project_id":"","beyondwords_content_id":"","beyondwords_preview_token":"","beyondwords_player_content":"","beyondwords_player_style":"","beyondwords_language_code":"","beyondwords_language_id":"","beyondwords_title_voice_id":"","beyondwords_body_voice_id":"","beyondwords_summary_voice_id":"","beyondwords_error_message":"","beyondwords_disabled":"","beyondwords_delete_content":"","beyondwords_podcast_id":"","beyondwords_hash":"","publish_post_to_speechkit":"","speechkit_hash":"","speechkit_generate_audio":"","speechkit_project_id":"","speechkit_podcast_id":"","speechkit_error_message":"","speechkit_disabled":"","speechkit_access_key":"","speechkit_error":"","speechkit_info":"","speechkit_response":"","speechkit_retries":"","speechkit_status":"","speechkit_updated_at":"","_speechkit_link":"","_speechkit_text":""},"class_list":["post-108658","etablissement","type-etablissement","status-publish","has-post-thumbnail","hentry","type-etablissement-birrificio-artigianale"],"acf":{"id_eta_scn":"","id_app_foodandgood":"","id_exponum":49356,"abo":["GRAT"],"etoile_michelin":[],"titre_presentation":"Artigianato e associazioni","presentation":"La Brasserie Cheval \u00e8 un birrificio cooperativo della regione di Toulois, nonch\u00e9 un bar che offre una gamma di birre fisse e temporanee, dalla saison imperiale alla lager messicana. Fondata nel 2015 da un gruppo di amici con la passione per la birra, la Brasserie Cheval \u00e8 stata inizialmente costituita come associazione, ma \u00e8 diventata una cooperativa nel 2022.\nCertificata biologica dal 2023 (birre e limonate) ","types_prestation":false,"photo":108597,"photo_bis":108598,"photo_3":108603,"adresse":{"address":"Brasserie Cheval, L'Atelier, Rue Pierre-Aim\u00e9 Bouge, Toul, France","lat":48.6798734,"lng":5.8874248,"zoom":7,"place_id":"ChIJHfn-25GulEcRl40ctWD8XXE","name":"Brasserie Cheval","street_number":146,"street_name":"Rue Pierre-Aim\u00e9 Bouge","city":"Toul","state":"Grand Est","post_code":54200,"country":"France","country_short":"FR"},"horaires":"Luned\u00ec: Chiuso Marted\u00ec: 17:00 - 20:00 Mercoled\u00ec: Chiuso Gioved\u00ec: Chiuso Venerd\u00ec: 16:00 - 22:00 Sabato: Chiuso Domenica: Chiuso","tel":"","boutons":[{"title":"Sito web","link":"http:\/\/www.brasseriecheval.fr\/"}],"boutons_reservation":"","boutons_social":null,"articles":[{"title":"","text":"Oltre a produrre e vendere i nostri prodotti, il nostro obiettivo \u00e8 quello di offrire eventi e attivit\u00e0 per riunire le persone intorno alla birra.\nOgni marted\u00ec, gioved\u00ec e venerd\u00ec sera, puoi bere al bar accanto al birrificio o portarti via la birra.\nOgni venerd\u00ec sera c'\u00e8 un food truck davanti all'Atelier.\nOffriamo anche una serata al mese in aggiunta ai nostri eventi settimanali (karaoke, concerti, giochi, ecc.).   ","image":108608}]},"_links":{"self":[{"href":"https:\/\/foodandgood.fr\/it\/wp-json\/wp\/v2\/etablissement\/108658","targetHints":{"allow":["GET"]}}],"collection":[{"href":"https:\/\/foodandgood.fr\/it\/wp-json\/wp\/v2\/etablissement"}],"about":[{"href":"https:\/\/foodandgood.fr\/it\/wp-json\/wp\/v2\/types\/etablissement"}],"author":[{"embeddable":true,"href":"https:\/\/foodandgood.fr\/it\/wp-json\/wp\/v2\/users\/1"}],"replies":[{"embeddable":true,"href":"https:\/\/foodandgood.fr\/it\/wp-json\/wp\/v2\/comments?post=108658"}],"version-history":[{"count":1,"href":"https:\/\/foodandgood.fr\/it\/wp-json\/wp\/v2\/etablissement\/108658\/revisions"}],"predecessor-version":[{"id":109042,"href":"https:\/\/foodandgood.fr\/it\/wp-json\/wp\/v2\/etablissement\/108658\/revisions\/109042"}],"wp:featuredmedia":[{"embeddable":true,"href":"https:\/\/foodandgood.fr\/it\/wp-json\/wp\/v2\/media\/108597"}],"wp:attachment":[{"href":"https:\/\/foodandgood.fr\/it\/wp-json\/wp\/v2\/media?parent=108658"}],"curies":[{"name":"wp","href":"https:\/\/api.w.org\/{rel}","templated":true}]}}