 {"id":89683,"date":"2024-05-04T07:08:28","date_gmt":"2024-05-04T05:08:28","guid":{"rendered":"https:\/\/foodandgood.fr\/etablissement\/encanto-navideno\/"},"modified":"2024-07-04T10:44:57","modified_gmt":"2024-07-04T08:44:57","slug":"encanto-navideno","status":"publish","type":"etablissement","link":"https:\/\/foodandgood.fr\/es\/encanto-navideno\/","title":{"rendered":"F\u00e9erie de No\u00ebl"},"excerpt":{"rendered":"","protected":false},"author":4,"comment_status":"closed","ping_status":"closed","template":"","meta":{"_acf_changed":false,"beyondwords_generate_audio":"","beyondwords_integration_method":"","beyondwords_project_id":"","beyondwords_content_id":"","beyondwords_preview_token":"","beyondwords_player_content":"","beyondwords_player_style":"","beyondwords_language_code":"","beyondwords_language_id":"","beyondwords_title_voice_id":"","beyondwords_body_voice_id":"","beyondwords_summary_voice_id":"","beyondwords_error_message":"","beyondwords_disabled":"","beyondwords_delete_content":"","beyondwords_podcast_id":"","beyondwords_hash":"","publish_post_to_speechkit":"","speechkit_hash":"","speechkit_generate_audio":"","speechkit_project_id":"","speechkit_podcast_id":"","speechkit_error_message":"","speechkit_disabled":"","speechkit_access_key":"","speechkit_error":"","speechkit_info":"","speechkit_response":"","speechkit_retries":"","speechkit_status":"","speechkit_updated_at":"","_speechkit_link":"","_speechkit_text":""},"class_list":["post-89683","etablissement","type-etablissement","status-publish","hentry","type-etablissement-decoracion-de-diseno","type-etablissement-riquewihr-es"],"acf":{"id_eta_scn":"","id_app_foodandgood":"","id_exponum":"","abo":[],"etoile_michelin":[],"titre_presentation":"Tu tienda especializada en decoraci\u00f3n navide\u00f1a  ","presentation":"Durante tu estancia en uno de los pueblos m\u00e1s bellos de Francia, ven a descubrir el ambiente de los famosos mercados navide\u00f1os de los pueblos de Alsacia, sea cual sea la estaci\u00f3n.\n\nLa F\u00e9erie de No\u00ebl te ofrece la mayor selecci\u00f3n de adornos navide\u00f1os durante todo el a\u00f1o. Con un tel\u00f3n de fondo de casas con entramado de madera que recrean una plaza de mercado cubierta de nieve, encontrar\u00e1s un sinf\u00edn de decoraciones artesanales en madera y paja, as\u00ed como ediciones limitadas de \"Sue\u00f1os de infancia\" de K\u00e4the Wohlfahrt, cascanueces, fumadores, pir\u00e1mides y belenes. A continuaci\u00f3n, pasar\u00e1s por un reluciente bosque de abetos adornados con adornos de cristal, ornamentos de peltre y lat\u00f3n, y una amplia selecci\u00f3n de adornos de mesa, manteles individuales, portavelas, etc.\n\nNuestra boutique revela la belleza y la delicadeza de los adornos festivos que embellecen cada a\u00f1o la Navidad en Alsacia.","types_prestation":false,"photo":null,"photo_bis":89700,"photo_3":89694,"adresse":{"address":"F\u00e9erie De No\u00ebl, Rue du Cerf, Riquewihr, France","lat":48.1671653,"lng":7.296043800000001,"zoom":7,"place_id":"ChIJr5ft1qlgkUcR9mpiuuiEUbQ","name":"F\u00e9erie De No\u00ebl","street_number":1,"street_name":"Rue du Cerf","city":"Riquewihr","state":"Grand Est","post_code":68340,"country":"France","country_short":"FR"},"horaires":"Lunes: 10:00 - 12:30, 13:45 - 18:30\nMartes: 10:00 - 12:30, 13:45 - 18:30\nMi\u00e9rcoles: 10:00 - 12:30, 13:45 - 18:30\nJueves: 10:00 - 12:30, 13:45 - 18:30\nViernes: 10:00 - 12:30, 13:45 - 18:30\nS\u00e1bado: 10:00 - 12:30, 13:45 - 18:30\nDomingo: 10:00 - 12:30, 13:45 - 18:30","tel":"03 89 47 94 02","boutons":[{"title":"Sitio de Internet","link":"http:\/\/www.feeriedenoel.fr\/"}],"boutons_reservation":"","boutons_social":null,"articles":[{"title":"","text":"","image":""}]},"_links":{"self":[{"href":"https:\/\/foodandgood.fr\/es\/wp-json\/wp\/v2\/etablissement\/89683","targetHints":{"allow":["GET"]}}],"collection":[{"href":"https:\/\/foodandgood.fr\/es\/wp-json\/wp\/v2\/etablissement"}],"about":[{"href":"https:\/\/foodandgood.fr\/es\/wp-json\/wp\/v2\/types\/etablissement"}],"author":[{"embeddable":true,"href":"https:\/\/foodandgood.fr\/es\/wp-json\/wp\/v2\/users\/4"}],"replies":[{"embeddable":true,"href":"https:\/\/foodandgood.fr\/es\/wp-json\/wp\/v2\/comments?post=89683"}],"version-history":[{"count":1,"href":"https:\/\/foodandgood.fr\/es\/wp-json\/wp\/v2\/etablissement\/89683\/revisions"}],"predecessor-version":[{"id":89689,"href":"https:\/\/foodandgood.fr\/es\/wp-json\/wp\/v2\/etablissement\/89683\/revisions\/89689"}],"wp:attachment":[{"href":"https:\/\/foodandgood.fr\/es\/wp-json\/wp\/v2\/media?parent=89683"}],"curies":[{"name":"wp","href":"https:\/\/api.w.org\/{rel}","templated":true}]}}