 {"id":89242,"date":"2024-07-03T15:46:16","date_gmt":"2024-07-03T13:46:16","guid":{"rendered":"https:\/\/foodandgood.fr\/etablissement\/la-terraza-del-mercado-2\/"},"modified":"2024-07-15T11:24:33","modified_gmt":"2024-07-15T09:24:33","slug":"la-terraza-del-mercado-2","status":"publish","type":"etablissement","link":"https:\/\/foodandgood.fr\/es\/la-terraza-del-mercado-2\/","title":{"rendered":"La Terrasse du march\u00e9"},"excerpt":{"rendered":"<p>\u00abLa Terrasse du March\u00e9\u00bb, un restaurante con un esp\u00edritu familiar, le da la bienvenida de martes a domingo en un ambiente agradable. Ofrecemos durante todo el a\u00f1o diversas tartas flambeadas, tradicionales y artesanales, as\u00ed como f\u00f3rmulas de desayuno para disfrutar en el interior o en la terraza al borde del agua, frente a un paisaje de postal.<\/p>\n","protected":false},"author":13,"comment_status":"closed","ping_status":"closed","template":"","meta":{"_acf_changed":false,"beyondwords_generate_audio":"","beyondwords_integration_method":"","beyondwords_project_id":"","beyondwords_content_id":"","beyondwords_preview_token":"","beyondwords_player_content":"","beyondwords_player_style":"","beyondwords_language_code":"","beyondwords_language_id":"","beyondwords_title_voice_id":"","beyondwords_body_voice_id":"","beyondwords_summary_voice_id":"","beyondwords_error_message":"","beyondwords_disabled":"","beyondwords_delete_content":"","beyondwords_podcast_id":"","beyondwords_hash":"","publish_post_to_speechkit":"","speechkit_hash":"","speechkit_generate_audio":"","speechkit_project_id":"","speechkit_podcast_id":"","speechkit_error_message":"","speechkit_disabled":"","speechkit_access_key":"","speechkit_error":"","speechkit_info":"","speechkit_response":"","speechkit_retries":"","speechkit_status":"","speechkit_updated_at":"","_speechkit_link":"","_speechkit_text":""},"class_list":["post-89242","etablissement","type-etablissement","status-publish","hentry","type-etablissement-cocina-francesa"],"acf":{"id_eta_scn":"","id_app_foodandgood":"","id_exponum":"","abo":[],"etoile_michelin":[],"titre_presentation":"Varias tartas flambeadas","presentation":"\"La Terrasse du March\u00e9\", un restaurante con un esp\u00edritu familiar, le da la bienvenida de martes a domingo en un ambiente agradable. Ofrecemos durante todo el a\u00f1o diversas tartas flambeadas, tradicionales y artesanales, as\u00ed como f\u00f3rmulas de desayuno para disfrutar en el interior o en la terraza al borde del agua, frente a un paisaje de postal.\n\nEn el entorno c\u00e1lido y acogedor del mercado cubierto<br class=\"html-br\">\"La Terrasse du March\u00e9\" ofrece desayunos, brunchs y tartas tradicionales flambeadas acompa\u00f1adas de una selecci\u00f3n de vinos de Alsacia. Todo en un entorno de postal.\nNuestros platos est\u00e1n reci\u00e9n preparados en un ambiente aut\u00e9ntico. D\u00e9jate seducir por nuestra sabrosa cocina y una selecci\u00f3n de refrescantes bebidas.\n\nSi lo desea, \u00a1puede organizar un evento privado en su casa!","types_prestation":false,"photo":null,"photo_bis":"","photo_3":"","adresse":{"address":"LA TERRASSE DU MARCHE, Rue des \u00c9coles, Colmar, France","lat":48.0744607,"lng":7.3597576,"zoom":7,"place_id":"ChIJJ99dLkJlkUcRNwxNLSIb_WQ","name":"LA TERRASSE DU MARCHE","street_number":13,"street_name":"Rue des \u00c9coles","city":"Colmar","state":"Grand Est","post_code":68000,"country":"France","country_short":"FR"},"horaires":"Lunes: Cerrado\nMartes: 08:00 - 18:00\nMi\u00e9rcoles: 08:00 - 18:00\nJueves: 07:00 - 18:00\nViernes: 08:00 - 19:00\nS\u00e1bado: 08:00 - 17:00\nDomingo: Cerrado","tel":"","boutons":[{"title":"Sitio de Internet","link":"https:\/\/la-terrasse-du-marche-colmar.eatbu.com\/"}],"boutons_reservation":"","boutons_social":null,"articles":[{"title":"","text":"","image":""}]},"_links":{"self":[{"href":"https:\/\/foodandgood.fr\/es\/wp-json\/wp\/v2\/etablissement\/89242","targetHints":{"allow":["GET"]}}],"collection":[{"href":"https:\/\/foodandgood.fr\/es\/wp-json\/wp\/v2\/etablissement"}],"about":[{"href":"https:\/\/foodandgood.fr\/es\/wp-json\/wp\/v2\/types\/etablissement"}],"author":[{"embeddable":true,"href":"https:\/\/foodandgood.fr\/es\/wp-json\/wp\/v2\/users\/13"}],"replies":[{"embeddable":true,"href":"https:\/\/foodandgood.fr\/es\/wp-json\/wp\/v2\/comments?post=89242"}],"version-history":[{"count":1,"href":"https:\/\/foodandgood.fr\/es\/wp-json\/wp\/v2\/etablissement\/89242\/revisions"}],"predecessor-version":[{"id":97964,"href":"https:\/\/foodandgood.fr\/es\/wp-json\/wp\/v2\/etablissement\/89242\/revisions\/97964"}],"wp:attachment":[{"href":"https:\/\/foodandgood.fr\/es\/wp-json\/wp\/v2\/media?parent=89242"}],"curies":[{"name":"wp","href":"https:\/\/api.w.org\/{rel}","templated":true}]}}