 {"id":74897,"date":"2024-05-30T11:47:32","date_gmt":"2024-05-30T09:47:32","guid":{"rendered":"https:\/\/foodandgood.fr\/etablissement\/taller-de-guillaume\/"},"modified":"2024-05-30T16:29:23","modified_gmt":"2024-05-30T14:29:23","slug":"taller-de-guillaume","status":"publish","type":"etablissement","link":"https:\/\/foodandgood.fr\/es\/taller-de-guillaume\/","title":{"rendered":"L'Atelier de Guillaume"},"excerpt":{"rendered":"","protected":false},"author":1,"comment_status":"closed","ping_status":"closed","template":"","meta":{"_acf_changed":false,"beyondwords_generate_audio":"","beyondwords_integration_method":"","beyondwords_project_id":"","beyondwords_content_id":"","beyondwords_preview_token":"","beyondwords_player_content":"","beyondwords_player_style":"","beyondwords_language_code":"","beyondwords_language_id":"","beyondwords_title_voice_id":"","beyondwords_body_voice_id":"","beyondwords_summary_voice_id":"","beyondwords_error_message":"","beyondwords_disabled":"","beyondwords_delete_content":"","beyondwords_podcast_id":"","beyondwords_hash":"","publish_post_to_speechkit":"","speechkit_hash":"","speechkit_generate_audio":"","speechkit_project_id":"","speechkit_podcast_id":"","speechkit_error_message":"","speechkit_disabled":"","speechkit_access_key":"","speechkit_error":"","speechkit_info":"","speechkit_response":"","speechkit_retries":"","speechkit_status":"","speechkit_updated_at":"","_speechkit_link":"","_speechkit_text":""},"class_list":["post-74897","etablissement","type-etablissement","status-publish","has-post-thumbnail","hentry","type-etablissement-catering-shops-es","type-etablissement-cocina-francesa","type-etablissement-cocina-gastronomica"],"acf":{"id_eta_scn":"","id_app_foodandgood":"","id_exponum":29498,"abo":["NON"],"etoile_michelin":[],"titre_presentation":"Un chef con varios sombreros","presentation":"Situado en los prados de la entrada del t\u00fanel Maurice Lemaire de Sainte-Marie-aux-Mines, L'Atelier de Guillaume te recibe en un ambiente neo-retro inspirado en el fuerte pasado industrial y textil de Val d'Argent.\n\nLa \u00edntima sala del restaurante es una fina mezcla de paneles de madera y ladrillo, que recuerda a los talleres de anta\u00f1o. Ba\u00f1ada de luz, \u00e9sta se abre a una terraza arbolada, donde la vista te sumerge en los prados del Val de Li\u00e8pvre, donde podr\u00e1s admirar la naturaleza salvaje.\n\nEcha un vistazo a trav\u00e9s del techo de cristal y ver\u00e1s al ma\u00eetre de maison y a su brigada preparando tu escapada gastron\u00f3mica.\n\nCon una gran experiencia en el mundo de la gastronom\u00eda, Guillaume y su equipo tambi\u00e9n ofrecen un servicio de catering y eventos. Con L'Atelier de Guillaume, tratar\u00e1s con verdaderos profesionales, siempre atentos a la creatividad y al sabor.","types_prestation":false,"photo":74417,"photo_bis":74373,"photo_3":74378,"adresse":{"address":"L'Atelier de Guillaume, Sur les Pr\u00e9s, Sainte-Marie-aux-Mines, France","lat":48.2540013,"lng":7.2050476,"zoom":7,"place_id":"ChIJob-HeNzjk0cRy0K08LV77Ac","name":"L'Atelier de Guillaume","street_name":"Sur les Pr\u00e9s","city":"Sainte-Marie-aux-Mines","state":"Grand Est","post_code":68160,"country":"France","country_short":"FR"},"horaires":"Lunes: 09:00 - 16:00\nMartes: 09:00 - 16:00\nMi\u00e9rcoles: 09:00 - 16:00\nJueves: 09:00 - 16:00\nViernes: 09:00 - 16:00\nS\u00e1bado: Cerrado\nDomingo: Cerrado","tel":"03 89 22 37 08","boutons":[{"title":"Sitio de Internet","link":"https:\/\/www.atelierdeguillaume.fr\/"},{"title":"Catering y Eventos","link":"https:\/\/www.atelierdeguillaume.fr\/traiteur-et-evenementiel\/"}],"boutons_reservation":"","boutons_social":null,"articles":[{"title":"","text":"Proceden de una cocina de mercado en la que lo \u00fanico que cuenta es la estacionalidad, y tambi\u00e9n se gu\u00edan por sus productores y proveedores, lo m\u00e1s alejados posible del cortocircuito. Por tanto, su tarjeta es ef\u00edmera.\n\nGuillaume y su equipo son aut\u00e9nticos epic\u00fareos, gourmets y amantes de los productos, y cada semana elaboran un men\u00fa original que combina productos del mar y de la tierra. Inspirados por su creatividad y su deseo de sorprenderte, ofrecen 2 entrantes, 2 platos principales y 2 postres. Tambi\u00e9n hay disponible un men\u00fa de 3 \u00f3 4 platos.","image":74383},{"title":"","text":"Con L'Atelier de Guillaume, tratar\u00e1s con verdaderos profesionales, siempre atentos a la creatividad y al sabor. Guillaume y su equipo son aut\u00e9nticos epic\u00fareos, apasionados de sus productos y comprometidos con la transformaci\u00f3n y sublimaci\u00f3n de todo lo que la naturaleza puede ofrecer.\n\nVajillas, vajillas de mesa, muebles, decoraci\u00f3n, iluminaci\u00f3n...\nLa distribuci\u00f3n de la sala tambi\u00e9n es clave para el \u00e9xito de tu acto.\n\nConscientes del tiempo que pasa y del estr\u00e9s que puede suponer la organizaci\u00f3n de un evento, te ofrecemos apoyo paso a paso para tus eventos con servicios <em>\"llave en mano\"<\/em> o <em>\"a la carta\"<\/em>.\nDe un simple buf\u00e9 local a un men\u00fa gourmet, \u00a1s\u00f3lo hay un paso!","image":74388},{"title":"","text":"Caf\u00e9 de bienvenida, bandejas de comida, comidas o cenas de empresa, aperitivos, c\u00f3cteles de comida o cena, inauguraciones, seminarios, veladas para clientes o equipos, team building...\n\nL'Atelier de Guillaume tiene la soluci\u00f3n que buscas, ofreciendo una cocina creativa y bien pensada que combina productos de calidad, creatividad y respeto por las tradiciones de la cocina francesa. Todo el equipo se compromete a transformar y compartir los productos de la tierra y el mar para crear una experiencia gustativa inolvidable.","image":74393}]},"_links":{"self":[{"href":"https:\/\/foodandgood.fr\/es\/wp-json\/wp\/v2\/etablissement\/74897","targetHints":{"allow":["GET"]}}],"collection":[{"href":"https:\/\/foodandgood.fr\/es\/wp-json\/wp\/v2\/etablissement"}],"about":[{"href":"https:\/\/foodandgood.fr\/es\/wp-json\/wp\/v2\/types\/etablissement"}],"author":[{"embeddable":true,"href":"https:\/\/foodandgood.fr\/es\/wp-json\/wp\/v2\/users\/1"}],"replies":[{"embeddable":true,"href":"https:\/\/foodandgood.fr\/es\/wp-json\/wp\/v2\/comments?post=74897"}],"version-history":[{"count":1,"href":"https:\/\/foodandgood.fr\/es\/wp-json\/wp\/v2\/etablissement\/74897\/revisions"}],"predecessor-version":[{"id":74908,"href":"https:\/\/foodandgood.fr\/es\/wp-json\/wp\/v2\/etablissement\/74897\/revisions\/74908"}],"wp:featuredmedia":[{"embeddable":true,"href":"https:\/\/foodandgood.fr\/es\/wp-json\/wp\/v2\/media\/74906"}],"wp:attachment":[{"href":"https:\/\/foodandgood.fr\/es\/wp-json\/wp\/v2\/media?parent=74897"}],"curies":[{"name":"wp","href":"https:\/\/api.w.org\/{rel}","templated":true}]}}