 {"id":74765,"date":"2024-05-30T11:54:25","date_gmt":"2024-05-30T09:54:25","guid":{"rendered":"https:\/\/foodandgood.fr\/etablissement\/hotel-restaurante-frankenbourg\/"},"modified":"2024-09-02T15:13:20","modified_gmt":"2024-09-02T13:13:20","slug":"hotel-restaurante-frankenbourg","status":"publish","type":"etablissement","link":"https:\/\/foodandgood.fr\/es\/hotel-restaurante-frankenbourg\/","title":{"rendered":"Hotel Restaurant Frankenbourg"},"excerpt":{"rendered":"","protected":false},"author":1,"comment_status":"closed","ping_status":"closed","template":"","meta":{"_acf_changed":false,"beyondwords_generate_audio":"","beyondwords_integration_method":"","beyondwords_project_id":"","beyondwords_content_id":"","beyondwords_preview_token":"","beyondwords_player_content":"","beyondwords_player_style":"","beyondwords_language_code":"","beyondwords_language_id":"","beyondwords_title_voice_id":"","beyondwords_body_voice_id":"","beyondwords_summary_voice_id":"","beyondwords_error_message":"","beyondwords_disabled":"","beyondwords_delete_content":"","beyondwords_podcast_id":"","beyondwords_hash":"","publish_post_to_speechkit":"","speechkit_hash":"","speechkit_generate_audio":"","speechkit_project_id":"","speechkit_podcast_id":"","speechkit_error_message":"","speechkit_disabled":"","speechkit_access_key":"","speechkit_error":"","speechkit_info":"","speechkit_response":"","speechkit_retries":"","speechkit_status":"","speechkit_updated_at":"","_speechkit_link":"","_speechkit_text":""},"class_list":["post-74765","etablissement","type-etablissement","status-publish","has-post-thumbnail","hentry","type-etablissement-mesa-excepcional","type-etablissement-val-dargent-es"],"acf":{"id_eta_scn":"","id_app_foodandgood":"","id_exponum":"","abo":[],"etoile_michelin":[],"titre_presentation":"En plena naturaleza","presentation":"Dise\u00f1amos nuestro albergue con la ambici\u00f3n de convertirlo en un lugar c\u00e1lido, acogedor, c\u00f3modo y encantador donde alojarse. La estructura de madera clara, la piedra vista y las paredes revestidas de c\u00e1\u00f1amo y cal crean un ambiente tranquilo y relajante. Los tonos suaves y las formas puras dejan que la naturaleza que apreciamos se exprese plenamente. Ya sea en el acogedor saloncito con su encanto r\u00fastico, en el moderno y acogedor bar, o en la soleada terraza para los aperitivos de verano, cada espacio es una invitaci\u00f3n a compartir. Este valor de convivencia se refleja tambi\u00e9n en la cocina atrevida y gastron\u00f3mica de S\u00e9bastien, ritmada armoniosamente por las estaciones y las tradiciones.  <div class=\"mt-1 flex justify-start gap-3 empty:hidden\">\n<div class=\"text-xs flex items-center justify-center gap-1 self-center visible\"><\/div>\n<\/div>","types_prestation":false,"photo":74776,"photo_bis":74641,"photo_3":74646,"adresse":{"address":"Auberge Frankenbourg, Rue du G\u00e9n\u00e9ral de Gaulle, La Vancelle, France","lat":48.2837524,"lng":7.302888400000001,"zoom":7,"place_id":"ChIJM8dIbAlZkUcR6_1N-TWg3yg","name":"Restaurant Frankenbourg","street_number":13,"street_name":"Rue du G\u00e9n\u00e9ral de Gaulle","city":"La Vancelle","state":"Grand Est","post_code":67730,"country":"France","country_short":"FR"},"horaires":"Lunes: 12:00 - 13:45, 19:00 - 21:00 Martes: 12:00 - 13:45 Mi\u00e9rcoles: Cerrado Jueves: Cerrado Viernes: 12:00 - 13:45, 19:00 - 21:00 S\u00e1bado: 12:00 - 13:45, 19:00 - 21:00 Domingo: 12:00 - 13:45, 19:00 - 21:00","tel":"03 88 57 93 90","boutons":[{"title":"Sitio de Internet","link":"http:\/\/www.frankenbourg.com\/"}],"boutons_reservation":"","boutons_social":null,"articles":[{"title":"","text":"Mezcla de clasicismo y modernidad, las recetas del Auberge Frankenbourg reflejan la campi\u00f1a circundante y las tradiciones que nuestra familia lleva en el coraz\u00f3n. La cocina de S\u00e9bastien es viva, firmemente arraigada en el terru\u00f1o pero siempre abierta al mundo. Aprendi\u00f3 de algunos de los mejores chefs de Francia, y ha forjado su propio estilo a trav\u00e9s de sus viajes y descubrimientos. Es una cocina de coraz\u00f3n, tanto contempor\u00e1nea como tradicional.","image":74651},{"title":"","text":"Para alargar tu comida o maravillarte con la belleza del paisaje durante tu estancia, aprovecha nuestras 11 c\u00f3modas y elegantes habitaciones. Se ha prestado especial atenci\u00f3n al uso de materiales nobles y a la ropa de cama y de casa. Se admiten mascotas con un coste adicional. Tenemos una habitaci\u00f3n para personas con movilidad reducida. Nuestro desayuno es delicioso y muy personal. Ofrece productos locales, mermeladas caseras, boller\u00eda \"pura mantequilla\", panes variados, salm\u00f3n ahumado en madera de haya y embutidos. Y no faltan productos l\u00e1cteos entre los que elegir: yogur, queso blanco y quesos locales son los compa\u00f1eros perfectos para tus ma\u00f1anas. \u00danete a nosotros todas las ma\u00f1anas de 8.00 a 10.00 en la sala Cocate para empezar el d\u00eda con buen pie.","image":74656},{"title":"","text":"S\u00f3lo tienes que cruzar el umbral del Albergue Frankenbourg, situado a 500 m de altitud en la ladera sur de Chalmont, y estar\u00e1s en plena naturaleza. La Vancelle es un pueblo privilegiado al inicio de magn\u00edficas rutas de senderismo y bicicleta de monta\u00f1a. Idealmente situados en el coraz\u00f3n de Alsacia, los lugares m\u00e1s bellos de la regi\u00f3n est\u00e1n esperando a que los explores. Principales atractivos de la regi\u00f3n: Castillo de Haut Koenigsbourg \/ Monta\u00f1a de Singes \/ Volerie des Aigles \/ Las ciudades de Colmar y Estrasburgo \/ Pueblos t\u00edpicamente alsacianos, Kaysersberg, Ribeauvill\u00e9, Riquewihr... \/ La ruta del vino \/ La ruta de las crestas \/ Monte Saint Odile \/ Las minas de Tellure Sainte Marie aux Mines \u00a1y muchos m\u00e1s!","image":74650}]},"_links":{"self":[{"href":"https:\/\/foodandgood.fr\/es\/wp-json\/wp\/v2\/etablissement\/74765","targetHints":{"allow":["GET"]}}],"collection":[{"href":"https:\/\/foodandgood.fr\/es\/wp-json\/wp\/v2\/etablissement"}],"about":[{"href":"https:\/\/foodandgood.fr\/es\/wp-json\/wp\/v2\/types\/etablissement"}],"author":[{"embeddable":true,"href":"https:\/\/foodandgood.fr\/es\/wp-json\/wp\/v2\/users\/1"}],"replies":[{"embeddable":true,"href":"https:\/\/foodandgood.fr\/es\/wp-json\/wp\/v2\/comments?post=74765"}],"version-history":[{"count":19,"href":"https:\/\/foodandgood.fr\/es\/wp-json\/wp\/v2\/etablissement\/74765\/revisions"}],"predecessor-version":[{"id":113628,"href":"https:\/\/foodandgood.fr\/es\/wp-json\/wp\/v2\/etablissement\/74765\/revisions\/113628"}],"wp:featuredmedia":[{"embeddable":true,"href":"https:\/\/foodandgood.fr\/es\/wp-json\/wp\/v2\/media\/74776"}],"wp:attachment":[{"href":"https:\/\/foodandgood.fr\/es\/wp-json\/wp\/v2\/media?parent=74765"}],"curies":[{"name":"wp","href":"https:\/\/api.w.org\/{rel}","templated":true}]}}