 {"id":72865,"date":"2022-03-01T10:59:21","date_gmt":"2022-03-01T09:59:21","guid":{"rendered":"https:\/\/foodandgood.fr\/etablissement\/el-arte\/"},"modified":"2024-06-10T15:01:41","modified_gmt":"2024-06-10T13:01:41","slug":"el-arte","status":"publish","type":"etablissement","link":"https:\/\/foodandgood.fr\/es\/el-arte\/","title":{"rendered":"L'Art\u00e9mise"},"excerpt":{"rendered":"","protected":false},"author":1,"comment_status":"closed","ping_status":"closed","template":"","meta":{"_acf_changed":false,"beyondwords_generate_audio":"","beyondwords_integration_method":"","beyondwords_project_id":"","beyondwords_content_id":"","beyondwords_preview_token":"","beyondwords_player_content":"","beyondwords_player_style":"","beyondwords_language_code":"","beyondwords_language_id":"","beyondwords_title_voice_id":"","beyondwords_body_voice_id":"","beyondwords_summary_voice_id":"","beyondwords_error_message":"","beyondwords_disabled":"","beyondwords_delete_content":"","beyondwords_podcast_id":"","beyondwords_hash":"","publish_post_to_speechkit":"","speechkit_hash":"","speechkit_generate_audio":"","speechkit_project_id":"","speechkit_podcast_id":"","speechkit_error_message":"","speechkit_disabled":"","speechkit_access_key":"","speechkit_error":"","speechkit_info":"","speechkit_response":"","speechkit_retries":"","speechkit_status":"","speechkit_updated_at":"","_speechkit_link":"","_speechkit_text":""},"class_list":["post-72865","etablissement","type-etablissement","status-publish","has-post-thumbnail","hentry","type-etablissement-cafeteria-tearoom","type-etablissement-desalmuerzo","type-etablissement-dulce-descanso"],"acf":{"id_eta_scn":"","id_app_foodandgood":172,"id_exponum":"","abo":[],"etoile_michelin":[],"titre_presentation":"\u00a1Est\u00e1 delicioso!","presentation":"Si\u00e9ntate en el ambiente de estilo ingl\u00e9s del sal\u00f3n de t\u00e9 L'Art\u00e9mise de Colmar.\n\n\u00bfBuscas una buena direcci\u00f3n para el brunch? Pues detente ah\u00ed, \u00a1en l'Art\u00e9mise!\n\nEl sal\u00f3n de t\u00e9 L'Art\u00e9mise de Colmar, situado en un entorno apacible de papel pintado floral y porcelana inglesa, es un concepto con vocaci\u00f3n internacional. Todo inspirado en los viajes de Johann y Yeonna. Combina un sal\u00f3n de t\u00e9 con una cafeter\u00eda, que ofrece deliciosos pasteles para comer en casa o para llevar, as\u00ed como una gama de platos salados seg\u00fan la hora del d\u00eda.\n\nTodo es casero y siempre de temporada, con una cuidada selecci\u00f3n de productos. Huevos de corral, leche fresca, harina sin aditivos, t\u00e9s nicho y microlotes directos del productor. El men\u00fa a la carta incluye deliciosas tortitas y los famosos huevos Benedict. Descubre las especialidades de la casa: las magn\u00edficas tartas de galleta con flor de sal y sus exquisitas galletas.","types_prestation":false,"photo":46863,"photo_bis":46829,"photo_3":78876,"adresse":{"address":"L'Art\u00e9mise, Rue des \u00c9coles, Colmar, France","lat":48.0740783,"lng":7.359993400000002,"zoom":7,"place_id":"ChIJefSKKFdlkUcRZZl6CFfSZt0","name":"L'Art\u00e9mise","street_number":10,"street_name":"Rue des \u00c9coles","city":"Colmar","state":"Grand Est","post_code":68000,"country":"France","country_short":"FR"},"horaires":"Lunes: 09:00 - 18:00\nMartes: Cerrado\nMi\u00e9rcoles: Cerrado\nJueves: 09:00 - 18:00\nViernes: 09:00 - 18:00\nS\u00e1bado: 09:00 - 18:00\nDomingo: 09:00 - 18:00","tel":"03 89 29 57 35","boutons":[{"title":"Sitio de Internet","link":"https:\/\/www.lartemise-colmar.fr\/"},{"title":"Men\u00fa del brunch","link":"https:\/\/www.lartemise-colmar.fr\/wp-content\/uploads\/2022\/02\/menu-reouverture.pdf"}],"boutons_reservation":"","boutons_social":null,"articles":[{"title":"","text":"","image":""}]},"_links":{"self":[{"href":"https:\/\/foodandgood.fr\/es\/wp-json\/wp\/v2\/etablissement\/72865","targetHints":{"allow":["GET"]}}],"collection":[{"href":"https:\/\/foodandgood.fr\/es\/wp-json\/wp\/v2\/etablissement"}],"about":[{"href":"https:\/\/foodandgood.fr\/es\/wp-json\/wp\/v2\/types\/etablissement"}],"author":[{"embeddable":true,"href":"https:\/\/foodandgood.fr\/es\/wp-json\/wp\/v2\/users\/1"}],"replies":[{"embeddable":true,"href":"https:\/\/foodandgood.fr\/es\/wp-json\/wp\/v2\/comments?post=72865"}],"version-history":[{"count":1,"href":"https:\/\/foodandgood.fr\/es\/wp-json\/wp\/v2\/etablissement\/72865\/revisions"}],"predecessor-version":[{"id":78849,"href":"https:\/\/foodandgood.fr\/es\/wp-json\/wp\/v2\/etablissement\/72865\/revisions\/78849"}],"wp:featuredmedia":[{"embeddable":true,"href":"https:\/\/foodandgood.fr\/es\/wp-json\/wp\/v2\/media\/46863"}],"wp:attachment":[{"href":"https:\/\/foodandgood.fr\/es\/wp-json\/wp\/v2\/media?parent=72865"}],"curies":[{"name":"wp","href":"https:\/\/api.w.org\/{rel}","templated":true}]}}