 {"id":55838,"date":"2023-09-26T14:02:57","date_gmt":"2023-09-26T12:02:57","guid":{"rendered":"https:\/\/foodandgood.fr\/etablissement\/ibis-styles-paris-boulogne-marcel-sembat\/"},"modified":"2023-09-26T14:17:30","modified_gmt":"2023-09-26T12:17:30","slug":"ibis-styles-paris-boulogne-marcel-sembat","status":"publish","type":"etablissement","link":"https:\/\/foodandgood.fr\/es\/ibis-styles-paris-boulogne-marcel-sembat\/","title":{"rendered":"ibis Styles Paris Boulogne<br> Marcel Sembat"},"excerpt":{"rendered":"","protected":false},"author":1,"comment_status":"closed","ping_status":"closed","template":"","meta":{"_acf_changed":false,"beyondwords_generate_audio":"","beyondwords_integration_method":"","beyondwords_project_id":"","beyondwords_content_id":"","beyondwords_preview_token":"","beyondwords_player_content":"","beyondwords_player_style":"","beyondwords_language_code":"","beyondwords_language_id":"","beyondwords_title_voice_id":"","beyondwords_body_voice_id":"","beyondwords_summary_voice_id":"","beyondwords_error_message":"","beyondwords_disabled":"","beyondwords_delete_content":"","beyondwords_podcast_id":"","beyondwords_hash":"","publish_post_to_speechkit":"","speechkit_hash":"","speechkit_generate_audio":"","speechkit_project_id":"","speechkit_podcast_id":"","speechkit_error_message":"","speechkit_disabled":"","speechkit_access_key":"","speechkit_error":"","speechkit_info":"","speechkit_response":"","speechkit_retries":"","speechkit_status":"","speechkit_updated_at":"","_speechkit_link":"","_speechkit_text":""},"class_list":["post-55838","etablissement","type-etablissement","status-publish","has-post-thumbnail","hentry","type-etablissement-dormir-es"],"acf":{"id_eta_scn":"","id_app_foodandgood":84,"id_exponum":"","abo":[],"etoile_michelin":[],"titre_presentation":"Un hotel econ\u00f3mico de dise\u00f1o abierto a las mentes creativas","presentation":"Una vez que se haya instalado, disfrutar\u00e1 de una noche de sue\u00f1o tranquilo con nuestra ropa de cama Sweet Bed: \u00a1no querr\u00e1 irse nunca! Si tiene hambre, tambi\u00e9n tenemos algo para usted en nuestra zona gourmet. Tanto si se aloja con nosotros por negocios como por placer, todo est\u00e1 a unos minutos: la estaci\u00f3n de metro Marcel Sembat, a los pies del hotel, Roland Garros, el Parque de los Pr\u00edncipes, La Seine Musicale. Los mejores lugares de Par\u00eds est\u00e1n al alcance de la mano gracias a la l\u00ednea 9.\n\nPar\u00eds es tuyo. Estamos a 15 minutos de la Torre Eiffel, directamente en la l\u00ednea 9 del metro. Una forma estupenda de descubrir la capital desde las alturas. \u00bfJuega su equipo contra el PSG en el Parque de los Pr\u00edncipes o simplemente es usted hincha del equipo de la capital? Estamos a s\u00f3lo 15 minutos a pie del estadio.\n\n\"\u00a1Deja las maletas, has llegado! Si quiere evadirse y divertirse, ha llegado al lugar adecuado. Nuestro hotel, en el coraz\u00f3n de Boulogne Billancourt, le sorprender\u00e1 por su dise\u00f1o at\u00edpico: \"Retour de voyage\", \u00a1y por su simp\u00e1tico equipo!\".\n\n<cite>Sra. St\u00e9phanie OULOUNA, Direcci\u00f3n Hotelera<\/cite>","types_prestation":false,"photo":55796,"photo_bis":"","photo_3":"","adresse":{"address":"92 boulevard de la r\u00e9publique, 92100, Boulogne","lat":48.8323512,"lng":2.2510667,"zoom":7,"place_id":"ChIJJzkEmux65kcRJFXUrzhOvRE","street_number":null,"street_name":"Boulevard de la R\u00e9publique","city":"Boulogne-Billancourt","state":"\u00cele-de-France","post_code":92100,"country":"France","country_short":"FR"},"horaires":"7 d\u00edas a la semana\n\nLlegada a partir de las 12:00 - Salida hasta las 12:00","tel":"01 46 08 08 02","boutons":[{"title":"Sitio de Internet","link":"https:\/\/all.accor.com\/hotel\/A039\/index.fr.shtml?utm_campaign=seo+maps&utm_medium=seo+maps&utm_source=google+Maps"},{"title":"Habitaciones","link":"https:\/\/all.accor.com\/hotel\/A039\/index.fr.shtml?utm_campaign=seo+maps&utm_medium=seo+maps&utm_source=google+Maps#section-rooms"},{"title":"Servicios hoteleros","link":"https:\/\/all.accor.com\/hotel\/A039\/index.fr.shtml?utm_campaign=seo+maps&utm_medium=seo+maps&utm_source=google+Maps#section-facilities"},{"title":"Grupo Accor","link":"https:\/\/all.accor.com\/loyalty-program\/reasonstojoin\/index.fr.shtml"}],"boutons_reservation":"","boutons_social":null,"articles":[{"title":"","text":"<h2>Una ubicaci\u00f3n ideal<\/h2>\nPar\u00eds es tuyo. Estamos a 15 minutos de la Torre Eiffel, directamente en la l\u00ednea 9 del metro. Una forma estupenda de descubrir la capital desde las alturas. \u00bfJuega su equipo contra el PSG en el Parque de los Pr\u00edncipes o simplemente es usted hincha del equipo de la capital? Estamos a s\u00f3lo 15 minutos a pie del estadio.","image":55840},{"title":"","text":"<h2>Desayuno<\/h2>\nEn nuestro hotel ibis Styles, podr\u00e1 disfrutar todas las ma\u00f1anas de nuestro desayuno buffet libre en nuestro comedor.\n\nLe encantar\u00e1 descubrir una gran variedad de productos frescos para degustar, y hay para todos los gustos. Si le gustan los embutidos, las bebidas calientes, la fruta fresca o la reposter\u00eda francesa, \u00a1hay para todos los gustos!","image":55748},{"title":"","text":"<h2>Ibis Styles, para su placer<\/h2>\nEn ibis Styles podr\u00e1 disfrutar de habitaciones amplias y confortables con un dise\u00f1o interior moderno y c\u00e1lido.\n\nNuestro equipo motivado y multiling\u00fce se asegurar\u00e1 de que tenga una experiencia agradable en ibis Styles.\n\nNo dude en relajarse en nuestra zona de descanso, donde podr\u00e1 acurrucarse en un c\u00f3modo sof\u00e1 en una sala elegantemente decorada.","image":55783}]},"_links":{"self":[{"href":"https:\/\/foodandgood.fr\/es\/wp-json\/wp\/v2\/etablissement\/55838","targetHints":{"allow":["GET"]}}],"collection":[{"href":"https:\/\/foodandgood.fr\/es\/wp-json\/wp\/v2\/etablissement"}],"about":[{"href":"https:\/\/foodandgood.fr\/es\/wp-json\/wp\/v2\/types\/etablissement"}],"author":[{"embeddable":true,"href":"https:\/\/foodandgood.fr\/es\/wp-json\/wp\/v2\/users\/1"}],"replies":[{"embeddable":true,"href":"https:\/\/foodandgood.fr\/es\/wp-json\/wp\/v2\/comments?post=55838"}],"version-history":[{"count":1,"href":"https:\/\/foodandgood.fr\/es\/wp-json\/wp\/v2\/etablissement\/55838\/revisions"}],"predecessor-version":[{"id":55860,"href":"https:\/\/foodandgood.fr\/es\/wp-json\/wp\/v2\/etablissement\/55838\/revisions\/55860"}],"wp:featuredmedia":[{"embeddable":true,"href":"https:\/\/foodandgood.fr\/es\/wp-json\/wp\/v2\/media\/55796"}],"wp:attachment":[{"href":"https:\/\/foodandgood.fr\/es\/wp-json\/wp\/v2\/media?parent=55838"}],"curies":[{"name":"wp","href":"https:\/\/api.w.org\/{rel}","templated":true}]}}