 {"id":52298,"date":"2023-08-21T16:45:51","date_gmt":"2023-08-21T14:45:51","guid":{"rendered":"https:\/\/foodandgood.fr\/etablissement\/camping-de-flores-port-de-neuvic\/"},"modified":"2024-07-01T14:43:25","modified_gmt":"2024-07-01T12:43:25","slug":"camping-de-flores-port-de-neuvic","status":"publish","type":"etablissement","link":"https:\/\/foodandgood.fr\/es\/camping-de-flores-port-de-neuvic\/","title":{"rendered":"Flower camping <br>Port de Neuvic"},"excerpt":{"rendered":"","protected":false},"author":1,"comment_status":"closed","ping_status":"closed","template":"","meta":{"_acf_changed":false,"beyondwords_generate_audio":"","beyondwords_integration_method":"","beyondwords_project_id":"","beyondwords_content_id":"","beyondwords_preview_token":"","beyondwords_player_content":"","beyondwords_player_style":"","beyondwords_language_code":"","beyondwords_language_id":"","beyondwords_title_voice_id":"","beyondwords_body_voice_id":"","beyondwords_summary_voice_id":"","beyondwords_error_message":"","beyondwords_disabled":"","beyondwords_delete_content":"","beyondwords_podcast_id":"","beyondwords_hash":"","publish_post_to_speechkit":"","speechkit_hash":"","speechkit_generate_audio":"","speechkit_project_id":"","speechkit_podcast_id":"","speechkit_error_message":"","speechkit_disabled":"","speechkit_access_key":"","speechkit_error":"","speechkit_info":"","speechkit_response":"","speechkit_retries":"","speechkit_status":"","speechkit_updated_at":"","_speechkit_link":"","_speechkit_text":""},"class_list":["post-52298","etablissement","type-etablissement","status-publish","has-post-thumbnail","hentry","type-etablissement-alojamiento-al-aire-libre","type-etablissement-cheque-regalo-club-de-rugby","type-etablissement-club-de-rugby","type-etablissement-cocina-francesa"],"acf":{"id_eta_scn":"","id_app_foodandgood":104,"id_exponum":"","abo":[],"etoile_michelin":[],"titre_presentation":"Tu camping *** en Corr\u00e8ze","presentation":"El camping y su restaurante\n\nNuestro equipo est\u00e1 encantado de recibirle en el coraz\u00f3n de la nueva regi\u00f3n de la Gran Aquitania, en Corr\u00e8ze, cerca de las gargantas del Dordo\u00f1a y a orillas del lago Neuvic (410 hect\u00e1reas). Las vacaciones tienen genio, y aqu\u00ed el genio es estar junto al lago, \u00a1con los pies en el agua!\n\nTras un ajetreado d\u00eda de actividades, tambi\u00e9n podr\u00e1 disfrutar de veladas tem\u00e1ticas durante toda su estancia en el bar-restaurante con terraza panor\u00e1mica.\n\nEl camping tambi\u00e9n dispone de zona de juegos para ni\u00f1os, sala de juegos, campo de petanca, pista de voleibol en la playa y mesa de ping-pong.\n\nEl camping dispone de 66 parcelas.\n\nEl camping est\u00e1 abierto del 8 de abril de 2023 al 15 de octubre de 2023.","types_prestation":false,"photo":52280,"photo_bis":52491,"photo_3":52434,"adresse":{"address":"Camping port de neuvic, Antiges, Neuvic, France","lat":45.39688059999999,"lng":2.2875293,"zoom":7,"place_id":"ChIJl3ZoblA6-EcR1NSKXCEjsCE","name":"Camping port de neuvic","street_name":"Antiges","city":"Neuvic","state":"Nouvelle-Aquitaine","post_code":19160,"country":"France","country_short":"FR"},"horaires":"Lunes: 08:30 - 13:00, 14:00 - 19:00\nMartes: 08:30 - 13:00, 14:00 - 19:00\nMi\u00e9rcoles: 08:30 - 13:00, 14:00 - 19:00\nJueves: 08:30 - 13:00, 14:00 - 19:00\nViernes: 08:30 - 13:00, 14:00 - 19:00\nS\u00e1bado: 08:30 - 13:00, 14:00 - 19:00\nDomingo: 08:30 - 13:00, 14:00 - 19:00","tel":"06 78 68 34 79","boutons":[{"title":"Sitio de Internet","link":"http:\/\/www.camping-port-de-neuvic.fr\/"},{"title":"Cheques regalo Tienda oficial","link":"https:\/\/aji-box.com\/-\/Flower-Camping-Port-de-Neuvic\/"},{"title":"","link":""},{"title":"","link":""}],"boutons_reservation":"","boutons_social":null,"articles":[{"title":"","text":"","image":""}]},"_links":{"self":[{"href":"https:\/\/foodandgood.fr\/es\/wp-json\/wp\/v2\/etablissement\/52298","targetHints":{"allow":["GET"]}}],"collection":[{"href":"https:\/\/foodandgood.fr\/es\/wp-json\/wp\/v2\/etablissement"}],"about":[{"href":"https:\/\/foodandgood.fr\/es\/wp-json\/wp\/v2\/types\/etablissement"}],"author":[{"embeddable":true,"href":"https:\/\/foodandgood.fr\/es\/wp-json\/wp\/v2\/users\/1"}],"replies":[{"embeddable":true,"href":"https:\/\/foodandgood.fr\/es\/wp-json\/wp\/v2\/comments?post=52298"}],"version-history":[{"count":2,"href":"https:\/\/foodandgood.fr\/es\/wp-json\/wp\/v2\/etablissement\/52298\/revisions"}],"predecessor-version":[{"id":52413,"href":"https:\/\/foodandgood.fr\/es\/wp-json\/wp\/v2\/etablissement\/52298\/revisions\/52413"}],"wp:featuredmedia":[{"embeddable":true,"href":"https:\/\/foodandgood.fr\/es\/wp-json\/wp\/v2\/media\/52280"}],"wp:attachment":[{"href":"https:\/\/foodandgood.fr\/es\/wp-json\/wp\/v2\/media?parent=52298"}],"curies":[{"name":"wp","href":"https:\/\/api.w.org\/{rel}","templated":true}]}}