 {"id":50651,"date":"2023-07-04T17:07:43","date_gmt":"2023-07-04T15:07:43","guid":{"rendered":"https:\/\/foodandgood.fr\/etablissement\/herve-gehin\/"},"modified":"2024-07-01T12:12:38","modified_gmt":"2024-07-01T10:12:38","slug":"herve-gehin","status":"publish","type":"etablissement","link":"https:\/\/foodandgood.fr\/es\/herve-gehin\/","title":{"rendered":"Herv\u00e9 GEHIN"},"excerpt":{"rendered":"","protected":false},"author":6,"comment_status":"closed","ping_status":"closed","template":"","meta":{"_acf_changed":false,"beyondwords_generate_audio":"","beyondwords_integration_method":"","beyondwords_project_id":"","beyondwords_content_id":"","beyondwords_preview_token":"","beyondwords_player_content":"","beyondwords_player_style":"","beyondwords_language_code":"","beyondwords_language_id":"","beyondwords_title_voice_id":"","beyondwords_body_voice_id":"","beyondwords_summary_voice_id":"","beyondwords_error_message":"","beyondwords_disabled":"","beyondwords_delete_content":"","beyondwords_podcast_id":"","beyondwords_hash":"","publish_post_to_speechkit":"","speechkit_hash":"","speechkit_generate_audio":"","speechkit_project_id":"","speechkit_podcast_id":"","speechkit_error_message":"","speechkit_disabled":"","speechkit_access_key":"","speechkit_error":"","speechkit_info":"","speechkit_response":"","speechkit_retries":"","speechkit_status":"","speechkit_updated_at":"","_speechkit_link":"","_speechkit_text":""},"class_list":["post-50651","etablissement","type-etablissement","status-publish","has-post-thumbnail","hentry","type-etablissement-compras-culinarias"],"acf":{"id_eta_scn":"","id_app_foodandgood":"","id_exponum":"","abo":[],"etoile_michelin":[],"titre_presentation":"Pasi\u00f3n por la dendroenerg\u00eda","presentation":"La historia de <strong>CHEMINEES HERVE GEHIN<\/strong> comenz\u00f3 el 1 de enero de 1981. Esta es la conmovedora historia de una pasi\u00f3n por la dendroenerg\u00eda.\n\nHerv\u00e9 G\u00e9hin cre\u00f3 su empresa a los 21 a\u00f1os. Este peque\u00f1o artesano dise\u00f1a, fabrica e instala chimeneas a medida. Trabaja en un taller de Cornimont, en los Altos Vosgos. Desde aquellos primeros a\u00f1os, Herv\u00e9 G\u00e9hin y su equipo han seguido el desarrollo de diferentes sistemas, siempre en la misma direcci\u00f3n, la de la chimenea y la estufa de le\u00f1a.\n\nEsta pasi\u00f3n se vio reforzada en 1993, cuando se enamor\u00f3 a primera vista de un producto para el que inmediatamente sinti\u00f3 que hab\u00eda un gran futuro... la estufa finlandesa TULIKIVI y su extraordinario concepto, que r\u00e1pidamente se convirti\u00f3 en la referencia de las estufas de acumulaci\u00f3n.\n\nEn la actualidad, la sede de la empresa se encuentra en <strong>Remiremont<\/strong>, en un edificio situado junto a la autov\u00eda del eje Metz-Mulhouse. El terreno comprende una sala de exposici\u00f3n de 300 m\u00b2, oficinas y un taller y almac\u00e9n de 1.900 m\u00b2.\n\nTambi\u00e9n tenemos una sala de exposici\u00f3n en <strong>Colmar<\/strong> y otra en <strong>Jouy-aux-Arches (Metz)<\/strong>. Cuando echamos la vista atr\u00e1s para recordar la evoluci\u00f3n de esta peque\u00f1a empresa, nos complace ver a nuestros 18 empleados trabajando con buen humor para llevar el calor natural de las energ\u00edas renovables a los hogares de nuestros clientes.","types_prestation":false,"photo":50635,"photo_bis":50667,"photo_3":50688,"adresse":{"address":"Cheminees Herve Gehin Colmar, Rue des Fr\u00e8res Lumi\u00e8re, Colmar, France","lat":48.1106961,"lng":7.3704969,"zoom":7,"place_id":"ChIJ8xiliTlmkUcRvurCLBOI78w","name":"Cheminees Herve Gehin Colmar","street_number":10,"street_name":"Rue des Fr\u00e8res Lumi\u00e8re","city":"Colmar","state":"Grand Est","post_code":68000,"country":"France","country_short":"FR"},"horaires":"Lunes: Cerrado\nMartes: 09:30 - 12:30, 14:00 - 18:30\nMi\u00e9rcoles: 09:30 - 12:30, 14:00 - 18:30\nJueves: 09:30 - 12:30, 14:00 - 18:30\nViernes: 09:30 - 12:30, 14:00 - 18:30\nS\u00e1bado: 09:00 - 18:00\nDomingo: Cerrado","tel":"03 89 29 09 43","boutons":[{"title":"Sitio de Internet","link":"http:\/\/herve-gehin.fr\/"}],"boutons_reservation":"","boutons_social":null,"articles":[{"title":"","text":"El horno de le\u00f1a CIAO M TOP tiene un dise\u00f1o cuidado y atemporal, con acero inoxidable de alta calidad tratado para soportar altas temperaturas. Con el horno de le\u00f1a CIAO, podr\u00e1 hornear 2 pizzas en un instante (90 segundos) o 2 kilos de pan casero utilizando un m\u00ednimo de le\u00f1a. La b\u00f3veda de acero inoxidable, que permite alcanzar r\u00e1pidamente altas temperaturas, retiene el calor en su interior durante mucho tiempo.\nF\u00e1cil de manejar, la puerta del horno simplemente encaja en las dos ranuras de la parte inferior de la boca del horno. M\u00e1s o menos obturado, facilita el ajuste de la clasificaci\u00f3n del horno para controlar el fuego. Su mango de madera facilita el agarre de la puerta del horno sin riesgo de quemarse.\nEl pir\u00f3metro indica continuamente la temperatura de la c\u00e1mara de combusti\u00f3n y le da el visto bueno para introducir sus recetas en el horno. Puede vigilar el proceso de cocci\u00f3n a trav\u00e9s de la puerta de cristal.","image":50723},{"title":"","text":"\"Impresionante\" es el adjetivo que mejor describe El Bastardo Grande Cl\u00e1sico o Urbano. Gracias a su tama\u00f1o ideal, podr\u00e1 presentar en su mesa todo tipo de deliciosos platos para toda su familia y amigos. Est\u00e1 hecho para aut\u00e9nticos entusiastas de la cocina, por lo que no es de extra\u00f1ar que el Large sea nuestro Bastard m\u00e1s vendido.\n\nLas innovaciones Bastard: disco superior de hierro fundido de precisi\u00f3n, sistema de bisagras de f\u00e1cil apertura, rejilla de cocci\u00f3n de acero inoxidable extragruesa (7 mm), dise\u00f1o holand\u00e9s mejorado.","image":50731}]},"_links":{"self":[{"href":"https:\/\/foodandgood.fr\/es\/wp-json\/wp\/v2\/etablissement\/50651","targetHints":{"allow":["GET"]}}],"collection":[{"href":"https:\/\/foodandgood.fr\/es\/wp-json\/wp\/v2\/etablissement"}],"about":[{"href":"https:\/\/foodandgood.fr\/es\/wp-json\/wp\/v2\/types\/etablissement"}],"author":[{"embeddable":true,"href":"https:\/\/foodandgood.fr\/es\/wp-json\/wp\/v2\/users\/6"}],"replies":[{"embeddable":true,"href":"https:\/\/foodandgood.fr\/es\/wp-json\/wp\/v2\/comments?post=50651"}],"version-history":[{"count":1,"href":"https:\/\/foodandgood.fr\/es\/wp-json\/wp\/v2\/etablissement\/50651\/revisions"}],"predecessor-version":[{"id":50659,"href":"https:\/\/foodandgood.fr\/es\/wp-json\/wp\/v2\/etablissement\/50651\/revisions\/50659"}],"wp:featuredmedia":[{"embeddable":true,"href":"https:\/\/foodandgood.fr\/es\/wp-json\/wp\/v2\/media\/50635"}],"wp:attachment":[{"href":"https:\/\/foodandgood.fr\/es\/wp-json\/wp\/v2\/media?parent=50651"}],"curies":[{"name":"wp","href":"https:\/\/api.w.org\/{rel}","templated":true}]}}