 {"id":50502,"date":"2023-07-03T14:20:37","date_gmt":"2023-07-03T12:20:37","guid":{"rendered":"https:\/\/foodandgood.fr\/etablissement\/hostellerie-groff-aux-deux-clefs\/"},"modified":"2024-06-24T12:36:10","modified_gmt":"2024-06-24T10:36:10","slug":"hostellerie-groff-aux-deux-clefs","status":"publish","type":"etablissement","link":"https:\/\/foodandgood.fr\/es\/hostellerie-groff-aux-deux-clefs\/","title":{"rendered":"Hostellerie Groff Aux Deux Clefs"},"excerpt":{"rendered":"<p>Fundada en 1934 por Joseph, carnicero artesano, y Adelphine, cocinera, la Hostellerie Groff cuenta con una rica historia desde su fundaci\u00f3n hace casi 90 a\u00f1os. Destinado a pasar de generaci\u00f3n en generaci\u00f3n, el establecimiento fue adquirido en los a\u00f1os 70 por G\u00e9rard, Monique y Alice Groff, que desarrollaron el restaurante y el hotel. En 2000, sus hijas Catherine y Fran\u00e7oise ampliaron el negocio para incluir dos hoteles de 3 estrellas en Biesheim, cada uno con 24 habitaciones.<\/p>\n","protected":false},"author":13,"comment_status":"closed","ping_status":"closed","template":"","meta":{"_acf_changed":false,"beyondwords_generate_audio":"","beyondwords_integration_method":"","beyondwords_project_id":"","beyondwords_content_id":"","beyondwords_preview_token":"","beyondwords_player_content":"","beyondwords_player_style":"","beyondwords_language_code":"","beyondwords_language_id":"","beyondwords_title_voice_id":"","beyondwords_body_voice_id":"","beyondwords_summary_voice_id":"","beyondwords_error_message":"","beyondwords_disabled":"","beyondwords_delete_content":"","beyondwords_podcast_id":"","beyondwords_hash":"","publish_post_to_speechkit":"","speechkit_hash":"","speechkit_generate_audio":"","speechkit_project_id":"","speechkit_podcast_id":"","speechkit_error_message":"","speechkit_disabled":"","speechkit_access_key":"","speechkit_error":"","speechkit_info":"","speechkit_response":"","speechkit_retries":"","speechkit_status":"","speechkit_updated_at":"","_speechkit_link":"","_speechkit_text":""},"class_list":["post-50502","etablissement","type-etablissement","status-publish","has-post-thumbnail","hentry","type-etablissement-bistronomia","type-etablissement-dormir-es"],"acf":{"id_eta_scn":"","id_app_foodandgood":"","id_exponum":"","abo":[],"etoile_michelin":[],"titre_presentation":"Casi 90 a\u00f1os de tradiciones culinarias y hospitalidad","presentation":"<p class=\"p1\">Fundada en 1934 por Joseph, carnicero artesano, y Adelphine, cocinera, la Hostellerie Groff cuenta con una rica historia desde su fundaci\u00f3n hace casi 90 a\u00f1os. Destinado a pasar de generaci\u00f3n en generaci\u00f3n, el establecimiento fue adquirido en los a\u00f1os 70 por G\u00e9rard, Monique y Alice Groff, que desarrollaron el restaurante y el hotel. En 2000, sus hijas Catherine y Fran\u00e7oise ampliaron el negocio para incluir dos hoteles de 3 estrellas en Biesheim, cada uno con 24 habitaciones. Fran\u00e7oise, la actual propietaria, llev\u00f3 a cabo importantes obras de renovaci\u00f3n en 2020, incluyendo una piscina abierta con reserva previa a los hu\u00e9spedes que cenan en el restaurante, as\u00ed como terrenos plantados con flores y \u00e1rboles, y una terraza de verano protegida por un gran tilo.<\/p>\n<p class=\"p1\">En el restaurante, el chef Pascal Gutknecht, fiel a la familia Groff desde hace 15 a\u00f1os, ofrece cocina casera tradicional, \u00a1desde el pan hasta el helado! El men\u00fa evoluciona con las estaciones, mostrando los productos locales y regionales. En el comedor, Carole Adam atiende con esmero a sus clientes.<\/p>\n<p class=\"p1\">Regularmente se organizan veladas tem\u00e1ticas con cocina del mundo, y un encantador granero est\u00e1 disponible para eventos privados y de negocios de hasta 60 invitados, encarnando el esp\u00edritu de hospitalidad tan apreciado por el establecimiento.<\/p>\n\u00a0\n<p class=\"p1\">\u00a9Celine Shnell-una ni\u00f1a en Alsacia<\/p>","types_prestation":false,"photo":50475,"photo_bis":63490,"photo_3":63514,"adresse":{"address":"Hostellerie Groff Aux Deux Clefs, Nord Route nationale, Biesheim, France","lat":48.04146029999999,"lng":7.539357600000001,"zoom":7,"place_id":"ChIJDTdJj2CODEgRJH1b6T4rXIo","name":"Hostellerie Groff Aux Deux Clefs","street_number":19,"street_name":"Nord Route nationale","street_name_short":"N Route nationale","city":"Biesheim","state":"Grand Est","post_code":68600,"country":"France","country_short":"FR"},"horaires":"Lunes: 06:30 - 22:30\nMartes: 06:30 - 22:30\nMi\u00e9rcoles: 06:30 - 22:30\nJueves: 06:30 - 22:30\nViernes: 06:30 - 22:30\nS\u00e1bado: 06:30 - 22:30\nDomingo: 08:30 - 16:00","tel":"03 89 30 30 60","boutons":[{"title":"Sitio de Internet","link":"http:\/\/www.deux-clefs.com\/"},{"title":"Habitaciones","link":"https:\/\/www.deux-clefs.com\/restaurant-biesheim\/#"},{"title":"Tarjeta","link":"https:\/\/www.deux-clefs.com\/restaurant-biesheim\/"}],"boutons_reservation":"","boutons_social":null,"articles":[{"title":"","text":"<h2 class=\"p1\"><span class=\"s1\">Veladas en <\/span><span class=\"s2\">hospicios<\/span><\/h2>\n<p class=\"p1\">En la regi\u00f3n de Ried y en el encantador pueblecito de Biesheim, la Hostellerie Groff organiza este verano varias veladas tem\u00e1ticas para sus hu\u00e9spedes. La ruta ciclista 15 tambi\u00e9n podr\u00eda llevarle directamente hasta all\u00ed.<\/p>\n<p class=\"p1\">Pr\u00f3ximos eventos, de 19:00 a 23:00 en la terraza, si el tiempo lo permite:<\/p>\n\n<ul>\n \t<li class=\"p2\">8 y 29 de julio y 26 de agosto: Anne Balta (cantante)<\/li>\n \t<li class=\"p2\">14 de julio y 14 de agosto: MELODI'OM (d\u00fao ac\u00fastico)<\/li>\n \t<li class=\"p2\">22 de julio: Maryl\u00e8ne Marques (cantante)<\/li>\n \t<li class=\"p2\">5 de agosto: D\u00fao KC y Fred (pianista y cantante)<\/li>\n \t<li class=\"p2\">19 de agosto: Nicolas Kloss (guitarrista)<\/li>\n \t<li class=\"p2\">2 de septiembre: D\u00fao con Carole Boyer<\/li>\n \t<li class=\"p1\">No olvide reservar.<\/li>\n<\/ul>","image":50476}]},"_links":{"self":[{"href":"https:\/\/foodandgood.fr\/es\/wp-json\/wp\/v2\/etablissement\/50502","targetHints":{"allow":["GET"]}}],"collection":[{"href":"https:\/\/foodandgood.fr\/es\/wp-json\/wp\/v2\/etablissement"}],"about":[{"href":"https:\/\/foodandgood.fr\/es\/wp-json\/wp\/v2\/types\/etablissement"}],"author":[{"embeddable":true,"href":"https:\/\/foodandgood.fr\/es\/wp-json\/wp\/v2\/users\/13"}],"replies":[{"embeddable":true,"href":"https:\/\/foodandgood.fr\/es\/wp-json\/wp\/v2\/comments?post=50502"}],"version-history":[{"count":1,"href":"https:\/\/foodandgood.fr\/es\/wp-json\/wp\/v2\/etablissement\/50502\/revisions"}],"predecessor-version":[{"id":55330,"href":"https:\/\/foodandgood.fr\/es\/wp-json\/wp\/v2\/etablissement\/50502\/revisions\/55330"}],"wp:featuredmedia":[{"embeddable":true,"href":"https:\/\/foodandgood.fr\/es\/wp-json\/wp\/v2\/media\/50475"}],"wp:attachment":[{"href":"https:\/\/foodandgood.fr\/es\/wp-json\/wp\/v2\/media?parent=50502"}],"curies":[{"name":"wp","href":"https:\/\/api.w.org\/{rel}","templated":true}]}}