 {"id":34032,"date":"2023-01-09T10:50:16","date_gmt":"2023-01-09T09:50:16","guid":{"rendered":"https:\/\/foodandgood.fr\/etablissement\/cocinando-para-ti\/"},"modified":"2024-06-17T17:33:34","modified_gmt":"2024-06-17T15:33:34","slug":"cocinando-para-ti","status":"publish","type":"etablissement","link":"https:\/\/foodandgood.fr\/es\/cocinando-para-ti\/","title":{"rendered":"Cooking for you"},"excerpt":{"rendered":"","protected":false},"author":13,"comment_status":"closed","ping_status":"closed","template":"","meta":{"_acf_changed":false,"beyondwords_generate_audio":"","beyondwords_integration_method":"","beyondwords_project_id":"","beyondwords_content_id":"","beyondwords_preview_token":"","beyondwords_player_content":"","beyondwords_player_style":"","beyondwords_language_code":"","beyondwords_language_id":"","beyondwords_title_voice_id":"","beyondwords_body_voice_id":"","beyondwords_summary_voice_id":"","beyondwords_error_message":"","beyondwords_disabled":"","beyondwords_delete_content":"","beyondwords_podcast_id":"","beyondwords_hash":"","publish_post_to_speechkit":"","speechkit_hash":"","speechkit_generate_audio":"","speechkit_project_id":"","speechkit_podcast_id":"","speechkit_error_message":"","speechkit_disabled":"","speechkit_access_key":"","speechkit_error":"","speechkit_info":"","speechkit_response":"","speechkit_retries":"","speechkit_status":"","speechkit_updated_at":"","_speechkit_link":"","_speechkit_text":""},"class_list":["post-34032","etablissement","type-etablissement","status-publish","has-post-thumbnail","hentry","type-etablissement-catering-shops-es"],"acf":{"id_eta_scn":"","id_app_foodandgood":"","id_exponum":"","abo":[],"etoile_michelin":[],"titre_presentation":"Un chef en casa, pero no s\u00f3lo...","presentation":"Formado en la escuela hotelera Storck en Guebwiller y despu\u00e9s de trabajar en La Table de Louise en Habsheim, J\u00e9r\u00e9my Krovoza se lanz\u00f3 como chef y proveedor de catering en 2012.\n\nTrabaja con productos de temporada y refina sus men\u00fas de acuerdo con los deseos de cada persona y eventos.\n\nPara tu boda, \u00e9l se encarga de todo en colaboraci\u00f3n con Axel de 2A EVENTS.\n\nJ\u00e9r\u00e9my Krovoza le garantiza comidas festivas sin dolores de cabeza, con platos caseros de temporada, listos para llevar y recalentar. Ballotines de foie gras, capellanes de St Jacques y gambas, hojaldre de filete de ternera ecol\u00f3gica con rebozuelos y foie gras frito, o cap\u00f3n asado relleno de colmenillas, acompa\u00f1amientos de su elecci\u00f3n.","types_prestation":false,"photo":24947,"photo_bis":6583,"photo_3":83391,"adresse":{"address":"Cooking for you, Rue de l'Esp\u00e9rance, Pfastatt, France","lat":47.7658697,"lng":7.305955399999999,"zoom":7,"place_id":"ChIJjQYbcO-bkUcRzArrc03vg7c","name":"Cooking for you","street_number":13,"street_name":"Rue de l'Esp\u00e9rance","city":"Pfastatt","state":"Grand Est","post_code":68120,"country":"France","country_short":"FR"},"horaires":"Abierto todos los d\u00edas.","tel":"06 23 44 18 94","boutons":[{"title":"Sitio de Internet","link":"http:\/\/www.cooking-for-you-riedisheim.fr\/"}],"boutons_reservation":"","boutons_social":null,"articles":[{"title":"","text":"","image":""}]},"_links":{"self":[{"href":"https:\/\/foodandgood.fr\/es\/wp-json\/wp\/v2\/etablissement\/34032","targetHints":{"allow":["GET"]}}],"collection":[{"href":"https:\/\/foodandgood.fr\/es\/wp-json\/wp\/v2\/etablissement"}],"about":[{"href":"https:\/\/foodandgood.fr\/es\/wp-json\/wp\/v2\/types\/etablissement"}],"author":[{"embeddable":true,"href":"https:\/\/foodandgood.fr\/es\/wp-json\/wp\/v2\/users\/13"}],"replies":[{"embeddable":true,"href":"https:\/\/foodandgood.fr\/es\/wp-json\/wp\/v2\/comments?post=34032"}],"version-history":[{"count":1,"href":"https:\/\/foodandgood.fr\/es\/wp-json\/wp\/v2\/etablissement\/34032\/revisions"}],"predecessor-version":[{"id":36559,"href":"https:\/\/foodandgood.fr\/es\/wp-json\/wp\/v2\/etablissement\/34032\/revisions\/36559"}],"wp:featuredmedia":[{"embeddable":true,"href":"https:\/\/foodandgood.fr\/es\/wp-json\/wp\/v2\/media\/24947"}],"wp:attachment":[{"href":"https:\/\/foodandgood.fr\/es\/wp-json\/wp\/v2\/media?parent=34032"}],"curies":[{"name":"wp","href":"https:\/\/api.w.org\/{rel}","templated":true}]}}