 {"id":31245,"date":"2022-04-22T16:56:04","date_gmt":"2022-04-22T14:56:04","guid":{"rendered":"https:\/\/foodandgood.fr\/etablissement\/los-muros\/"},"modified":"2024-06-06T14:40:08","modified_gmt":"2024-06-06T12:40:08","slug":"los-muros","status":"publish","type":"etablissement","link":"https:\/\/foodandgood.fr\/es\/los-muros\/","title":{"rendered":"Les Remparts"},"excerpt":{"rendered":"","protected":false},"author":1,"comment_status":"closed","ping_status":"closed","template":"","meta":{"_acf_changed":false,"beyondwords_generate_audio":"","beyondwords_integration_method":"","beyondwords_project_id":"","beyondwords_content_id":"","beyondwords_preview_token":"","beyondwords_player_content":"","beyondwords_player_style":"","beyondwords_language_code":"","beyondwords_language_id":"","beyondwords_title_voice_id":"","beyondwords_body_voice_id":"","beyondwords_summary_voice_id":"","beyondwords_error_message":"","beyondwords_disabled":"","beyondwords_delete_content":"","beyondwords_podcast_id":"","beyondwords_hash":"","publish_post_to_speechkit":"","speechkit_hash":"","speechkit_generate_audio":"","speechkit_project_id":"","speechkit_podcast_id":"","speechkit_error_message":"","speechkit_disabled":"","speechkit_access_key":"","speechkit_error":"","speechkit_info":"","speechkit_response":"","speechkit_retries":"","speechkit_status":"","speechkit_updated_at":"","_speechkit_link":"","_speechkit_text":""},"class_list":["post-31245","etablissement","type-etablissement","status-publish","has-post-thumbnail","hentry","type-etablissement-cocina-alsaciana"],"acf":{"id_eta_scn":"","id_app_foodandgood":"","id_exponum":"","abo":[],"etoile_michelin":[],"titre_presentation":"Pasi\u00f3n por la cocina, c\u00e1lida bienvenida y ambiente acogedor.","presentation":"En Les Remparts en Obernai, los platos caseros rinden homenaje a la gastronom\u00eda alsaciana y francesa\n\nSituado en el centro hist\u00f3rico de Obernai, el restaurante Les Remparts lleva m\u00e1s de 20 a\u00f1os seduciendo a los amantes de los sabores de aqu\u00ed y de otros lugares.\nEn un ambiente c\u00e1lido y acogedor, a la vez alsaciano y moderno, podr\u00e1s sentarte a disfrutar de platos caseros elaborados con la pasi\u00f3n por la cocina y el amor al sabor que mueven a diario la cocina de Remparts.\n\nPara un almuerzo de negocios, una cena one-to-one, una reuni\u00f3n familiar o simplemente un momento gourmet, tome asiento dentro de este establecimiento. Combina la pasi\u00f3n por la cocina, una c\u00e1lida bienvenida y un ambiente acogedor, tanto alsaciano como moderno.\n\n\u00a1Un restaurante aclamado desde hace m\u00e1s de 12 a\u00f1os por la gu\u00eda del viajero!","types_prestation":false,"photo":24112,"photo_bis":6020,"photo_3":6022,"adresse":{"address":"Restaurant Les Remparts, Rue du March\u00e9, Obernai, France","lat":48.46166900000001,"lng":7.484097999999999,"zoom":7,"place_id":"ChIJm30fRllNkUcRbuNWo6sAzUo","name":"Restaurant Les Remparts","street_number":3,"street_name":"Rue du March\u00e9","city":"Obernai","state":"Grand Est","post_code":67210,"country":"France","country_short":"FR"},"horaires":"Lunes: Cerrado\nMartes: 11:30 - 14:30, 18:00 - 22:00\nMi\u00e9rcoles: 11:30 - 14:30, 18:00 - 22:00\nJueves: 11:30 - 14:30, 18:00 - 22:00\nViernes: 11:30 - 14:30, 18:00 - 22:30\nS\u00e1bado: 11:30 - 14:30, 18:00 - 22:30\nDomingo: Cerrado","tel":"03 88 95 15 52","boutons":[{"title":"Sitio de Internet","link":"http:\/\/les-remparts-obernai.fr\/"},{"title":"sitio de Internet","link":"http:\/\/les-remparts-obernai.fr\/la-carte\/"}],"boutons_reservation":"","boutons_social":null,"articles":[{"title":"","text":"<h2>El placer de las papilas gustativas<\/h2>\nEn Les Remparts, los platos caseros rinden homenaje a la gastronom\u00eda alsaciana y francesa. La selecci\u00f3n del mercado ofrece sugerencias diarias que ofrecen la posibilidad de variar los placeres. Jean-No\u00ebl y su chef Philippe reinventan el men\u00fa cada temporada para ofrecerle lo mejor de la cocina tradicional elaborada con amor por el buen gusto.\n\nEn verano, disfrute de un almuerzo o cena en la magn\u00edfica terraza a la sombra en el coraz\u00f3n del centro hist\u00f3rico de Obernai.\n\nRecetas vegetarianas y una cuidada carta de vinos completan la carta para satisfacer a los gourmets m\u00e1s exigentes.\n\nNo te pierdas el trozo de solomillo de ternera a la sal de ceps si es de la carta.\n\nEncuentra en la entrada:\n<ul>\n \t<li>terrina de cerdo casera<\/li>\n \t<li>caracoles alsacianos<\/li>\n \t<li>foie gras de pato con Gewurtztraminer Cosecha Tard\u00eda<\/li>\n<\/ul>\nY en platos, el imprescindible chucrut \u201cadornado con Riesling\u201d o \u201ccon pescado\u201d, el Baeckeoffe y los Jambonneaux incluido el gratinado con queso Munster, \u00a1una delicia!\n\n\u00a0","image":6021}]},"_links":{"self":[{"href":"https:\/\/foodandgood.fr\/es\/wp-json\/wp\/v2\/etablissement\/31245","targetHints":{"allow":["GET"]}}],"collection":[{"href":"https:\/\/foodandgood.fr\/es\/wp-json\/wp\/v2\/etablissement"}],"about":[{"href":"https:\/\/foodandgood.fr\/es\/wp-json\/wp\/v2\/types\/etablissement"}],"author":[{"embeddable":true,"href":"https:\/\/foodandgood.fr\/es\/wp-json\/wp\/v2\/users\/1"}],"replies":[{"embeddable":true,"href":"https:\/\/foodandgood.fr\/es\/wp-json\/wp\/v2\/comments?post=31245"}],"version-history":[{"count":1,"href":"https:\/\/foodandgood.fr\/es\/wp-json\/wp\/v2\/etablissement\/31245\/revisions"}],"predecessor-version":[{"id":43557,"href":"https:\/\/foodandgood.fr\/es\/wp-json\/wp\/v2\/etablissement\/31245\/revisions\/43557"}],"wp:featuredmedia":[{"embeddable":true,"href":"https:\/\/foodandgood.fr\/es\/wp-json\/wp\/v2\/media\/24112"}],"wp:attachment":[{"href":"https:\/\/foodandgood.fr\/es\/wp-json\/wp\/v2\/media?parent=31245"}],"curies":[{"name":"wp","href":"https:\/\/api.w.org\/{rel}","templated":true}]}}