 {"id":191433,"date":"2026-04-27T15:22:25","date_gmt":"2026-04-27T13:22:25","guid":{"rendered":"https:\/\/foodandgood.fr\/?post_type=etablissement&#038;p=191433"},"modified":"2026-04-27T15:37:31","modified_gmt":"2026-04-27T13:37:31","slug":"aji-groupe","status":"publish","type":"etablissement","link":"https:\/\/foodandgood.fr\/aji-groupe\/","title":{"rendered":"Aji Groupe"},"excerpt":{"rendered":"","protected":false},"author":71,"comment_status":"closed","ping_status":"closed","template":"","meta":{"_acf_changed":false,"beyondwords_generate_audio":"0","beyondwords_integration_method":"","beyondwords_project_id":"","beyondwords_content_id":"","beyondwords_preview_token":"","beyondwords_player_content":"","beyondwords_player_style":"small","beyondwords_language_code":"fr_FR","beyondwords_language_id":"","beyondwords_title_voice_id":"1950","beyondwords_body_voice_id":"1950","beyondwords_summary_voice_id":"1950","beyondwords_error_message":"","beyondwords_disabled":"","beyondwords_delete_content":"","beyondwords_podcast_id":"","beyondwords_hash":"","publish_post_to_speechkit":"","speechkit_hash":"","speechkit_generate_audio":"","speechkit_project_id":"","speechkit_podcast_id":"","speechkit_error_message":"","speechkit_disabled":"","speechkit_access_key":"","speechkit_error":"","speechkit_info":"","speechkit_response":"","speechkit_retries":"","speechkit_status":"","speechkit_updated_at":"","_speechkit_link":"","_speechkit_text":""},"class_list":["post-191433","etablissement","type-etablissement","status-publish","hentry"],"acf":{"id_eta_scn":"","id_app_foodandgood":"","id_exponum":"","abo":[],"etoile_michelin":[],"titre_presentation":"Une agence de communication <br>sp\u00e9cialis\u00e9e en gastronomie et bistronomie","presentation":"Aji Groupe est une agence de communication sp\u00e9cialis\u00e9e dans l'univers de la gastronomie et de l'h\u00f4tellerie.\r\n\r\nImplant\u00e9e au c\u0153ur de l'Alsace, \u00e0 Riquewihr, nous accompagnons restaurants, h\u00f4tels et acteurs du secteur food dans la construction et le rayonnement de leur image.<span class=\"Apple-converted-space\">\u00a0<\/span>\r\n\r\nParce que chaque \u00e9tablissement a une identit\u00e9 unique, nous proposons des solutions sur mesure adapt\u00e9es aux r\u00e9alit\u00e9s du terrain :\r\n<ul>\r\n \t<li>Cr\u00e9ation de site web<\/li>\r\n \t<li>Photographie culinaire &amp; reportage<\/li>\r\n \t<li>Cr\u00e9ation de boutique en ligne<\/li>\r\n \t<li>Plateforme de gestion de site web<\/li>\r\n \t<li>R\u00e9seaux sociaux &amp; contenus<\/li>\r\n \t<li>Image de marque<\/li>\r\n<\/ul>\r\n&nbsp;\r\n\r\nAji Groupe, c'est un partenaire de confiance qui comprend vos contraintes, parle votre langage et met la cr\u00e9ativit\u00e9 au service de votre succ\u00e8s.","types_prestation":false,"photo":191442,"photo_bis":"","photo_3":"","adresse":{"address":"2 Rue Lat\u00e9rale, Riquewihr, France","lat":48.1663497,"lng":7.2969493,"zoom":5,"place_id":"ChIJDUdI6qlgkUcROzGbavqwEHo","name":"2 Rue Lat\u00e9rale","street_number":2,"street_name":"Rue Lat\u00e9rale","city":"Riquewihr","state":"Grand Est","post_code":68340,"country":"France","country_short":"FR"},"horaires":"Aucune info trouv\u00e9e","tel":"Aucune info trouv\u00e9e","boutons":[{"title":"Site Internet","link":"https:\/\/aji-groupe.com"}],"boutons_reservation":"","boutons_social":[{"type":"facebook-f","link":"https:\/\/www.facebook.com\/lukamfood"},{"type":"instagram","link":"https:\/\/www.instagram.com\/aji_groupe\/"}],"articles":null},"_links":{"self":[{"href":"https:\/\/foodandgood.fr\/es\/wp-json\/wp\/v2\/etablissement\/191433","targetHints":{"allow":["GET"]}}],"collection":[{"href":"https:\/\/foodandgood.fr\/es\/wp-json\/wp\/v2\/etablissement"}],"about":[{"href":"https:\/\/foodandgood.fr\/es\/wp-json\/wp\/v2\/types\/etablissement"}],"author":[{"embeddable":true,"href":"https:\/\/foodandgood.fr\/es\/wp-json\/wp\/v2\/users\/71"}],"replies":[{"embeddable":true,"href":"https:\/\/foodandgood.fr\/es\/wp-json\/wp\/v2\/comments?post=191433"}],"version-history":[{"count":5,"href":"https:\/\/foodandgood.fr\/es\/wp-json\/wp\/v2\/etablissement\/191433\/revisions"}],"predecessor-version":[{"id":191456,"href":"https:\/\/foodandgood.fr\/es\/wp-json\/wp\/v2\/etablissement\/191433\/revisions\/191456"}],"wp:attachment":[{"href":"https:\/\/foodandgood.fr\/es\/wp-json\/wp\/v2\/media?parent=191433"}],"curies":[{"name":"wp","href":"https:\/\/api.w.org\/{rel}","templated":true}]}}