 {"id":175237,"date":"2025-11-04T15:36:48","date_gmt":"2025-11-04T14:36:48","guid":{"rendered":"https:\/\/foodandgood.fr\/?post_type=etablissement&#038;p=175237"},"modified":"2025-11-04T15:36:48","modified_gmt":"2025-11-04T14:36:48","slug":"au-coin-des-pucelles","status":"publish","type":"etablissement","link":"https:\/\/foodandgood.fr\/au-coin-des-pucelles\/","title":{"rendered":"Au Coin Des Pucelles"},"excerpt":{"rendered":"","protected":false},"author":14,"comment_status":"closed","ping_status":"closed","template":"","meta":{"_acf_changed":false,"beyondwords_generate_audio":"0","beyondwords_integration_method":"","beyondwords_project_id":"","beyondwords_content_id":"","beyondwords_preview_token":"","beyondwords_player_content":"","beyondwords_player_style":"small","beyondwords_language_code":"fr_FR","beyondwords_language_id":"","beyondwords_title_voice_id":"1950","beyondwords_body_voice_id":"1950","beyondwords_summary_voice_id":"1950","beyondwords_error_message":"","beyondwords_disabled":"","beyondwords_delete_content":"","beyondwords_podcast_id":"","beyondwords_hash":"","publish_post_to_speechkit":"","speechkit_hash":"","speechkit_generate_audio":"","speechkit_project_id":"","speechkit_podcast_id":"","speechkit_error_message":"","speechkit_disabled":"","speechkit_access_key":"","speechkit_error":"","speechkit_info":"","speechkit_response":"","speechkit_retries":"","speechkit_status":"","speechkit_updated_at":"","_speechkit_link":"","_speechkit_text":""},"class_list":["post-175237","etablissement","type-etablissement","status-publish","hentry","type-etablissement-restaurant-alsacien","type-etablissement-bistronomie"],"acf":{"id_eta_scn":"","id_app_foodandgood":"","id_exponum":"","abo":[],"etoile_michelin":[],"titre_presentation":"Une cuisine locale et g\u00e9n\u00e9reuse","presentation":"En plein c\u0153ur du centre historique de Strasbourg, le restaurant \u00ab Au Coin des Pucelles \u00bb est une institution pour les \u00e9picuriens, depuis 1947 !\r\n\r\nApr\u00e8s sa longue histoire de Winstub traditionnelle, le Coin des Pucelles d\u00e9veloppe aujourd\u2019hui son id\u00e9e du \u00ab bistrot alsacien \u00bb. Dans un d\u00e9cor chaleureux et convivial, nous vous proposons une cuisine g\u00e9n\u00e9reuse, bas\u00e9e sur les produits locaux de qualit\u00e9 et la richesse du terroir fran\u00e7ais et alsacien.\r\n\r\nGuid\u00e9s par l\u2019exp\u00e9rience et la passion du chef \u00e9toil\u00e9 Alexis Albrecht, au Vieux Couvent \u00e0 Rhinau, nous faisons la part belle au circuit court, aux l\u00e9gumes du jardin et aux herbes sauvages du Ried.\r\n\r\nC\u00f4t\u00e9 boissons, notre amour du bon vin nous a donn\u00e9 l\u2019envie d\u2019une carte des vins raffin\u00e9e, audacieuse et h\u00e9t\u00e9roclite dont nous esp\u00e9rons qu\u2019elle saura s\u00e9duire les amateurs de tous bords, nature ou conventionnel !","types_prestation":false,"photo":175245,"photo_bis":175251,"photo_3":175257,"adresse":{"address":"Au Coin des Pucelles, Rue des Pucelles, Strasbourg, France","lat":48.5842063,"lng":7.753732200000001,"zoom":5,"place_id":"ChIJZZfiUlHIlkcRKiZeJjvLdqQ","name":"Au Coin des Pucelles","street_number":12,"street_name":"Rue des Pucelles","city":"Strasbourg","state":"Grand Est","post_code":67000,"country":"France","country_short":"FR"},"horaires":"lundi: Ferm\u00e9\r\nmardi: 12:00\u2009\u2013\u200914:00, 19:00\u2009\u2013\u200922:00\r\nmercredi: 12:00\u2009\u2013\u200914:00, 19:00\u2009\u2013\u200922:00\r\njeudi: 12:00\u2009\u2013\u200914:00, 19:00\u2009\u2013\u200922:00\r\nvendredi: 12:00\u2009\u2013\u200914:00, 19:00\u2009\u2013\u200922:00\r\nsamedi: 12:00\u2009\u2013\u200914:00, 19:00\u2009\u2013\u200922:00\r\ndimanche: Ferm\u00e9","tel":"03 88 98 32 70","boutons":[{"title":"Site Internet","link":"https:\/\/www.aucoindespucelles.com\/"}],"boutons_reservation":"","boutons_social":[{"type":"facebook-f","link":"https:\/\/www.facebook.com\/aucoindespucelles"},{"type":"instagram","link":"https:\/\/www.instagram.com\/aucoindespucelles_restaurant\/"}],"articles":null},"_links":{"self":[{"href":"https:\/\/foodandgood.fr\/es\/wp-json\/wp\/v2\/etablissement\/175237","targetHints":{"allow":["GET"]}}],"collection":[{"href":"https:\/\/foodandgood.fr\/es\/wp-json\/wp\/v2\/etablissement"}],"about":[{"href":"https:\/\/foodandgood.fr\/es\/wp-json\/wp\/v2\/types\/etablissement"}],"author":[{"embeddable":true,"href":"https:\/\/foodandgood.fr\/es\/wp-json\/wp\/v2\/users\/14"}],"replies":[{"embeddable":true,"href":"https:\/\/foodandgood.fr\/es\/wp-json\/wp\/v2\/comments?post=175237"}],"version-history":[{"count":7,"href":"https:\/\/foodandgood.fr\/es\/wp-json\/wp\/v2\/etablissement\/175237\/revisions"}],"predecessor-version":[{"id":175287,"href":"https:\/\/foodandgood.fr\/es\/wp-json\/wp\/v2\/etablissement\/175237\/revisions\/175287"}],"wp:attachment":[{"href":"https:\/\/foodandgood.fr\/es\/wp-json\/wp\/v2\/media?parent=175237"}],"curies":[{"name":"wp","href":"https:\/\/api.w.org\/{rel}","templated":true}]}}