 {"id":152413,"date":"2025-11-05T11:58:21","date_gmt":"2025-11-05T10:58:21","guid":{"rendered":"https:\/\/foodandgood.fr\/?post_type=etablissement&#038;p=152413"},"modified":"2025-11-05T11:58:21","modified_gmt":"2025-11-05T10:58:21","slug":"patisserie-christian","status":"publish","type":"etablissement","link":"https:\/\/foodandgood.fr\/patisserie-christian\/","title":{"rendered":"P\u00e2tisserie Christian"},"excerpt":{"rendered":"","protected":false},"author":19,"comment_status":"closed","ping_status":"closed","template":"","meta":{"_acf_changed":false,"beyondwords_generate_audio":"0","beyondwords_integration_method":"","beyondwords_project_id":"","beyondwords_content_id":"","beyondwords_preview_token":"","beyondwords_player_content":"","beyondwords_player_style":"small","beyondwords_language_code":"fr_FR","beyondwords_language_id":"","beyondwords_title_voice_id":"1950","beyondwords_body_voice_id":"1950","beyondwords_summary_voice_id":"1950","beyondwords_error_message":"","beyondwords_disabled":"","beyondwords_delete_content":"","beyondwords_podcast_id":"","beyondwords_hash":"","publish_post_to_speechkit":"","speechkit_hash":"","speechkit_generate_audio":"","speechkit_project_id":"","speechkit_podcast_id":"","speechkit_error_message":"","speechkit_disabled":"","speechkit_access_key":"","speechkit_error":"","speechkit_info":"","speechkit_response":"","speechkit_retries":"","speechkit_status":"","speechkit_updated_at":"","_speechkit_link":"","_speechkit_text":""},"class_list":["post-152413","etablissement","type-etablissement","status-publish","hentry","type-etablissement-pause-sucree"],"acf":{"id_eta_scn":"","id_app_foodandgood":"","id_exponum":"","abo":[],"etoile_michelin":[],"titre_presentation":"P\u00e2tissier depuis 1962","presentation":"La P\u00e2tisserie Christian est une adresse embl\u00e9matique de Strasbourg, reconnue depuis plus de soixante ans pour son savoir-faire artisanal en p\u00e2tisserie, chocolaterie et confiserie.\r\n\r\nSitu\u00e9e au c\u0153ur du centre-ville, notamment rue de l\u2019Outre et pr\u00e8s de la cath\u00e9drale, elle fait partie des enseignes incontournables pour les amateurs de douceurs fines. Fond\u00e9e par une famille passionn\u00e9e, elle a su pr\u00e9server une identit\u00e9 forte alliant tradition et cr\u00e9ativit\u00e9, tout en renouvelant r\u00e9guli\u00e8rement ses collections de p\u00e2tisseries, chocolats et entremets.\r\n\r\nL\u2019\u00e9tablissement propose un large \u00e9ventail de produits : g\u00e2teaux classiques et revisit\u00e9s, viennoiseries d\u00e9licates, chocolats maison et sp\u00e9cialit\u00e9s alsaciennes.\r\n\r\nSur place, son salon de th\u00e9 offre un cadre chaleureux permettant de d\u00e9guster desserts, boissons chaudes et cr\u00e9ations saisonni\u00e8res.\r\n\r\nLa maison met en avant des ingr\u00e9dients de qualit\u00e9 et un savoir-faire authentique, ce qui lui vaut une client\u00e8le fid\u00e8le compos\u00e9e d\u2019habitants et de nombreux visiteurs de passage.","types_prestation":false,"photo":175623,"photo_bis":175629,"photo_3":175635,"adresse":{"address":"P\u00e2tisserie Christian, Rue Merci\u00e8re, Strasbourg, France","lat":48.5813445,"lng":7.749818299999998,"zoom":7,"place_id":"ChIJbdR7l7XJlkcRCIjjIrDUdrw","name":"P\u00e2tisserie Christian","street_number":10,"street_name":"Rue Merci\u00e8re","city":"Strasbourg","state":"Grand Est","post_code":67000,"country":"France","country_short":"FR"},"horaires":"lundi: Ferm\u00e9\r\nmardi: 08:00\u2009\u2013\u200918:30\r\nmercredi: 08:00\u2009\u2013\u200918:30\r\njeudi: 08:00\u2009\u2013\u200918:30\r\nvendredi: 08:00\u2009\u2013\u200918:30\r\nsamedi: 08:00\u2009\u2013\u200918:30\r\ndimanche: Ferm\u00e9","tel":"03 88 22 12 70","boutons":[{"title":"Site Internet","link":"https:\/\/www.christian.fr\/"}],"boutons_reservation":"","boutons_social":[{"type":"facebook-f","link":"https:\/\/www.facebook.com\/PatisserieChristianStrasbourg"},{"type":"instagram","link":"https:\/\/www.instagram.com\/patisseriechristian"}],"articles":null},"_links":{"self":[{"href":"https:\/\/foodandgood.fr\/es\/wp-json\/wp\/v2\/etablissement\/152413","targetHints":{"allow":["GET"]}}],"collection":[{"href":"https:\/\/foodandgood.fr\/es\/wp-json\/wp\/v2\/etablissement"}],"about":[{"href":"https:\/\/foodandgood.fr\/es\/wp-json\/wp\/v2\/types\/etablissement"}],"author":[{"embeddable":true,"href":"https:\/\/foodandgood.fr\/es\/wp-json\/wp\/v2\/users\/19"}],"replies":[{"embeddable":true,"href":"https:\/\/foodandgood.fr\/es\/wp-json\/wp\/v2\/comments?post=152413"}],"version-history":[{"count":5,"href":"https:\/\/foodandgood.fr\/es\/wp-json\/wp\/v2\/etablissement\/152413\/revisions"}],"predecessor-version":[{"id":175868,"href":"https:\/\/foodandgood.fr\/es\/wp-json\/wp\/v2\/etablissement\/152413\/revisions\/175868"}],"wp:attachment":[{"href":"https:\/\/foodandgood.fr\/es\/wp-json\/wp\/v2\/media?parent=152413"}],"curies":[{"name":"wp","href":"https:\/\/api.w.org\/{rel}","templated":true}]}}