 {"id":146213,"date":"2025-02-18T14:26:35","date_gmt":"2025-02-18T13:26:35","guid":{"rendered":"https:\/\/foodandgood.fr\/etablissement\/parque-del-principito\/"},"modified":"2025-04-14T12:19:31","modified_gmt":"2025-04-14T10:19:31","slug":"parque-del-principito","status":"publish","type":"etablissement","link":"https:\/\/foodandgood.fr\/es\/parque-del-principito\/","title":{"rendered":"Le Parc du Petit Prince"},"excerpt":{"rendered":"","protected":false},"author":13,"comment_status":"closed","ping_status":"closed","template":"","meta":{"_acf_changed":false,"beyondwords_generate_audio":"","beyondwords_integration_method":"","beyondwords_project_id":"","beyondwords_content_id":"","beyondwords_preview_token":"","beyondwords_player_content":"","beyondwords_player_style":"","beyondwords_language_code":"","beyondwords_language_id":"","beyondwords_title_voice_id":"","beyondwords_body_voice_id":"","beyondwords_summary_voice_id":"","beyondwords_error_message":"","beyondwords_disabled":"","beyondwords_delete_content":"","beyondwords_podcast_id":"","beyondwords_hash":"","publish_post_to_speechkit":"","speechkit_hash":"","speechkit_generate_audio":"","speechkit_project_id":"","speechkit_podcast_id":"","speechkit_error_message":"","speechkit_disabled":"","speechkit_access_key":"","speechkit_error":"","speechkit_info":"","speechkit_response":"","speechkit_retries":"","speechkit_status":"","speechkit_updated_at":"","_speechkit_link":"","_speechkit_text":""},"class_list":["post-146213","etablissement","type-etablissement","status-publish","hentry","type-etablissement-parque-tematico"],"acf":{"id_eta_scn":"","id_app_foodandgood":"","id_exponum":"","abo":["GRAT"],"etoile_michelin":[],"titre_presentation":"El Parque del Principito: una aventura m\u00e1gica en Alsacia","presentation":"Situado en Ungersheim, en el coraz\u00f3n de Alsacia, el Parque del Principito es un lugar \u00fanico, totalmente inspirado en el famoso cuento de Antoine de Saint-Exup\u00e9ry. Abierto desde 2014, este parque de 24 hect\u00e1reas invita a grandes y peque\u00f1os a disfrutar de una experiencia m\u00e1gica entre el cielo y la tierra. \n\nCon 36 atracciones y actividades, el parque gira en torno a tres temas principales: el vuelo, los viajes y los animales. \u00bfUna de las experiencias m\u00e1s impresionantes? Sube a bordo de un globo cautivo y vuela a 150 metros de altura para admirar una impresionante panor\u00e1mica de la regi\u00f3n. Para los amantes de las emociones fuertes, hay atracciones como las sillas voladoras y el tren serpiente, \u00a1que har\u00e1n las delicias de toda la familia!   ","types_prestation":false,"photo":133958,"photo_bis":134921,"photo_3":134873,"adresse":{"address":"Le Parc du Petit Prince, Rue de l'Espoir, Ungersheim, France","lat":47.8615079,"lng":7.297690200000001,"zoom":7,"place_id":"ChIJ-Sqrlwd5kUcRNTmqZ_bFXKc","name":"Le Parc du Petit Prince","street_name":"Rue de l'Espoir","city":"Ungersheim","state":"Grand Est","post_code":68190,"country":"France","country_short":"FR"},"horaires":"Lunes: Cerrado\nMartes: Cerrado\nMi\u00e9rcoles: Cerrado\nJueves: Cerrado\nViernes: Cerrado\nS\u00e1bado: 10:00 - 17:00\nDomingo: 10:00 - 17:00","tel":"03 89 62 43 00","boutons":[{"title":"P\u00e1gina web","link":"https:\/\/parcdupetitprince.com\/"}],"boutons_reservation":"","boutons_social":null,"articles":null},"_links":{"self":[{"href":"https:\/\/foodandgood.fr\/es\/wp-json\/wp\/v2\/etablissement\/146213","targetHints":{"allow":["GET"]}}],"collection":[{"href":"https:\/\/foodandgood.fr\/es\/wp-json\/wp\/v2\/etablissement"}],"about":[{"href":"https:\/\/foodandgood.fr\/es\/wp-json\/wp\/v2\/types\/etablissement"}],"author":[{"embeddable":true,"href":"https:\/\/foodandgood.fr\/es\/wp-json\/wp\/v2\/users\/13"}],"replies":[{"embeddable":true,"href":"https:\/\/foodandgood.fr\/es\/wp-json\/wp\/v2\/comments?post=146213"}],"version-history":[{"count":1,"href":"https:\/\/foodandgood.fr\/es\/wp-json\/wp\/v2\/etablissement\/146213\/revisions"}],"predecessor-version":[{"id":149313,"href":"https:\/\/foodandgood.fr\/es\/wp-json\/wp\/v2\/etablissement\/146213\/revisions\/149313"}],"wp:attachment":[{"href":"https:\/\/foodandgood.fr\/es\/wp-json\/wp\/v2\/media?parent=146213"}],"curies":[{"name":"wp","href":"https:\/\/api.w.org\/{rel}","templated":true}]}}