 {"id":121786,"date":"2024-10-10T14:04:38","date_gmt":"2024-10-10T12:04:38","guid":{"rendered":"https:\/\/foodandgood.fr\/etablissement\/biere-truck-nancy\/"},"modified":"2025-05-16T10:24:59","modified_gmt":"2025-05-16T08:24:59","slug":"biere-truck-nancy","status":"publish","type":"etablissement","link":"https:\/\/foodandgood.fr\/biere-truck-nancy\/","title":{"rendered":"Bi\u00e8re Truck Nancy"},"excerpt":{"rendered":"","protected":false},"author":0,"comment_status":"closed","ping_status":"closed","template":"","meta":{"_acf_changed":false,"beyondwords_generate_audio":"","beyondwords_integration_method":"","beyondwords_project_id":"","beyondwords_content_id":"","beyondwords_preview_token":"","beyondwords_player_content":"","beyondwords_player_style":"","beyondwords_language_code":"","beyondwords_language_id":"","beyondwords_title_voice_id":"","beyondwords_body_voice_id":"","beyondwords_summary_voice_id":"","beyondwords_error_message":"","beyondwords_disabled":"","beyondwords_delete_content":"","beyondwords_podcast_id":"","beyondwords_hash":"","publish_post_to_speechkit":"","speechkit_hash":"","speechkit_generate_audio":"","speechkit_project_id":"","speechkit_podcast_id":"","speechkit_error_message":"","speechkit_disabled":"","speechkit_access_key":"","speechkit_error":"","speechkit_info":"","speechkit_response":"","speechkit_retries":"","speechkit_status":"","speechkit_updated_at":"","_speechkit_link":"","_speechkit_text":""},"class_list":["post-121786","etablissement","type-etablissement","status-publish","has-post-thumbnail","hentry"],"acf":{"id_eta_scn":"","id_app_foodandgood":"","id_exponum":53495,"abo":[],"etoile_michelin":[],"titre_presentation":"1er r\u00e9seau fran\u00e7ais de bars ambulants","presentation":"<p>Salut moi c\u2019est Hugo, j\u2019ai 19 ans et j\u2019ai le plaisir de vous annoncer l\u2019arriv\u00e9e de Bi\u00e8re Truck en Lorraine et plus pr\u00e9cis\u00e9ment \u00e0 Nancy !<\/p>\n<p>C\u2019est un projet P\u00e8re\/Fils dans un environnement convivial qui nous ressemble, plaisir et partage\u2026 Ayant Grandi dans la famille Volkswagen \u00e0 travers mon p\u00e8re qui \u00e9tait durant de nombreuses ann\u00e9es dirigeant de concessions automobiles du groupe et en tant qu\u2019amateurs de bi\u00e8res\u2026 Bi\u00e8re Truck Nancy c\u2019\u00e9tait \u00e9crit !<\/p>\n<p>Pour ma part, j\u2019ai d\u00e9cid\u00e9 de r\u00e9aliser un BTS en n\u00e9gociation et digitalisation de la relation client pour aborder au mieux notre projet.<\/p>\n<p>De plus, la Lorraine \u00e9tant connue pour ses terres de brasseurs, j\u2019aurai le plaisir de vous faire d\u00e9couvrir les producteurs de ma r\u00e9gion et de partager des moments conviviaux \u00e0 bord de mon bi\u00e8re truck rempli de bonne humeur afin de vous faire vivre une exp\u00e9rience m\u00e9morable !<\/p>\n<p>Bi\u00e8re Truck Nancy c\u2019est s\u00e9rieux sans se prendre au s\u00e9rieux, \u00e0 bient\u00f4t !<\/p>\n","types_prestation":false,"photo":153521,"photo_bis":153527,"photo_3":153533,"adresse":null,"horaires":"","tel":"","boutons":[{"title":"Site Internet","link":"https:\/\/biere-truck.fr\/biere-trucks\/biere-truck-nancy\/"}],"boutons_reservation":"","boutons_social":[{"type":"facebook-f","link":"https:\/\/www.facebook.com\/bieretrucknancy"},{"type":"instagram","link":"https:\/\/www.instagram.com\/bieretrucknancy\/"}],"articles":[{"title":"","text":"","image":null}]},"_links":{"self":[{"href":"https:\/\/foodandgood.fr\/es\/wp-json\/wp\/v2\/etablissement\/121786","targetHints":{"allow":["GET"]}}],"collection":[{"href":"https:\/\/foodandgood.fr\/es\/wp-json\/wp\/v2\/etablissement"}],"about":[{"href":"https:\/\/foodandgood.fr\/es\/wp-json\/wp\/v2\/types\/etablissement"}],"replies":[{"embeddable":true,"href":"https:\/\/foodandgood.fr\/es\/wp-json\/wp\/v2\/comments?post=121786"}],"version-history":[{"count":1,"href":"https:\/\/foodandgood.fr\/es\/wp-json\/wp\/v2\/etablissement\/121786\/revisions"}],"predecessor-version":[{"id":121787,"href":"https:\/\/foodandgood.fr\/es\/wp-json\/wp\/v2\/etablissement\/121786\/revisions\/121787"}],"wp:featuredmedia":[{"embeddable":true,"href":"https:\/\/foodandgood.fr\/es\/wp-json\/wp\/v2\/media\/153521"}],"wp:attachment":[{"href":"https:\/\/foodandgood.fr\/es\/wp-json\/wp\/v2\/media?parent=121786"}],"curies":[{"name":"wp","href":"https:\/\/api.w.org\/{rel}","templated":true}]}}