 {"id":109043,"date":"2024-08-07T14:42:07","date_gmt":"2024-08-07T12:42:07","guid":{"rendered":"https:\/\/foodandgood.fr\/etablissement\/brasserie-cheval-2\/"},"modified":"2024-08-07T14:42:07","modified_gmt":"2024-08-07T12:42:07","slug":"brasserie-cheval-2","status":"publish","type":"etablissement","link":"https:\/\/foodandgood.fr\/es\/brasserie-cheval-2\/","title":{"rendered":"Brasserie Cheval"},"excerpt":{"rendered":"","protected":false},"author":1,"comment_status":"closed","ping_status":"closed","template":"","meta":{"_acf_changed":false,"beyondwords_generate_audio":"","beyondwords_integration_method":"","beyondwords_project_id":"","beyondwords_content_id":"","beyondwords_preview_token":"","beyondwords_player_content":"","beyondwords_player_style":"","beyondwords_language_code":"","beyondwords_language_id":"","beyondwords_title_voice_id":"","beyondwords_body_voice_id":"","beyondwords_summary_voice_id":"","beyondwords_error_message":"","beyondwords_disabled":"","beyondwords_delete_content":"","beyondwords_podcast_id":"","beyondwords_hash":"","publish_post_to_speechkit":"","speechkit_hash":"","speechkit_generate_audio":"","speechkit_project_id":"","speechkit_podcast_id":"","speechkit_error_message":"","speechkit_disabled":"","speechkit_access_key":"","speechkit_error":"","speechkit_info":"","speechkit_response":"","speechkit_retries":"","speechkit_status":"","speechkit_updated_at":"","_speechkit_link":"","_speechkit_text":""},"class_list":["post-109043","etablissement","type-etablissement","status-publish","has-post-thumbnail","hentry","type-etablissement-cerveceria-artesanal"],"acf":{"id_eta_scn":"","id_app_foodandgood":"","id_exponum":49356,"abo":["GRAT"],"etoile_michelin":[],"titre_presentation":"Oficios y asociaciones","presentation":"Brasserie Cheval es una cervecer\u00eda cooperativa de la regi\u00f3n de Toulois, adem\u00e1s de un bar que ofrece una gama de cervezas fijas y ef\u00edmeras, desde saison imperial hasta lager mexicana.\nFundada en 2015 por un grupo de amigos apasionados por la cerveza, Brasserie Cheval se cre\u00f3 inicialmente como asociaci\u00f3n, pero se convirti\u00f3 en cooperativa en 2022.\nCertificado ecol\u00f3gico desde 2023 (cervezas y limonada).  ","types_prestation":false,"photo":108597,"photo_bis":108598,"photo_3":108603,"adresse":{"address":"Brasserie Cheval, L'Atelier, Rue Pierre-Aim\u00e9 Bouge, Toul, France","lat":48.6798734,"lng":5.8874248,"zoom":7,"place_id":"ChIJHfn-25GulEcRl40ctWD8XXE","name":"Brasserie Cheval","street_number":146,"street_name":"Rue Pierre-Aim\u00e9 Bouge","city":"Toul","state":"Grand Est","post_code":54200,"country":"France","country_short":"FR"},"horaires":"Lunes: Cerrado Martes: 17:00 - 20:00 Mi\u00e9rcoles: Cerrado Jueves: Cerrado Viernes: 16:00 - 22:00 S\u00e1bado: Cerrado Domingo: Cerrado","tel":"","boutons":[{"title":"Sitio de Internet","link":"http:\/\/www.brasseriecheval.fr\/"}],"boutons_reservation":"","boutons_social":null,"articles":[{"title":"","text":"Adem\u00e1s de producir y vender nuestros productos, nuestro objetivo es ofrecer eventos y actividades para reunir a la gente en torno a la cerveza.\nTodos los martes, jueves y viernes por la noche, puedes beber en el bar que hay junto a la f\u00e1brica de cerveza o pedir para llevar.\nTodos los viernes por la noche hay un cami\u00f3n de comida delante del Atelier.\nTambi\u00e9n ofrecemos una noche al mes adem\u00e1s de nuestros eventos semanales (karaoke, conciertos, juegos, etc.).   ","image":108608}]},"_links":{"self":[{"href":"https:\/\/foodandgood.fr\/es\/wp-json\/wp\/v2\/etablissement\/109043","targetHints":{"allow":["GET"]}}],"collection":[{"href":"https:\/\/foodandgood.fr\/es\/wp-json\/wp\/v2\/etablissement"}],"about":[{"href":"https:\/\/foodandgood.fr\/es\/wp-json\/wp\/v2\/types\/etablissement"}],"author":[{"embeddable":true,"href":"https:\/\/foodandgood.fr\/es\/wp-json\/wp\/v2\/users\/1"}],"replies":[{"embeddable":true,"href":"https:\/\/foodandgood.fr\/es\/wp-json\/wp\/v2\/comments?post=109043"}],"version-history":[{"count":0,"href":"https:\/\/foodandgood.fr\/es\/wp-json\/wp\/v2\/etablissement\/109043\/revisions"}],"wp:featuredmedia":[{"embeddable":true,"href":"https:\/\/foodandgood.fr\/es\/wp-json\/wp\/v2\/media\/109044"}],"wp:attachment":[{"href":"https:\/\/foodandgood.fr\/es\/wp-json\/wp\/v2\/media?parent=109043"}],"curies":[{"name":"wp","href":"https:\/\/api.w.org\/{rel}","templated":true}]}}