 {"id":190838,"date":"2026-04-22T17:42:55","date_gmt":"2026-04-22T15:42:55","guid":{"rendered":"https:\/\/foodandgood.fr\/?post_type=etablissement&#038;p=190838"},"modified":"2026-04-25T08:47:00","modified_gmt":"2026-04-25T06:47:00","slug":"galerie-rikia-ferrer","status":"publish","type":"etablissement","link":"https:\/\/foodandgood.fr\/galerie-rikia-ferrer\/","title":{"rendered":"Galerie Rikia Ferrer"},"excerpt":{"rendered":"","protected":false},"author":6,"comment_status":"closed","ping_status":"closed","template":"","meta":{"_acf_changed":false,"beyondwords_generate_audio":"0","beyondwords_integration_method":"","beyondwords_project_id":"","beyondwords_content_id":"","beyondwords_preview_token":"","beyondwords_player_content":"","beyondwords_player_style":"small","beyondwords_language_code":"fr_FR","beyondwords_language_id":"","beyondwords_title_voice_id":"1950","beyondwords_body_voice_id":"1950","beyondwords_summary_voice_id":"1950","beyondwords_error_message":"","beyondwords_disabled":"","beyondwords_delete_content":"","beyondwords_podcast_id":"","beyondwords_hash":"","publish_post_to_speechkit":"","speechkit_hash":"","speechkit_generate_audio":"","speechkit_project_id":"","speechkit_podcast_id":"","speechkit_error_message":"","speechkit_disabled":"","speechkit_access_key":"","speechkit_error":"","speechkit_info":"","speechkit_response":"","speechkit_retries":"","speechkit_status":"","speechkit_updated_at":"","_speechkit_link":"","_speechkit_text":""},"class_list":["post-190838","etablissement","type-etablissement","status-publish","hentry","type-etablissement-galerie-dart"],"acf":{"id_eta_scn":"","id_app_foodandgood":"","id_exponum":"","abo":[],"etoile_michelin":[],"titre_presentation":"Une fen\u00eatre sur l'art contemporain au c\u0153ur de la Perle d'Alsace","presentation":"Il est des lieux qui semblent faits pour l'art. Des endroits o\u00f9 la beaut\u00e9 de l'espace environnant ne concurrence pas les \u0153uvres expos\u00e9es, mais les sublime, leur offrant un \u00e9crin unique qui d\u00e9cuple leur force \u00e9vocatrice.\r\n\r\nLa Galerie Rikia Ferrer, nich\u00e9e au 44 rue du G\u00e9n\u00e9ral de Gaulle \u00e0 Riquewihr, dans le Haut-Rhin, est sans conteste l'un de ces endroits. Install\u00e9e dans le c\u0153ur battant de l'une des plus belles cit\u00e9s m\u00e9di\u00e9vales d'Alsace, elle constitue depuis sa cr\u00e9ation un acteur culturel incontournable de la r\u00e9gion, un pont tendu entre la m\u00e9moire d'un territoire charg\u00e9 d'histoire et la vitalit\u00e9 de la cr\u00e9ation contemporaine.","types_prestation":false,"photo":190979,"photo_bis":190925,"photo_3":190931,"adresse":{"address":"Galerie Rikia Ferrer, Rue du G\u00e9n\u00e9ral de Gaulle, Riquewihr, France","lat":48.1671988,"lng":7.296879199999999,"zoom":5,"place_id":"ChIJoZVg3qlgkUcRcYKxAc6PTWY","name":"Galerie Rikia Ferrer","street_number":44,"street_name":"Rue du G\u00e9n\u00e9ral de Gaulle","city":"Riquewihr","state":"Grand Est","post_code":68340,"country":"France","country_short":"FR"},"horaires":"lundi: 10:00\u2009\u2013\u200919:00\r\nmardi: 10:00\u2009\u2013\u200919:00\r\nmercredi: 10:00\u2009\u2013\u200919:00\r\njeudi: 10:00\u2009\u2013\u200919:00\r\nvendredi: 10:00\u2009\u2013\u200919:00\r\nsamedi: 10:00\u2009\u2013\u200919:00\r\ndimanche: 10:00\u2009\u2013\u200919:00","tel":"07 60 46 18 74","boutons":[{"title":"Site Internet","link":"https:\/\/www.galerierikiaferrer.com\/"}],"boutons_reservation":"","boutons_social":null,"articles":null},"_links":{"self":[{"href":"https:\/\/foodandgood.fr\/en\/wp-json\/wp\/v2\/etablissement\/190838","targetHints":{"allow":["GET"]}}],"collection":[{"href":"https:\/\/foodandgood.fr\/en\/wp-json\/wp\/v2\/etablissement"}],"about":[{"href":"https:\/\/foodandgood.fr\/en\/wp-json\/wp\/v2\/types\/etablissement"}],"author":[{"embeddable":true,"href":"https:\/\/foodandgood.fr\/en\/wp-json\/wp\/v2\/users\/6"}],"replies":[{"embeddable":true,"href":"https:\/\/foodandgood.fr\/en\/wp-json\/wp\/v2\/comments?post=190838"}],"version-history":[{"count":10,"href":"https:\/\/foodandgood.fr\/en\/wp-json\/wp\/v2\/etablissement\/190838\/revisions"}],"predecessor-version":[{"id":191127,"href":"https:\/\/foodandgood.fr\/en\/wp-json\/wp\/v2\/etablissement\/190838\/revisions\/191127"}],"wp:attachment":[{"href":"https:\/\/foodandgood.fr\/en\/wp-json\/wp\/v2\/media?parent=190838"}],"curies":[{"name":"wp","href":"https:\/\/api.w.org\/{rel}","templated":true}]}}