{"id":176632,"date":"2025-12-01T08:57:08","date_gmt":"2025-12-01T07:57:08","guid":{"rendered":"https:\/\/foodandgood.fr\/?post_type=etablissement&#038;p=176632"},"modified":"2025-12-01T12:43:23","modified_gmt":"2025-12-01T11:43:23","slug":"chateau-bethanie-arbois","status":"publish","type":"etablissement","link":"https:\/\/foodandgood.fr\/chateau-bethanie-arbois\/","title":{"rendered":"Ch\u00e2teau B\u00e9thanie - Arbois"},"excerpt":{"rendered":"","protected":false},"author":6,"comment_status":"closed","ping_status":"closed","template":"","meta":{"_acf_changed":false},"class_list":["post-176632","etablissement","type-etablissement","status-publish","hentry","type-etablissement-caviste"],"acf":{"id_eta_scn":"","id_app_foodandgood":"","id_exponum":"","abo":[],"etoile_michelin":[],"titre_presentation":"Vignoble au coeur du Jura","presentation":"Le Ch\u00e2teau B\u00e9thanie est le si\u00e8ge historique de la Fruiti\u00e8re Vinicole d\u2019Arbois, une coop\u00e9rative fond\u00e9e en 1906 par 31 vignerons d\u2019Arbois, dans le Jura.\r\n\r\nSitu\u00e9 au pied du premier plateau du Jura au c\u0153ur de la ville jurassienne d'Arbois, ce lieu est aujourd\u2019hui \u00e0 la fois une cave de production, un espace d\u2019accueil et une destination \u0153notouristique tr\u00e8s pris\u00e9e.","types_prestation":false,"photo":178303,"photo_bis":178316,"photo_3":178322,"adresse":{"address":"Fruiti\u00e8re Vinicole D'Arbois, Rue des Foss\u00e9s, Arbois, France","lat":46.9033654,"lng":5.7769472,"zoom":5,"place_id":"ChIJQVSIYu89jUcR0UtBAza6II4","name":"Fruiti\u00e8re Vinicole D'Arbois","street_number":2,"street_name":"Rue des Foss\u00e9s","city":"Arbois","state":"Bourgogne-Franche-Comt\u00e9","post_code":39600,"country":"France","country_short":"FR"},"horaires":"lundi: 08:00\u2009\u2013\u200912:00, 14:00\u2009\u2013\u200917:30\r\nmardi: 08:00\u2009\u2013\u200912:00, 14:00\u2009\u2013\u200917:30\r\nmercredi: 08:00\u2009\u2013\u200912:00, 14:00\u2009\u2013\u200917:30\r\njeudi: 08:00\u2009\u2013\u200912:00, 14:00\u2009\u2013\u200917:30\r\nvendredi: 08:00\u2009\u2013\u200912:00, 14:00\u2009\u2013\u200916:30\r\nsamedi: Ferm\u00e9\r\ndimanche: Ferm\u00e9","tel":"03 84 66 11 67","boutons":[{"title":"Site Internet","link":"http:\/\/www.fruitiere-vinicole-arbois.fr\/?utm_source=gmb"}],"boutons_reservation":"","boutons_social":[{"type":"facebook-f","link":"https:\/\/www.facebook.com\/fruitierevinicoledarbois"},{"type":"instagram","link":"https:\/\/www.instagram.com\/fruitierevinicoledarbois\/"},{"type":"linkedin","link":"https:\/\/www.linkedin.com\/company\/scea-fruiti%C3%A8re-vinicole-d'arbois\/"}],"articles":null},"_links":{"self":[{"href":"https:\/\/foodandgood.fr\/en\/wp-json\/wp\/v2\/etablissement\/176632","targetHints":{"allow":["GET"]}}],"collection":[{"href":"https:\/\/foodandgood.fr\/en\/wp-json\/wp\/v2\/etablissement"}],"about":[{"href":"https:\/\/foodandgood.fr\/en\/wp-json\/wp\/v2\/types\/etablissement"}],"author":[{"embeddable":true,"href":"https:\/\/foodandgood.fr\/en\/wp-json\/wp\/v2\/users\/6"}],"replies":[{"embeddable":true,"href":"https:\/\/foodandgood.fr\/en\/wp-json\/wp\/v2\/comments?post=176632"}],"version-history":[{"count":8,"href":"https:\/\/foodandgood.fr\/en\/wp-json\/wp\/v2\/etablissement\/176632\/revisions"}],"predecessor-version":[{"id":180696,"href":"https:\/\/foodandgood.fr\/en\/wp-json\/wp\/v2\/etablissement\/176632\/revisions\/180696"}],"wp:attachment":[{"href":"https:\/\/foodandgood.fr\/en\/wp-json\/wp\/v2\/media?parent=176632"}],"curies":[{"name":"wp","href":"https:\/\/api.w.org\/{rel}","templated":true}]}}