 {"id":91892,"date":"2024-05-04T07:08:33","date_gmt":"2024-05-04T05:08:33","guid":{"rendered":"https:\/\/foodandgood.fr\/etablissement\/le-chez-soi-gites-schemel-ferre\/"},"modified":"2024-05-04T07:08:33","modified_gmt":"2024-05-04T05:08:33","slug":"le-chez-soi-gites-schemel-ferre","status":"publish","type":"etablissement","link":"https:\/\/foodandgood.fr\/de\/le-chez-soi-gites-schemel-ferre\/","title":{"rendered":"Le chez soi G\u00eetes Schemel -Ferre"},"excerpt":{"rendered":"","protected":false},"author":4,"comment_status":"closed","ping_status":"closed","template":"","meta":{"_acf_changed":false,"beyondwords_generate_audio":"","beyondwords_integration_method":"","beyondwords_project_id":"","beyondwords_content_id":"","beyondwords_preview_token":"","beyondwords_player_content":"","beyondwords_player_style":"","beyondwords_language_code":"","beyondwords_language_id":"","beyondwords_title_voice_id":"","beyondwords_body_voice_id":"","beyondwords_summary_voice_id":"","beyondwords_error_message":"","beyondwords_disabled":"","beyondwords_delete_content":"","beyondwords_podcast_id":"","beyondwords_hash":"","publish_post_to_speechkit":"","speechkit_hash":"","speechkit_generate_audio":"","speechkit_project_id":"","speechkit_podcast_id":"","speechkit_error_message":"","speechkit_disabled":"","speechkit_access_key":"","speechkit_error":"","speechkit_info":"","speechkit_response":"","speechkit_retries":"","speechkit_status":"","speechkit_updated_at":"","_speechkit_link":"","_speechkit_text":""},"class_list":["post-91892","etablissement","type-etablissement","status-publish","hentry","type-etablissement-gastezimmer","type-etablissement-riquewihr-de"],"acf":{"id_eta_scn":"","id_app_foodandgood":"","id_exponum":"","abo":[],"etoile_michelin":[],"titre_presentation":"Ferienwohnung","presentation":"Gem\u00fctliche Ferienwohnung von 100 m\u00b2 mit einer 15 m\u00b2 gro\u00dfen Innenhofterrasse f\u00fcr 6 Personen im Zentrum von Riquewihr an der els\u00e4ssischen Weinstra\u00dfe.\n\nIdeale Lage im Herzen des historischen Zentrums von Riquewihr mit seinen Gesch\u00e4ften und Restaurants.\n\nDie Wohnung ist vollst\u00e4ndig ausgestattet, um Sie \"wie zu Hause\" zu empfangen.\n<div class=\"fiche-lei-titre\"><\/div>","types_prestation":false,"photo":null,"photo_bis":91829,"photo_3":91823,"adresse":{"address":"Gite Le Chez Soi, Riquewihr, Rue du G\u00e9n\u00e9ral de Gaulle, Riquewihr, France","lat":48.166548,"lng":7.298266099999999,"zoom":7,"place_id":"ChIJXSNM9qlgkUcRiGJw1aTgr2w","name":"Gite Le Chez Soi, Riquewihr","street_number":15,"street_name":"Rue du G\u00e9n\u00e9ral de Gaulle","city":"Riquewihr","state":"Grand Est","post_code":68340,"country":"France","country_short":"FR"},"horaires":"","tel":"","boutons":[{"title":"Webseite","link":""}],"boutons_reservation":"","boutons_social":null,"articles":[{"title":"","text":"","image":""}]},"_links":{"self":[{"href":"https:\/\/foodandgood.fr\/de\/wp-json\/wp\/v2\/etablissement\/91892","targetHints":{"allow":["GET"]}}],"collection":[{"href":"https:\/\/foodandgood.fr\/de\/wp-json\/wp\/v2\/etablissement"}],"about":[{"href":"https:\/\/foodandgood.fr\/de\/wp-json\/wp\/v2\/types\/etablissement"}],"author":[{"embeddable":true,"href":"https:\/\/foodandgood.fr\/de\/wp-json\/wp\/v2\/users\/4"}],"replies":[{"embeddable":true,"href":"https:\/\/foodandgood.fr\/de\/wp-json\/wp\/v2\/comments?post=91892"}],"version-history":[{"count":0,"href":"https:\/\/foodandgood.fr\/de\/wp-json\/wp\/v2\/etablissement\/91892\/revisions"}],"wp:attachment":[{"href":"https:\/\/foodandgood.fr\/de\/wp-json\/wp\/v2\/media?parent=91892"}],"curies":[{"name":"wp","href":"https:\/\/api.w.org\/{rel}","templated":true}]}}