 {"id":89685,"date":"2024-05-04T07:08:28","date_gmt":"2024-05-04T05:08:28","guid":{"rendered":"https:\/\/foodandgood.fr\/etablissement\/weihnachtszauber\/"},"modified":"2024-07-04T10:44:58","modified_gmt":"2024-07-04T08:44:58","slug":"weihnachtszauber","status":"publish","type":"etablissement","link":"https:\/\/foodandgood.fr\/de\/weihnachtszauber\/","title":{"rendered":"F\u00e9erie de No\u00ebl"},"excerpt":{"rendered":"","protected":false},"author":4,"comment_status":"closed","ping_status":"closed","template":"","meta":{"_acf_changed":false,"beyondwords_generate_audio":"","beyondwords_integration_method":"","beyondwords_project_id":"","beyondwords_content_id":"","beyondwords_preview_token":"","beyondwords_player_content":"","beyondwords_player_style":"","beyondwords_language_code":"","beyondwords_language_id":"","beyondwords_title_voice_id":"","beyondwords_body_voice_id":"","beyondwords_summary_voice_id":"","beyondwords_error_message":"","beyondwords_disabled":"","beyondwords_delete_content":"","beyondwords_podcast_id":"","beyondwords_hash":"","publish_post_to_speechkit":"","speechkit_hash":"","speechkit_generate_audio":"","speechkit_project_id":"","speechkit_podcast_id":"","speechkit_error_message":"","speechkit_disabled":"","speechkit_access_key":"","speechkit_error":"","speechkit_info":"","speechkit_response":"","speechkit_retries":"","speechkit_status":"","speechkit_updated_at":"","_speechkit_link":"","_speechkit_text":""},"class_list":["post-89685","etablissement","type-etablissement","status-publish","hentry","type-etablissement-dekoration-design","type-etablissement-riquewihr-de"],"acf":{"id_eta_scn":"","id_app_foodandgood":"","id_exponum":"","abo":[],"etoile_michelin":[],"titre_presentation":"Ihr Fachgesch\u00e4ft f\u00fcr Weihnachtsdekorationen  ","presentation":"W\u00e4hrend Ihres Aufenthalts in einem der sch\u00f6nsten D\u00f6rfer Frankreichs k\u00f6nnen Sie zu jeder Jahreszeit die Atmosph\u00e4re der ber\u00fchmten Weihnachtsm\u00e4rkte in den els\u00e4ssischen D\u00f6rfern erleben.\n\nLa F\u00e9erie de No\u00ebl bietet Ihnen das ganze Jahr \u00fcber die gr\u00f6\u00dfte Auswahl an Weihnachtsdekorationen. In einer Kulisse aus kleinen Fachwerkh\u00e4usern, die einen Marktplatz im Schnee nachbilden, finden Sie eine Vielzahl an handgefertigten Dekorationen aus Holz, Stroh, die limitierte Auflage \"Kindheitstraum\" von K\u00e4the Wohlfahrt, Nussknacker, R\u00e4ucherm\u00e4nnchen, Pyramiden und Krippen. Sie werden durch einen glitzernden Wald von Tannenb\u00e4umen mit Glaskugeln, Zinn- und Messingornamenten und einer gro\u00dfen Auswahl an Tischdekorationen, Deckchen, Kerzenhaltern, ... gehen.\n\nUnser Shop zeigt Ihnen die Sch\u00f6nheit und Feinheit der festlichen Dekorationen, die jedes Jahr die Weihnachtsfeiertage im Elsass versch\u00f6nern.","types_prestation":false,"photo":null,"photo_bis":89700,"photo_3":89694,"adresse":{"address":"F\u00e9erie De No\u00ebl, Rue du Cerf, Riquewihr, France","lat":48.1671653,"lng":7.296043800000001,"zoom":7,"place_id":"ChIJr5ft1qlgkUcR9mpiuuiEUbQ","name":"F\u00e9erie De No\u00ebl","street_number":1,"street_name":"Rue du Cerf","city":"Riquewihr","state":"Grand Est","post_code":68340,"country":"France","country_short":"FR"},"horaires":"Montag: 10:00 - 12:30, 13:45 - 18:30 Uhr\nDienstag: 10:00 - 12:30, 13:45 - 18:30 Uhr\nMittwoch: 10:00 - 12:30, 13:45 - 18:30 Uhr\nDonnerstag: 10:00 - 12:30, 13:45 - 18:30 Uhr\nFreitag: 10:00 - 12:30, 13:45 - 18:30 Uhr\nSamstag: 10:00 - 12:30, 13:45 - 18:30 Uhr\nSonntag: 10:00 - 12:30, 13:45 - 18:30 Uhr","tel":"03 89 47 94 02","boutons":[{"title":"Webseite","link":"http:\/\/www.feeriedenoel.fr\/"}],"boutons_reservation":"","boutons_social":null,"articles":[{"title":"","text":"","image":""}]},"_links":{"self":[{"href":"https:\/\/foodandgood.fr\/de\/wp-json\/wp\/v2\/etablissement\/89685","targetHints":{"allow":["GET"]}}],"collection":[{"href":"https:\/\/foodandgood.fr\/de\/wp-json\/wp\/v2\/etablissement"}],"about":[{"href":"https:\/\/foodandgood.fr\/de\/wp-json\/wp\/v2\/types\/etablissement"}],"author":[{"embeddable":true,"href":"https:\/\/foodandgood.fr\/de\/wp-json\/wp\/v2\/users\/4"}],"replies":[{"embeddable":true,"href":"https:\/\/foodandgood.fr\/de\/wp-json\/wp\/v2\/comments?post=89685"}],"version-history":[{"count":1,"href":"https:\/\/foodandgood.fr\/de\/wp-json\/wp\/v2\/etablissement\/89685\/revisions"}],"predecessor-version":[{"id":89691,"href":"https:\/\/foodandgood.fr\/de\/wp-json\/wp\/v2\/etablissement\/89685\/revisions\/89691"}],"wp:attachment":[{"href":"https:\/\/foodandgood.fr\/de\/wp-json\/wp\/v2\/media?parent=89685"}],"curies":[{"name":"wp","href":"https:\/\/api.w.org\/{rel}","templated":true}]}}