 {"id":89499,"date":"2024-05-04T07:08:28","date_gmt":"2024-05-04T05:08:28","guid":{"rendered":"https:\/\/foodandgood.fr\/etablissement\/domaene-alphonse-meyer\/"},"modified":"2024-07-03T17:02:18","modified_gmt":"2024-07-03T15:02:18","slug":"domaene-alphonse-meyer","status":"publish","type":"etablissement","link":"https:\/\/foodandgood.fr\/de\/domaene-alphonse-meyer\/","title":{"rendered":"Domaine Alphonse Meyer"},"excerpt":{"rendered":"","protected":false},"author":4,"comment_status":"closed","ping_status":"closed","template":"","meta":{"_acf_changed":false,"beyondwords_generate_audio":"","beyondwords_integration_method":"","beyondwords_project_id":"","beyondwords_content_id":"","beyondwords_preview_token":"","beyondwords_player_content":"","beyondwords_player_style":"","beyondwords_language_code":"","beyondwords_language_id":"","beyondwords_title_voice_id":"","beyondwords_body_voice_id":"","beyondwords_summary_voice_id":"","beyondwords_error_message":"","beyondwords_disabled":"","beyondwords_delete_content":"","beyondwords_podcast_id":"","beyondwords_hash":"","publish_post_to_speechkit":"","speechkit_hash":"","speechkit_generate_audio":"","speechkit_project_id":"","speechkit_podcast_id":"","speechkit_error_message":"","speechkit_disabled":"","speechkit_access_key":"","speechkit_error":"","speechkit_info":"","speechkit_response":"","speechkit_retries":"","speechkit_status":"","speechkit_updated_at":"","_speechkit_link":"","_speechkit_text":""},"class_list":["post-89499","etablissement","type-etablissement","status-publish","hentry","type-etablissement-gastezimmer","type-etablissement-rund-um-den-wein","type-etablissement-weinberg","type-etablissement-weinhandler"],"acf":{"id_eta_scn":"","id_app_foodandgood":"","id_exponum":"","abo":[],"etoile_michelin":[],"titre_presentation":"Winzer vom Vater auf den Sohn seit 1624","presentation":"Alle unsere Weine stammen ausschlie\u00dflich von unseren Weinbergen und werden auf dem Weingut abgef\u00fcllt.\nUnsere Weinberge erstrecken sich \u00fcber fast 13 ha in den Gemeinden Zimmerbach und Turckheim.\nZwischen traditionellen Terroirs, Lieux-dits und Grand Cru, alle pr\u00e4gen jeden unserer Weine.\n<div>\n\nAu\u00dferdem stellen wir Ihnen f\u00fcr Ihren Urlaub im Elsass eine h\u00fcbsche Ferienwohnung im historischen Zentrum von Turckheim, neben der Kirche, zur Verf\u00fcgung.\n\n<\/div>\n<div>Im 1. Stock eines alten Fachwerkhauses mit typisch els\u00e4ssischer Architektur.<\/div>","types_prestation":false,"photo":null,"photo_bis":89448,"photo_3":89436,"adresse":{"address":"Vins d'Alsace Alphonse Meyer et Fils - Vignerons Ind\u00e9pendants, Place de l'\u00c9glise, Turckheim, France","lat":48.08752390000001,"lng":7.2782845,"zoom":7,"place_id":"ChIJnXqXdP5jkUcRm3ehVXsnv7w","name":"Vins d'Alsace Alphonse Meyer et Fils - Vignerons Ind\u00e9pendants","street_number":2,"street_name":"Place de l'\u00c9glise","street_name_short":"Pl. de l'\u00c9glise","city":"Turckheim","state":"Grand Est","post_code":68230,"country":"France","country_short":"FR"},"horaires":"Montag: 10:00 - 12:00, 14:00 - 19:00 Uhr\nDienstag: 10:00 - 12:00, 14:00 - 19:00 Uhr\nMittwoch: 10:00 - 12:00, 14:00 - 19:00 Uhr\nDonnerstag: 10:00 - 12:00, 14:00 - 19:00 Uhr\nFreitag: 10:00 - 12:00, 14:00 - 19:00 Uhr\nSamstag: 14:00 - 19:00 Uhr\nSonntag: 10:00 - 12:00 Uhr","tel":"03 89 71 14 34","boutons":[{"title":"Webseite","link":"http:\/\/www.meyer-wines.fr\/"}],"boutons_reservation":"","boutons_social":null,"articles":[{"title":"","text":"","image":""}]},"_links":{"self":[{"href":"https:\/\/foodandgood.fr\/de\/wp-json\/wp\/v2\/etablissement\/89499","targetHints":{"allow":["GET"]}}],"collection":[{"href":"https:\/\/foodandgood.fr\/de\/wp-json\/wp\/v2\/etablissement"}],"about":[{"href":"https:\/\/foodandgood.fr\/de\/wp-json\/wp\/v2\/types\/etablissement"}],"author":[{"embeddable":true,"href":"https:\/\/foodandgood.fr\/de\/wp-json\/wp\/v2\/users\/4"}],"replies":[{"embeddable":true,"href":"https:\/\/foodandgood.fr\/de\/wp-json\/wp\/v2\/comments?post=89499"}],"version-history":[{"count":1,"href":"https:\/\/foodandgood.fr\/de\/wp-json\/wp\/v2\/etablissement\/89499\/revisions"}],"predecessor-version":[{"id":89504,"href":"https:\/\/foodandgood.fr\/de\/wp-json\/wp\/v2\/etablissement\/89499\/revisions\/89504"}],"wp:attachment":[{"href":"https:\/\/foodandgood.fr\/de\/wp-json\/wp\/v2\/media?parent=89499"}],"curies":[{"name":"wp","href":"https:\/\/api.w.org\/{rel}","templated":true}]}}