 {"id":89244,"date":"2024-07-03T15:46:16","date_gmt":"2024-07-03T13:46:16","guid":{"rendered":"https:\/\/foodandgood.fr\/etablissement\/die-terrasse-des-marktes\/"},"modified":"2024-07-15T11:24:34","modified_gmt":"2024-07-15T09:24:34","slug":"die-terrasse-des-marktes","status":"publish","type":"etablissement","link":"https:\/\/foodandgood.fr\/de\/die-terrasse-des-marktes\/","title":{"rendered":"La Terrasse du march\u00e9"},"excerpt":{"rendered":"<p>&#8222;La Terrasse du March\u00e9&#8220;, ein Restaurant mit Familiengeist, empf\u00e4ngt Sie von Dienstag bis Sonntag in einer freundlichen Umgebung. Wir bieten das ganze Jahr \u00fcber verschiedene Flammkuchen, traditionelle und handwerkliche, sowie Fr\u00fchst\u00fccksformeln, die Sie drinnen oder auf der Terrasse am Rande des Wassers mit Blick auf eine Postkartenlandschaft genie\u00dfen k\u00f6nnen.<\/p>\n","protected":false},"author":13,"comment_status":"closed","ping_status":"closed","template":"","meta":{"_acf_changed":false,"beyondwords_generate_audio":"","beyondwords_integration_method":"","beyondwords_project_id":"","beyondwords_content_id":"","beyondwords_preview_token":"","beyondwords_player_content":"","beyondwords_player_style":"","beyondwords_language_code":"","beyondwords_language_id":"","beyondwords_title_voice_id":"","beyondwords_body_voice_id":"","beyondwords_summary_voice_id":"","beyondwords_error_message":"","beyondwords_disabled":"","beyondwords_delete_content":"","beyondwords_podcast_id":"","beyondwords_hash":"","publish_post_to_speechkit":"","speechkit_hash":"","speechkit_generate_audio":"","speechkit_project_id":"","speechkit_podcast_id":"","speechkit_error_message":"","speechkit_disabled":"","speechkit_access_key":"","speechkit_error":"","speechkit_info":"","speechkit_response":"","speechkit_retries":"","speechkit_status":"","speechkit_updated_at":"","_speechkit_link":"","_speechkit_text":""},"class_list":["post-89244","etablissement","type-etablissement","status-publish","hentry","type-etablissement-franzosische-kuche"],"acf":{"id_eta_scn":"","id_app_foodandgood":"","id_exponum":"","abo":[],"etoile_michelin":[],"titre_presentation":"Verschiedene Flammkuchen","presentation":"\"La Terrasse du March\u00e9\", ein Restaurant mit Familiengeist, empf\u00e4ngt Sie von Dienstag bis Sonntag in einer freundlichen Umgebung. Wir bieten das ganze Jahr \u00fcber verschiedene Flammkuchen, traditionelle und handwerkliche, sowie Fr\u00fchst\u00fccksformeln, die Sie drinnen oder auf der Terrasse am Rande des Wassers mit Blick auf eine Postkartenlandschaft genie\u00dfen k\u00f6nnen.\n\nIm warmen und freundlichen Rahmen der Markthalle<br class=\"html-br\">\"La Terrasse du March\u00e9\", bietet Ihnen Fr\u00fchst\u00fcck, Brunch, traditionelle Flammkuchen mit einer Auswahl an els\u00e4ssischen Weinen. Das alles in einer Postkartenkulisse.\nUnsere Gerichte werden in einer authentischen Atmosph\u00e4re frisch zubereitet. Lassen Sie sich von unserer schmackhaften K\u00fcche und einer Auswahl an erfrischenden Getr\u00e4nken verw\u00f6hnen.\n\nWenn Sie m\u00f6chten, k\u00f6nnen Sie eine private Veranstaltung bei ihnen zu Hause organisieren!","types_prestation":false,"photo":null,"photo_bis":"","photo_3":"","adresse":{"address":"LA TERRASSE DU MARCHE, Rue des \u00c9coles, Colmar, France","lat":48.0744607,"lng":7.3597576,"zoom":7,"place_id":"ChIJJ99dLkJlkUcRNwxNLSIb_WQ","name":"LA TERRASSE DU MARCHE","street_number":13,"street_name":"Rue des \u00c9coles","city":"Colmar","state":"Grand Est","post_code":68000,"country":"France","country_short":"FR"},"horaires":"Montag: Geschlossen\nDienstag: 08:00 - 18:00 Uhr\nMittwoch: 08:00 - 18:00 Uhr\nDonnerstag: 07:00 - 18:00 Uhr\nFreitag: 08:00 - 19:00 Uhr\nSamstag: 08:00 - 17:00 Uhr\nSonntag: Geschlossen","tel":"","boutons":[{"title":"Webseite","link":"https:\/\/la-terrasse-du-marche-colmar.eatbu.com\/"}],"boutons_reservation":"","boutons_social":null,"articles":[{"title":"","text":"","image":""}]},"_links":{"self":[{"href":"https:\/\/foodandgood.fr\/de\/wp-json\/wp\/v2\/etablissement\/89244","targetHints":{"allow":["GET"]}}],"collection":[{"href":"https:\/\/foodandgood.fr\/de\/wp-json\/wp\/v2\/etablissement"}],"about":[{"href":"https:\/\/foodandgood.fr\/de\/wp-json\/wp\/v2\/types\/etablissement"}],"author":[{"embeddable":true,"href":"https:\/\/foodandgood.fr\/de\/wp-json\/wp\/v2\/users\/13"}],"replies":[{"embeddable":true,"href":"https:\/\/foodandgood.fr\/de\/wp-json\/wp\/v2\/comments?post=89244"}],"version-history":[{"count":1,"href":"https:\/\/foodandgood.fr\/de\/wp-json\/wp\/v2\/etablissement\/89244\/revisions"}],"predecessor-version":[{"id":97966,"href":"https:\/\/foodandgood.fr\/de\/wp-json\/wp\/v2\/etablissement\/89244\/revisions\/97966"}],"wp:attachment":[{"href":"https:\/\/foodandgood.fr\/de\/wp-json\/wp\/v2\/media?parent=89244"}],"curies":[{"name":"wp","href":"https:\/\/api.w.org\/{rel}","templated":true}]}}