 {"id":88428,"date":"2024-05-04T07:08:31","date_gmt":"2024-05-04T05:08:31","guid":{"rendered":"https:\/\/foodandgood.fr\/etablissement\/hotel-le-riquewihr\/"},"modified":"2024-07-03T09:35:13","modified_gmt":"2024-07-03T07:35:13","slug":"hotel-le-riquewihr","status":"publish","type":"etablissement","link":"https:\/\/foodandgood.fr\/de\/hotel-le-riquewihr\/","title":{"rendered":"H\u00f4tel le Riquewihr"},"excerpt":{"rendered":"","protected":false},"author":4,"comment_status":"closed","ping_status":"closed","template":"","meta":{"_acf_changed":false,"beyondwords_generate_audio":"","beyondwords_integration_method":"","beyondwords_project_id":"","beyondwords_content_id":"","beyondwords_preview_token":"","beyondwords_player_content":"","beyondwords_player_style":"","beyondwords_language_code":"","beyondwords_language_id":"","beyondwords_title_voice_id":"","beyondwords_body_voice_id":"","beyondwords_summary_voice_id":"","beyondwords_error_message":"","beyondwords_disabled":"","beyondwords_delete_content":"","beyondwords_podcast_id":"","beyondwords_hash":"","publish_post_to_speechkit":"","speechkit_hash":"","speechkit_generate_audio":"","speechkit_project_id":"","speechkit_podcast_id":"","speechkit_error_message":"","speechkit_disabled":"","speechkit_access_key":"","speechkit_error":"","speechkit_info":"","speechkit_response":"","speechkit_retries":"","speechkit_status":"","speechkit_updated_at":"","_speechkit_link":"","_speechkit_text":""},"class_list":["post-88428","etablissement","type-etablissement","status-publish","hentry","type-etablissement-riquewihr-de","type-etablissement-schlafen","type-etablissement-spa-wellness-de"],"acf":{"id_eta_scn":"","id_app_foodandgood":"","id_exponum":"","abo":[],"etoile_michelin":[],"titre_presentation":"Unser 3-Sterne-Hotel, hervorragend gelegen am Eingang der historischen St\u00e4tte von Riquewihr.","presentation":"Das Riquewihr, ein 3-Sterne Familienhotel, bietet Ihnen klimatisierte Zimmer mit allem Komfort, eine Appartement-Suite mit Bad, Dusche, WC, Farbfernseher, Bar, Sommerterrasse, Fitnessraum (Sauna, Fitness, Hallenbad), M\u00f6glichkeit zum Verleih von Badem\u00e4nteln, gro\u00dfer Privatparkplatz. Elektrische Klemmen. Fr\u00fchst\u00fccksbuffet und Kurtaxe sind nicht im Preis inbegriffen.\n\nDieses Familienhotel liegt im Herzen der els\u00e4ssischen Weinberge in Riquewihr, einer wundersch\u00f6nen, gut erhaltenen mittelalterlichen Stadt, einem der meistbesuchten D\u00f6rfer Frankreichs, ideal f\u00fcr Ausfl\u00fcge ins Elsass (1\/4 Stunde von Colmar und 3\/4 Stunde von Stra\u00dfburg oder Mulhouse).","types_prestation":false,"photo":null,"photo_bis":88450,"photo_3":88505,"adresse":{"address":"Hotel le Riquewihr, Route de Ribeauvill\u00e9, Riquewihr, France","lat":48.16604390000001,"lng":7.306093199999999,"zoom":7,"place_id":"ChIJMRXIXFVnkUcRKaIrmHv2yM8","name":"Hotel le Riquewihr","street_number":3,"street_name":"Route de Ribeauvill\u00e9","street_name_short":"Rte de Ribeauvill\u00e9","city":"Riquewihr","state":"Grand Est","post_code":68340,"country":"France","country_short":"FR"},"horaires":"Montag: 07:00 - 19:00 Uhr\nDienstag: 07:00 - 19:00 Uhr\nMittwoch: 07:00 - 19:00 Uhr\nDonnerstag: 07:00 - 19:00\nFreitag: 07:00 - 19:00 Uhr\nSamstag: 07:00 - 19:00\nSonntag: 07:00 - 19:00 Uhr","tel":"03 89 86 03 00","boutons":[{"title":"Webseite","link":"http:\/\/www.hotel-le-riquewihr.fr\/"}],"boutons_reservation":"","boutons_social":null,"articles":[{"title":"","text":"","image":""}]},"_links":{"self":[{"href":"https:\/\/foodandgood.fr\/de\/wp-json\/wp\/v2\/etablissement\/88428","targetHints":{"allow":["GET"]}}],"collection":[{"href":"https:\/\/foodandgood.fr\/de\/wp-json\/wp\/v2\/etablissement"}],"about":[{"href":"https:\/\/foodandgood.fr\/de\/wp-json\/wp\/v2\/types\/etablissement"}],"author":[{"embeddable":true,"href":"https:\/\/foodandgood.fr\/de\/wp-json\/wp\/v2\/users\/4"}],"replies":[{"embeddable":true,"href":"https:\/\/foodandgood.fr\/de\/wp-json\/wp\/v2\/comments?post=88428"}],"version-history":[{"count":1,"href":"https:\/\/foodandgood.fr\/de\/wp-json\/wp\/v2\/etablissement\/88428\/revisions"}],"predecessor-version":[{"id":88434,"href":"https:\/\/foodandgood.fr\/de\/wp-json\/wp\/v2\/etablissement\/88428\/revisions\/88434"}],"wp:attachment":[{"href":"https:\/\/foodandgood.fr\/de\/wp-json\/wp\/v2\/media?parent=88428"}],"curies":[{"name":"wp","href":"https:\/\/api.w.org\/{rel}","templated":true}]}}