 {"id":86980,"date":"2024-05-04T07:08:23","date_gmt":"2024-05-04T05:08:23","guid":{"rendered":"https:\/\/foodandgood.fr\/etablissement\/gasthof-boenlesgrab\/"},"modified":"2024-07-02T10:37:14","modified_gmt":"2024-07-02T08:37:14","slug":"gasthof-boenlesgrab","status":"publish","type":"etablissement","link":"https:\/\/foodandgood.fr\/de\/gasthof-boenlesgrab\/","title":{"rendered":"Auberge du Boenlesgrab"},"excerpt":{"rendered":"","protected":false},"author":4,"comment_status":"closed","ping_status":"closed","template":"","meta":{"_acf_changed":false,"beyondwords_generate_audio":"","beyondwords_integration_method":"","beyondwords_project_id":"","beyondwords_content_id":"","beyondwords_preview_token":"","beyondwords_player_content":"","beyondwords_player_style":"","beyondwords_language_code":"","beyondwords_language_id":"","beyondwords_title_voice_id":"","beyondwords_body_voice_id":"","beyondwords_summary_voice_id":"","beyondwords_error_message":"","beyondwords_disabled":"","beyondwords_delete_content":"","beyondwords_podcast_id":"","beyondwords_hash":"","publish_post_to_speechkit":"","speechkit_hash":"","speechkit_generate_audio":"","speechkit_project_id":"","speechkit_podcast_id":"","speechkit_error_message":"","speechkit_disabled":"","speechkit_access_key":"","speechkit_error":"","speechkit_info":"","speechkit_response":"","speechkit_retries":"","speechkit_status":"","speechkit_updated_at":"","_speechkit_link":"","_speechkit_text":""},"class_list":["post-86980","etablissement","type-etablissement","status-publish","hentry","type-etablissement-gastronomisches-kochen"],"acf":{"id_eta_scn":"","id_app_foodandgood":"","id_exponum":"","abo":[],"etoile_michelin":[],"titre_presentation":"Charme im Herzen des Waldes","presentation":"In einem Chalet in den Vogesen mit Blick auf die T\u00e4ler von Florival und Munster empf\u00e4ngt Sie Christophe Ruolt, K\u00fcchenchef mit einer makellosen Erfolgsbilanz bei den renommiertesten K\u00fcchenchefs wie Patrick Fulgraff, Sternekoch in Colmar, Gilbert Koehler vom Cheval Blanc in Westhalten oder Paul Haeberlin von der Auberge de l'Ill. Sein Weg f\u00fchrte ihn auch nach Paris ins Taillevent.\n\nDer Boenlesgrab ist ein kleiner Garten Eden am Fu\u00dfe des Petit Ballon auf 866 Metern H\u00f6he. Die Auberge, ein Chalet in den Vogesen, liegt wie ein Diamant in einer gr\u00fcnen Umgebung, die nach Heidelbeeren, Enzian und Tannenhonig duftet. Er \u00fcberragt zwei T\u00e4ler, das Florival- und das Munstertal.\n\nDie Terrasse dieser gastronomischen Hochburg wird Ihren Appetit mit ihrer herrlichen Aussicht auf die els\u00e4ssische Ebene anregen.","types_prestation":false,"photo":null,"photo_bis":86990,"photo_3":86984,"adresse":{"address":"Auberge de montagne Boenlesgrab, Route Foresti\u00e8re du Boenlesgrab, Wasserbourg, France","lat":47.9766887,"lng":7.148109399999999,"zoom":7,"place_id":"ChIJ0zi67uHXk0cR_akBUOr3scs","name":"Auberge de montagne Boenlesgrab","street_name":"Route Foresti\u00e8re du Boenlesgrab","street_name_short":"Rte Foresti\u00e8re du Boenlesgrab","city":"Wasserbourg","state":"Grand Est","post_code":68230,"country":"France","country_short":"FR"},"horaires":"Montag: Geschlossen\nDienstag: 12:00 - 14:30\nMittwoch: 12:00 - 14:30 Uhr\nDonnerstag: 12:00 - 14:30\nFreitag: 12:00 - 14:30, 18:30 - 21:30 Uhr\nSamstag: 12:00 - 14:30, 18:30 - 21:30\nSonntag: 12:00 - 18:00 Uhr","tel":"03 89 71 10 88","boutons":[{"title":"Webseite","link":"https:\/\/www.auberge-boenlesgrab.fr\/"}],"boutons_reservation":"","boutons_social":null,"articles":[{"title":"","text":"","image":""}]},"_links":{"self":[{"href":"https:\/\/foodandgood.fr\/de\/wp-json\/wp\/v2\/etablissement\/86980","targetHints":{"allow":["GET"]}}],"collection":[{"href":"https:\/\/foodandgood.fr\/de\/wp-json\/wp\/v2\/etablissement"}],"about":[{"href":"https:\/\/foodandgood.fr\/de\/wp-json\/wp\/v2\/types\/etablissement"}],"author":[{"embeddable":true,"href":"https:\/\/foodandgood.fr\/de\/wp-json\/wp\/v2\/users\/4"}],"replies":[{"embeddable":true,"href":"https:\/\/foodandgood.fr\/de\/wp-json\/wp\/v2\/comments?post=86980"}],"version-history":[{"count":1,"href":"https:\/\/foodandgood.fr\/de\/wp-json\/wp\/v2\/etablissement\/86980\/revisions"}],"predecessor-version":[{"id":87065,"href":"https:\/\/foodandgood.fr\/de\/wp-json\/wp\/v2\/etablissement\/86980\/revisions\/87065"}],"wp:attachment":[{"href":"https:\/\/foodandgood.fr\/de\/wp-json\/wp\/v2\/media?parent=86980"}],"curies":[{"name":"wp","href":"https:\/\/api.w.org\/{rel}","templated":true}]}}