 {"id":72824,"date":"2024-04-12T15:21:48","date_gmt":"2024-04-12T13:21:48","guid":{"rendered":"https:\/\/foodandgood.fr\/etablissement\/ortam\/"},"modified":"2024-06-05T19:43:51","modified_gmt":"2024-06-05T17:43:51","slug":"ortam","status":"publish","type":"etablissement","link":"https:\/\/foodandgood.fr\/de\/ortam\/","title":{"rendered":"Ortam"},"excerpt":{"rendered":"<p>F\u00fcr die Familie Tekin war die ZI Nord in Colmar der ideale Standort f\u00fcr ihr Restaurant Ortam.<\/p>\n","protected":false},"author":13,"comment_status":"closed","ping_status":"closed","template":"","meta":{"_acf_changed":false,"beyondwords_generate_audio":"","beyondwords_integration_method":"","beyondwords_project_id":"","beyondwords_content_id":"","beyondwords_preview_token":"","beyondwords_player_content":"","beyondwords_player_style":"","beyondwords_language_code":"","beyondwords_language_id":"","beyondwords_title_voice_id":"","beyondwords_body_voice_id":"","beyondwords_summary_voice_id":"","beyondwords_error_message":"","beyondwords_disabled":"","beyondwords_delete_content":"","beyondwords_podcast_id":"","beyondwords_hash":"","publish_post_to_speechkit":"","speechkit_hash":"","speechkit_generate_audio":"","speechkit_project_id":"","speechkit_podcast_id":"","speechkit_error_message":"","speechkit_disabled":"","speechkit_access_key":"","speechkit_error":"","speechkit_info":"","speechkit_response":"","speechkit_retries":"","speechkit_status":"","speechkit_updated_at":"","_speechkit_link":"","_speechkit_text":""},"class_list":["post-72824","etablissement","type-etablissement","status-publish","has-post-thumbnail","hentry","type-etablissement-internationale-kuche"],"acf":{"id_eta_scn":"","id_app_foodandgood":"","id_exponum":"","abo":[],"etoile_michelin":[],"titre_presentation":"DAS RESTAURANT IST GESCHLOSSEN  <br>F\u00dcR EINEN UNBESTIMMTEN ZEITRAUM  <br>NACH EINEM BRAND","presentation":"<p class=\"p2\">F\u00fcr die Familie Tekin war die ZI Nord in Colmar der ideale Standort f\u00fcr ihr Restaurant Ortam. Dies erm\u00f6glicht einen komfortableren Empfang f\u00fcr die G\u00e4ste (einschlie\u00dflich Parken) und eine stilvolle K\u00fcche, die die t\u00fcrkischen kulinarischen Traditionen respektiert - insbesondere die Grillspezialit\u00e4ten, die wegen ihres unnachahmlichen Geschmacks sehr beliebt sind. Ja, hier wird alles mit Holz und Kohle zubereitet. Die K\u00fcche ist offen, so dass Sie die verschiedenen Kochstellen (Grill, Spie\u00df, Holzofen) und die Fleischsorten sehen k\u00f6nnen, die vor den Augen der G\u00e4ste in aller Ehrlichkeit zubereitet werden. Entdecken Sie die Lammschulter am Spie\u00df, die nur am Wochenende erh\u00e4ltlich ist.<\/p>\n<p class=\"p2\">Das Ziel ist es, die Profis in der Gegend mittags zu verw\u00f6hnen und abends eine vielf\u00e4ltigere Kundschaft zu empfangen.<\/p>\n<p class=\"p2\">In einer au\u00dfergew\u00f6hnlichen Umgebung von 260m2, die geschickt die Reinheit der Moderne mit dem Reichtum der t\u00fcrkischen Traditionen verbindet, sorgt das gesamte Team daf\u00fcr, dass die G\u00e4ste einen einzigartigen Moment erleben.<\/p>\n<p class=\"p2\"><i>Hinweis: Die neue Terrasse wird im Laufe des Monats Mai er\u00f6ffnet. Denken Sie an eine Reservierung!<\/i><\/p>","types_prestation":false,"photo":66573,"photo_bis":66798,"photo_3":66588,"adresse":{"address":"Ortam Grill Restaurant, Rue des Fr\u00e8res Lumi\u00e8re, Colmar, France","lat":48.1111218,"lng":7.3726216,"zoom":7,"place_id":"ChIJCz4zo-xnkUcRFe6l2Uxr6HM","name":"Ortam Grill Restaurant","street_number":15,"street_name":"Rue des Fr\u00e8res Lumi\u00e8re","city":"Colmar","state":"Grand Est","post_code":68000,"country":"France","country_short":"FR"},"horaires":"Montag 12:00-14:00, 18:30-23:00 Uhr\nDienstag Ruhetag\nMittwoch 12:00-14:00, 18:30-23:00 Uhr\nDonnerstag 12:00-14:00, 18:30-23:00 Uhr\nFreitag 12:00-14:00, 18:30-23:00 Uhr\nSamstag 12:00-14:00, 18:30-23:00 Uhr\nSonntag 18:30-23:00","tel":"03 89 20 10 39","boutons":[{"title":"Webseite","link":"https:\/\/ortam-restaurant.eatbu.com\/"}],"boutons_reservation":"","boutons_social":null,"articles":[{"title":"","text":"","image":""}]},"_links":{"self":[{"href":"https:\/\/foodandgood.fr\/de\/wp-json\/wp\/v2\/etablissement\/72824","targetHints":{"allow":["GET"]}}],"collection":[{"href":"https:\/\/foodandgood.fr\/de\/wp-json\/wp\/v2\/etablissement"}],"about":[{"href":"https:\/\/foodandgood.fr\/de\/wp-json\/wp\/v2\/types\/etablissement"}],"author":[{"embeddable":true,"href":"https:\/\/foodandgood.fr\/de\/wp-json\/wp\/v2\/users\/13"}],"replies":[{"embeddable":true,"href":"https:\/\/foodandgood.fr\/de\/wp-json\/wp\/v2\/comments?post=72824"}],"version-history":[{"count":1,"href":"https:\/\/foodandgood.fr\/de\/wp-json\/wp\/v2\/etablissement\/72824\/revisions"}],"predecessor-version":[{"id":74955,"href":"https:\/\/foodandgood.fr\/de\/wp-json\/wp\/v2\/etablissement\/72824\/revisions\/74955"}],"wp:featuredmedia":[{"embeddable":true,"href":"https:\/\/foodandgood.fr\/de\/wp-json\/wp\/v2\/media\/66573"}],"wp:attachment":[{"href":"https:\/\/foodandgood.fr\/de\/wp-json\/wp\/v2\/media?parent=72824"}],"curies":[{"name":"wp","href":"https:\/\/api.w.org\/{rel}","templated":true}]}}