 {"id":72725,"date":"2024-03-20T15:16:09","date_gmt":"2024-03-20T14:16:09","guid":{"rendered":"https:\/\/foodandgood.fr\/etablissement\/die-krone-2\/"},"modified":"2025-08-14T06:34:09","modified_gmt":"2025-08-14T04:34:09","slug":"die-krone-2","status":"publish","type":"etablissement","link":"https:\/\/foodandgood.fr\/de\/die-krone-2\/","title":{"rendered":"La Couronne"},"excerpt":{"rendered":"","protected":false},"author":62,"comment_status":"closed","ping_status":"closed","template":"","meta":{"_acf_changed":false,"beyondwords_generate_audio":"","beyondwords_integration_method":"","beyondwords_project_id":"","beyondwords_content_id":"","beyondwords_preview_token":"","beyondwords_player_content":"","beyondwords_player_style":"","beyondwords_language_code":"","beyondwords_language_id":"","beyondwords_title_voice_id":"","beyondwords_body_voice_id":"","beyondwords_summary_voice_id":"","beyondwords_error_message":"","beyondwords_disabled":"","beyondwords_delete_content":"","beyondwords_podcast_id":"","beyondwords_hash":"","publish_post_to_speechkit":"","speechkit_hash":"","speechkit_generate_audio":"","speechkit_project_id":"","speechkit_podcast_id":"","speechkit_error_message":"","speechkit_disabled":"","speechkit_access_key":"","speechkit_error":"","speechkit_info":"","speechkit_response":"","speechkit_retries":"","speechkit_status":"","speechkit_updated_at":"","_speechkit_link":"","_speechkit_text":""},"class_list":["post-72725","etablissement","type-etablissement","status-publish","has-post-thumbnail","hentry","type-etablissement-franzosische-kuche","type-etablissement-gastronomisches-kochen","type-etablissement-cheques-cadeaux"],"acf":{"id_eta_scn":36269,"id_app_foodandgood":17,"id_exponum":"","abo":["APP"],"etoile_michelin":[],"titre_presentation":"Eine Gourmet-Fahrt im Herzen von Tagsdorf","presentation":"La Couronne befindet sich im Herzen des charmanten Dorfes Tagsdorf und ist mehr als nur ein Restaurant. Seit 2010 wurde das Haus von einem leidenschaftlichen Team in einen einladenden und gem\u00fctlichen Ort verwandelt, der seinen G\u00e4sten ein unvergessliches gastronomisches Erlebnis bieten will. Jeder Besuch im La Couronne ist eine Einladung, eine raffinierte und einfallsreiche K\u00fcche zu entdecken, in der jedes Detail sorgf\u00e4ltig durchdacht ist, um die Sinne zu verw\u00f6hnen.\n\nDie Speisekarte von La Couronne ist eine kulinarische Reise. Chefkoch Benoit, der unbestrittene Meister des Hauses, bietet Ihnen eine Auswahl an Gerichten, die Tradition und Innovation perfekt miteinander verbinden. Jedes Gericht ist ein Kunstwerk, das mit frischen und saisonalen Zutaten zubereitet wird. Benoit legt gro\u00dfen Wert auf die Auswahl der besten Produkte, wobei er kurze Wege und lokale Erzeuger bevorzugt. Dies gew\u00e4hrleistet nicht nur eine einwandfreie Qualit\u00e4t, sondern auch einen authentischen Geschmack bei jedem Bissen.","types_prestation":false,"photo":75904,"photo_bis":64493,"photo_3":"","adresse":{"address":"La Couronne \u00e0 Tagsdorf Restaurant Gastronomique Epicerie fine et sa Table, Rue de Belfort, Tagsdorf, France","lat":47.6189413,"lng":7.297684200000001,"zoom":7,"place_id":"ChIJ72ltaIWRkUcRwG1GjaUI5tQ","name":"La Couronne \u00e0 Tagsdorf Restaurant Gastronomique Epicerie fine et sa Table","street_number":3,"street_name":"Rue de Belfort","city":"Tagsdorf","state":"Grand Est","post_code":68130,"country":"France","country_short":"FR"},"horaires":"Montag: Geschlossen\nDienstag: Geschlossen\nMittwoch: 12:00 - 14:00, 19:00 - 21:00\nDonnerstag: 12:00 - 14:00, 19:00 - 21:00\nFreitag: 12:00 - 14:00, 19:00 - 21:00\nSamstag: 12:00 - 14:00, 19:00 - 21:00\nSonntag: 12:00 - 14:00, 19:00 - 21:00","tel":"03 89 08 80 66","boutons":[{"title":"Internetseite","link":"https:\/\/www.lacouronne-tagsdorf.fr\/"},{"title":"Men\u00fcs","link":"https:\/\/www.lacouronne-tagsdorf.fr\/restaurant\/les-menus\/"},{"title":"Geschenkgutscheine","link":"https:\/\/aji-box.com\/-\/Restaurant-la-Couronne\/"}],"boutons_reservation":"","boutons_social":null,"articles":[{"title":"","text":"Die Eing\u00e4nge in La Couronne er\u00f6ffnen den Reigen mit verlockenden und vielf\u00e4ltigen Angeboten. Ob Sie nun Meeresfr\u00fcchte, Fleisch oder Gem\u00fcse m\u00f6gen, Sie werden unter den k\u00fchnen und schmackhaften Kreationen Ihr Gl\u00fcck finden. Die Hauptgerichte setzen diese Geschmacksreise fort, mit Rezepten, die zwischen Tradition und Moderne schwanken. Jeder Teller ist eine harmonische Mischung aus Texturen und Geschm\u00e4ckern, die das Talent und die Leidenschaft des K\u00fcchenchefs widerspiegeln.\n\nDie Desserts sind der perfekte Abschluss dieses Festmahls. Sie werden mit dem gleichen Anspruch und der gleichen Kreativit\u00e4t wie der Rest der Speisekarte zubereitet und sind eine wahre Einladung zum Schlemmen. Die hausgemachten Kuchen, das frische Obst und die Schokoladenkreationen werden Ihnen einen bleibenden Eindruck hinterlassen.\n\nDie Atmosph\u00e4re in La Couronne ist g\u00fcnstig f\u00fcr Momente des Austauschs und der Geselligkeit. Ob es sich um ein Abendessen zu zweit, ein Familientreffen oder ein Gesch\u00e4ftsessen handelt, das Team von La Couronne sorgt daf\u00fcr, dass jeder Gast einen angenehmen und unvergesslichen Moment erlebt. Der Service ist aufmerksam und pers\u00f6nlich und erf\u00fcllt Ihre Bed\u00fcrfnisse mit Diskretion und Effizienz.","image":75904}]},"_links":{"self":[{"href":"https:\/\/foodandgood.fr\/de\/wp-json\/wp\/v2\/etablissement\/72725","targetHints":{"allow":["GET"]}}],"collection":[{"href":"https:\/\/foodandgood.fr\/de\/wp-json\/wp\/v2\/etablissement"}],"about":[{"href":"https:\/\/foodandgood.fr\/de\/wp-json\/wp\/v2\/types\/etablissement"}],"author":[{"embeddable":true,"href":"https:\/\/foodandgood.fr\/de\/wp-json\/wp\/v2\/users\/62"}],"replies":[{"embeddable":true,"href":"https:\/\/foodandgood.fr\/de\/wp-json\/wp\/v2\/comments?post=72725"}],"version-history":[{"count":1,"href":"https:\/\/foodandgood.fr\/de\/wp-json\/wp\/v2\/etablissement\/72725\/revisions"}],"predecessor-version":[{"id":75923,"href":"https:\/\/foodandgood.fr\/de\/wp-json\/wp\/v2\/etablissement\/72725\/revisions\/75923"}],"wp:featuredmedia":[{"embeddable":true,"href":"https:\/\/foodandgood.fr\/de\/wp-json\/wp\/v2\/media\/64487"}],"wp:attachment":[{"href":"https:\/\/foodandgood.fr\/de\/wp-json\/wp\/v2\/media?parent=72725"}],"curies":[{"name":"wp","href":"https:\/\/api.w.org\/{rel}","templated":true}]}}