 {"id":72648,"date":"2024-03-20T11:58:25","date_gmt":"2024-03-20T10:58:25","guid":{"rendered":"https:\/\/foodandgood.fr\/etablissement\/restaurant-les-semailles\/"},"modified":"2024-06-07T11:18:39","modified_gmt":"2024-06-07T09:18:39","slug":"restaurant-les-semailles","status":"publish","type":"etablissement","link":"https:\/\/foodandgood.fr\/de\/restaurant-les-semailles\/","title":{"rendered":"Restaurant Les Semailles"},"excerpt":{"rendered":"","protected":false},"author":1,"comment_status":"closed","ping_status":"closed","template":"","meta":{"_acf_changed":false,"beyondwords_generate_audio":"","beyondwords_integration_method":"","beyondwords_project_id":"","beyondwords_content_id":"","beyondwords_preview_token":"","beyondwords_player_content":"","beyondwords_player_style":"","beyondwords_language_code":"","beyondwords_language_id":"","beyondwords_title_voice_id":"","beyondwords_body_voice_id":"","beyondwords_summary_voice_id":"","beyondwords_error_message":"","beyondwords_disabled":"","beyondwords_delete_content":"","beyondwords_podcast_id":"","beyondwords_hash":"","publish_post_to_speechkit":"","speechkit_hash":"","speechkit_generate_audio":"","speechkit_project_id":"","speechkit_podcast_id":"","speechkit_error_message":"","speechkit_disabled":"","speechkit_access_key":"","speechkit_error":"","speechkit_info":"","speechkit_response":"","speechkit_retries":"","speechkit_status":"","speechkit_updated_at":"","_speechkit_link":"","_speechkit_text":""},"class_list":["post-72648","etablissement","type-etablissement","status-publish","has-post-thumbnail","hentry","type-etablissement-gastronomisches-kochen"],"acf":{"id_eta_scn":"","id_app_foodandgood":"","id_exponum":"","abo":[],"etoile_michelin":[],"titre_presentation":"Gourmet-Restaurant La Wantzenau","presentation":"Mit seiner Erfahrung hinter dem Herd ist Jean-Michel LOESSEL ein wahrer Handwerker in der K\u00fcche. Seine Leidenschaft f\u00fcr seinen Beruf ist in jeder seiner Kreationen zu sp\u00fcren, in denen sich Geschmack, Textur und Harmonie zu schmackhaften und gro\u00dfz\u00fcgigen Gerichten vereinen. Die K\u00fcche entwickelt sich mit den Jahreszeiten und passt sich den frischen und saisonalen Produkten an, um bei jedem Besuch ein authentisches Geschmackserlebnis zu garantieren.\n\nBei \"Les Semailles\" wird alles bis ins kleinste Detail durchdacht, um das Produkt zu veredeln. Jede Zutat wird sorgf\u00e4ltig ausgew\u00e4hlt, jede Kochtechnik wird perfekt beherrscht. Das Ergebnis? Eine Autorenk\u00fcche, in der Originalit\u00e4t und Kreativit\u00e4t harmonisch miteinander verbunden sind, um auch den anspruchsvollsten Gaumen zu begeistern.\n\nDie Umgebung des Restaurants \"Les Semailles\" ist wie die K\u00fcche: warm, zeitgem\u00e4\u00df und intim. In dieser gem\u00fctlichen Umgebung k\u00f6nnen die G\u00e4ste ihre Mahlzeit in aller Ruhe genie\u00dfen, weit weg von der Hektik des Alltags. Ob f\u00fcr einen besonderen Anlass oder einfach nur, um sich selbst zu verw\u00f6hnen, \"Les Semailles\" ist die ideale Adresse f\u00fcr einen unvergesslichen gastronomischen Ausflug.","types_prestation":false,"photo":64419,"photo_bis":64425,"photo_3":64430,"adresse":{"address":"Les Semailles - Restaurant Gastronomique Strasbourg La Wantzenau, Rue du Petit Magmod, La Wantzenau, France","lat":48.6571881,"lng":7.837084499999999,"zoom":7,"place_id":"ChIJU7MUbizElkcRDWAKKQ04lP4","name":"Les Semailles - Restaurant Gastronomique Strasbourg La Wantzenau","street_number":10,"street_name":"Rue du Petit Magmod","city":"La Wantzenau","state":"Grand Est","post_code":67610,"country":"France","country_short":"FR"},"horaires":"Montag 12:00-13:45, 19:00-21:00 Uhr\nDienstag Ruhetag\nMittwoch Ruhetag\nDonnerstag 12:00-13:45, 19:00-21:00\nFreitag 12:00-13:45, 19:00-21:00\nSamstag 12:00-13:45, 19:00-21:00\nSonntag 12:00-13:45","tel":"03 88 96 38 38","boutons":[{"title":"Webseite","link":"https:\/\/restaurant-semailles.fr\/"},{"title":"Geschenkgutschein","link":"https:\/\/aji-box.com\/boutique\/les-semailles\/"},{"title":"Die Karte","link":"https:\/\/restaurant-semailles.fr\/wp-content\/uploads\/2021\/07\/Carte-230422provi.pdf"}],"boutons_reservation":"","boutons_social":null,"articles":[{"title":"","text":"","image":""}]},"_links":{"self":[{"href":"https:\/\/foodandgood.fr\/de\/wp-json\/wp\/v2\/etablissement\/72648","targetHints":{"allow":["GET"]}}],"collection":[{"href":"https:\/\/foodandgood.fr\/de\/wp-json\/wp\/v2\/etablissement"}],"about":[{"href":"https:\/\/foodandgood.fr\/de\/wp-json\/wp\/v2\/types\/etablissement"}],"author":[{"embeddable":true,"href":"https:\/\/foodandgood.fr\/de\/wp-json\/wp\/v2\/users\/1"}],"replies":[{"embeddable":true,"href":"https:\/\/foodandgood.fr\/de\/wp-json\/wp\/v2\/comments?post=72648"}],"version-history":[{"count":1,"href":"https:\/\/foodandgood.fr\/de\/wp-json\/wp\/v2\/etablissement\/72648\/revisions"}],"predecessor-version":[{"id":77458,"href":"https:\/\/foodandgood.fr\/de\/wp-json\/wp\/v2\/etablissement\/72648\/revisions\/77458"}],"wp:featuredmedia":[{"embeddable":true,"href":"https:\/\/foodandgood.fr\/de\/wp-json\/wp\/v2\/media\/64419"}],"wp:attachment":[{"href":"https:\/\/foodandgood.fr\/de\/wp-json\/wp\/v2\/media?parent=72648"}],"curies":[{"name":"wp","href":"https:\/\/api.w.org\/{rel}","templated":true}]}}