 {"id":34424,"date":"2023-01-16T10:51:10","date_gmt":"2023-01-16T09:51:10","guid":{"rendered":"https:\/\/foodandgood.fr\/etablissement\/gebaeck-naegel\/"},"modified":"2024-06-19T13:11:15","modified_gmt":"2024-06-19T11:11:15","slug":"gebaeck-naegel","status":"publish","type":"etablissement","link":"https:\/\/foodandgood.fr\/de\/gebaeck-naegel\/","title":{"rendered":"P\u00e2tisserie Naegel"},"excerpt":{"rendered":"<p>La P\u00e2tisserie Naegel ist eine unumg\u00e4ngliche Adresse in Stra\u00dfburg! Es besteht seit 1927 und wird heute von der 3. Generation gef\u00fchrt. Mit einem qualifizierten und effizienten Team empf\u00e4ngt Sie die Konditorei mit gro\u00dfer Freundlichkeit.<\/p>\n","protected":false},"author":13,"comment_status":"closed","ping_status":"closed","template":"","meta":{"_acf_changed":false,"beyondwords_generate_audio":"","beyondwords_integration_method":"","beyondwords_project_id":"","beyondwords_content_id":"","beyondwords_preview_token":"","beyondwords_player_content":"","beyondwords_player_style":"","beyondwords_language_code":"","beyondwords_language_id":"","beyondwords_title_voice_id":"","beyondwords_body_voice_id":"","beyondwords_summary_voice_id":"","beyondwords_error_message":"","beyondwords_disabled":"","beyondwords_delete_content":"","beyondwords_podcast_id":"","beyondwords_hash":"","publish_post_to_speechkit":"","speechkit_hash":"","speechkit_generate_audio":"","speechkit_project_id":"","speechkit_podcast_id":"","speechkit_error_message":"","speechkit_disabled":"","speechkit_access_key":"","speechkit_error":"","speechkit_info":"","speechkit_response":"","speechkit_retries":"","speechkit_status":"","speechkit_updated_at":"","_speechkit_link":"","_speechkit_text":""},"class_list":["post-34424","etablissement","type-etablissement","status-publish","has-post-thumbnail","hentry","type-etablissement-suse-pause"],"acf":{"id_eta_scn":"","id_app_foodandgood":"","id_exponum":"","abo":[],"etoile_michelin":[],"titre_presentation":"Perfekt beherrschte Aromen","presentation":"La P\u00e2tisserie Naegel ist eine unumg\u00e4ngliche Adresse in Stra\u00dfburg! Es besteht seit 1927 und wird heute von der 3. Generation gef\u00fchrt. Mit einem qualifizierten und effizienten Team empf\u00e4ngt Sie die Konditorei mit gro\u00dfer Freundlichkeit.\n\nHalten Sie an, um eine Pause zu machen, salzig oder s\u00fc\u00df, die Aromen sind immer richtig und perfekt beherrscht. Chefkoch Pierre Naegel l\u00e4sst sich von den gro\u00dfen Klassikern inspirieren, deren Geschmack und Texturmischungen er bevorzugt: cremige Geb\u00e4ckcreme, knuspriges Pralin, Luftmousses.\n\nLassen Sie sich im Sommer von einem ihrer gefrorenen Desserts, Himbeere, Vanille, Kokosnuss ... Es ist f\u00fcr jeden etwas dabei! Im Topf oder Dessert und was auch immer der dominierende Duft ist, hausgemachtes Eis bleibt der beste Weg, um ein wenig Frische unter der Sonne zu finden.\n\nErwecken Sie diesen Winter Ihre Kindheitserinnerungen! Manneles, Bredeles, Lebkuchen mit Kastanienhonig. Feiern Sie die Feiertage mit Gourmet-Gourmet-Produkten in einer Catering-Version.\n\nErliegen Sie den k\u00f6stlichen gefrorenen Baumst\u00e4mmen und Geb\u00e4ck.","types_prestation":false,"photo":25865,"photo_bis":7024,"photo_3":84044,"adresse":{"address":"Naegel, Rue des Orf\u00e8vres, Strasbourg, France","lat":48.5825548,"lng":7.7490698,"zoom":7,"place_id":"ChIJrQZjQVLIlkcR4odmgZrkQtA","name":"Naegel","street_number":9,"street_name":"Rue des Orf\u00e8vres","city":"Strasbourg","state":"Grand Est","post_code":67000,"country":"France","country_short":"FR"},"horaires":"Montag: Geschlossen\nDienstag: 08:30 - 18:00\nMittwoch: 08:30 - 18:00 Uhr\nDonnerstag: 08:30 - 18:00\nFreitag: 08:00 - 18:00 Uhr\nSamstag: 08:00 - 17:00 Uhr\nSonntag: Geschlossen","tel":"03 88 32 82 86","boutons":[{"title":"Webseite","link":"http:\/\/maison-naegel.com\/"},{"title":"Karte der K\u00f6stlichkeiten","link":"https:\/\/www.maison-naegel.com\/16-la-carte-des-delices"}],"boutons_reservation":"","boutons_social":null,"articles":[{"title":"","text":"","image":""}]},"_links":{"self":[{"href":"https:\/\/foodandgood.fr\/de\/wp-json\/wp\/v2\/etablissement\/34424","targetHints":{"allow":["GET"]}}],"collection":[{"href":"https:\/\/foodandgood.fr\/de\/wp-json\/wp\/v2\/etablissement"}],"about":[{"href":"https:\/\/foodandgood.fr\/de\/wp-json\/wp\/v2\/types\/etablissement"}],"author":[{"embeddable":true,"href":"https:\/\/foodandgood.fr\/de\/wp-json\/wp\/v2\/users\/13"}],"replies":[{"embeddable":true,"href":"https:\/\/foodandgood.fr\/de\/wp-json\/wp\/v2\/comments?post=34424"}],"version-history":[{"count":2,"href":"https:\/\/foodandgood.fr\/de\/wp-json\/wp\/v2\/etablissement\/34424\/revisions"}],"predecessor-version":[{"id":55498,"href":"https:\/\/foodandgood.fr\/de\/wp-json\/wp\/v2\/etablissement\/34424\/revisions\/55498"}],"wp:featuredmedia":[{"embeddable":true,"href":"https:\/\/foodandgood.fr\/de\/wp-json\/wp\/v2\/media\/25865"}],"wp:attachment":[{"href":"https:\/\/foodandgood.fr\/de\/wp-json\/wp\/v2\/media?parent=34424"}],"curies":[{"name":"wp","href":"https:\/\/api.w.org\/{rel}","templated":true}]}}