 {"id":33936,"date":"2023-01-09T09:18:23","date_gmt":"2023-01-09T08:18:23","guid":{"rendered":"https:\/\/foodandgood.fr\/etablissement\/bally-antiquitaeten\/"},"modified":"2024-06-17T16:32:17","modified_gmt":"2024-06-17T14:32:17","slug":"bally-antiquitaeten","status":"publish","type":"etablissement","link":"https:\/\/foodandgood.fr\/de\/bally-antiquitaeten\/","title":{"rendered":"Antiquit\u00e9s Bally"},"excerpt":{"rendered":"","protected":false},"author":13,"comment_status":"closed","ping_status":"closed","template":"","meta":{"_acf_changed":false,"beyondwords_generate_audio":"","beyondwords_integration_method":"","beyondwords_project_id":"","beyondwords_content_id":"","beyondwords_preview_token":"","beyondwords_player_content":"","beyondwords_player_style":"","beyondwords_language_code":"","beyondwords_language_id":"","beyondwords_title_voice_id":"","beyondwords_body_voice_id":"","beyondwords_summary_voice_id":"","beyondwords_error_message":"","beyondwords_disabled":"","beyondwords_delete_content":"","beyondwords_podcast_id":"","beyondwords_hash":"","publish_post_to_speechkit":"","speechkit_hash":"","speechkit_generate_audio":"","speechkit_project_id":"","speechkit_podcast_id":"","speechkit_error_message":"","speechkit_disabled":"","speechkit_access_key":"","speechkit_error":"","speechkit_info":"","speechkit_response":"","speechkit_retries":"","speechkit_status":"","speechkit_updated_at":"","_speechkit_link":"","_speechkit_text":""},"class_list":["post-33936","etablissement","type-etablissement","status-publish","has-post-thumbnail","hentry","type-etablissement-kulinarisch-einkaufen"],"acf":{"id_eta_scn":"","id_app_foodandgood":"","id_exponum":"","abo":[],"etoile_michelin":[],"titre_presentation":"Denken Sie, Sie haben einen Schatz zu Hause?","presentation":"Das Gesch\u00e4ft \"Antiquit\u00e9s Bally\" ist auf den Verkauf von antikem Glas spezialisiert und bietet auch M\u00f6bel, Leuchten und Gem\u00e4lde an.\n\nAn der Spitze der Familienantiquit\u00e4t tritt Sandra Bally in die Fu\u00dfstapfen ihres Vaters Maurice Bally.\n\nSandra Bally begeistert sich f\u00fcr die Erforschung und Entdeckung seltener Objekte und ist auch eine Expertin f\u00fcr Glaswaren, antike Kronleuchter und luxuri\u00f6se Kristallglaswaren. Sie kennt alle Geheimnisse der gro\u00dfen H\u00e4user wie Baccarat, Saint-Louis und Lalique.\n\nOb Ihre Anfrage Gem\u00e4lde, Schmuckst\u00fccke oder M\u00f6bel aus allen Epochen betrifft, sie wird Sie beim Kauf oder Verkauf Ihrer Waren begleiten.\n\nIn-Home-Expertise ist kostenlos.","types_prestation":false,"photo":43924,"photo_bis":43948,"photo_3":83210,"adresse":{"address":"Antiquit\u00e9s BALLY, Rue Mangold, Colmar, France","lat":48.07750199999999,"lng":7.3600168,"zoom":7,"place_id":"ChIJcZl3oeZlkUcRmp5p7JWGx7M","name":"Antiquit\u00e9s BALLY","street_number":3,"street_name":"Rue Mangold","city":"Colmar","state":"Grand Est","post_code":68000,"country":"France","country_short":"FR"},"horaires":"Montag: 14:00 - 19:00 Uhr\nDienstag: 14:00 - 19:00 Uhr\nMittwoch: 14:00 - 19:00 Uhr\nDonnerstag: 14:00 - 19:00\nFreitag: 14:00 - 19:00 Uhr\nSamstag: 11:00 - 19:00 Uhr\nSonntag: Geschlossen","tel":"03 89 23 63 71","boutons":[{"title":"Webseite","link":"https:\/\/antiquite-bally.fr\/"}],"boutons_reservation":"","boutons_social":null,"articles":[{"title":"","text":"","image":""}]},"_links":{"self":[{"href":"https:\/\/foodandgood.fr\/de\/wp-json\/wp\/v2\/etablissement\/33936","targetHints":{"allow":["GET"]}}],"collection":[{"href":"https:\/\/foodandgood.fr\/de\/wp-json\/wp\/v2\/etablissement"}],"about":[{"href":"https:\/\/foodandgood.fr\/de\/wp-json\/wp\/v2\/types\/etablissement"}],"author":[{"embeddable":true,"href":"https:\/\/foodandgood.fr\/de\/wp-json\/wp\/v2\/users\/13"}],"replies":[{"embeddable":true,"href":"https:\/\/foodandgood.fr\/de\/wp-json\/wp\/v2\/comments?post=33936"}],"version-history":[{"count":1,"href":"https:\/\/foodandgood.fr\/de\/wp-json\/wp\/v2\/etablissement\/33936\/revisions"}],"predecessor-version":[{"id":36284,"href":"https:\/\/foodandgood.fr\/de\/wp-json\/wp\/v2\/etablissement\/33936\/revisions\/36284"}],"wp:featuredmedia":[{"embeddable":true,"href":"https:\/\/foodandgood.fr\/de\/wp-json\/wp\/v2\/media\/43924"}],"wp:attachment":[{"href":"https:\/\/foodandgood.fr\/de\/wp-json\/wp\/v2\/media?parent=33936"}],"curies":[{"name":"wp","href":"https:\/\/api.w.org\/{rel}","templated":true}]}}