 {"id":33344,"date":"2022-12-19T12:14:30","date_gmt":"2022-12-19T11:14:30","guid":{"rendered":"https:\/\/foodandgood.fr\/etablissement\/hostels-le-tanet\/"},"modified":"2024-06-17T15:53:42","modified_gmt":"2024-06-17T13:53:42","slug":"hostels-le-tanet","status":"publish","type":"etablissement","link":"https:\/\/foodandgood.fr\/de\/hostels-le-tanet\/","title":{"rendered":"Auberge du Tanet Seestaedtle"},"excerpt":{"rendered":"","protected":false},"author":13,"comment_status":"closed","ping_status":"closed","template":"","meta":{"_acf_changed":false,"beyondwords_generate_audio":"","beyondwords_integration_method":"","beyondwords_project_id":"","beyondwords_content_id":"","beyondwords_preview_token":"","beyondwords_player_content":"","beyondwords_player_style":"","beyondwords_language_code":"","beyondwords_language_id":"","beyondwords_title_voice_id":"","beyondwords_body_voice_id":"","beyondwords_summary_voice_id":"","beyondwords_error_message":"","beyondwords_disabled":"","beyondwords_delete_content":"","beyondwords_podcast_id":"","beyondwords_hash":"","publish_post_to_speechkit":"","speechkit_hash":"","speechkit_generate_audio":"","speechkit_project_id":"","speechkit_podcast_id":"","speechkit_error_message":"","speechkit_disabled":"","speechkit_access_key":"","speechkit_error":"","speechkit_info":"","speechkit_response":"","speechkit_retries":"","speechkit_status":"","speechkit_updated_at":"","_speechkit_link":"","_speechkit_text":""},"class_list":["post-33344","etablissement","type-etablissement","status-publish","has-post-thumbnail","hentry","type-etablissement-elsassische-kuche","type-etablissement-farm-hostel"],"acf":{"id_eta_scn":"","id_app_foodandgood":"","id_exponum":"","abo":[],"etoile_michelin":[],"titre_presentation":"Eine Gourmet-Pause, die die Gipfel ber\u00fchrt","presentation":"Am Fu\u00dfe der Tanet-Klippe gelegen, ist die Auberge du Tanet \"Seestaedtle\" von einer au\u00dfergew\u00f6hnlichen nat\u00fcrlichen Umgebung umgeben. In unmittelbarer N\u00e4he des Lac Vert und nicht weit vom Col de la Schlucht entfernt, sind Liebhaber von Wandern und Weiten (oder Skifahren im Winter!) von diesem hochwertigen gastronomischen Stopp begeistert.\n\nDie Jugendherberge ist sehr gut \u00fcber die Schluchtstra\u00dfe zu erreichen. Es ist weniger als 30 Minuten von Munster, La Bresse und G\u00e9rardmer entfernt, sowie auf der Achse der Wege und Wanderwege zwischen den P\u00e4ssen Schlucht, Wettstein und Calvaire. Es ist ein idealer Ausgangspunkt f\u00fcr alle Wanderungen und sportlichen Aktivit\u00e4ten.\n\nIm Speisesaal oder auf der Terrasse dieses h\u00fcbschen Steingeb\u00e4udes mit roten Fensterl\u00e4den genie\u00dfen Sie einen atemberaubenden Blick auf die Berge. Die Atmosph\u00e4re und Dekoration sind im Bild des Ortes: gro\u00dfz\u00fcgig, warm und ohne viel Aufhebens. Die Einrichtung, ganz aus Holz, dr\u00fcckt die Freuden einer hochwertigen lokalen K\u00fcche aus.","types_prestation":false,"photo":27206,"photo_bis":7628,"photo_3":83092,"adresse":{"address":"Auberge du Tanet Seestaedtle, Soultzeren, France","lat":48.0827963,"lng":7.058208599999999,"zoom":7,"place_id":"ChIJGQP-Gpbbk0cR2PjCKEOrz1c","name":"Auberge du Tanet Seestaedtle","city":"Soultzeren","state":"Grand Est","post_code":68140,"country":"France","country_short":"FR"},"horaires":"Montag: Geschlossen\nDienstag: Geschlossen\nMittwoch: 09:30 - 17:30 Uhr\nDonnerstag: 09:30 - 17:30\nFreitag: 09:30 - 17:30\nSamstag: 09:30 - 23:00\nSonntag: 09:30 - 17:30","tel":"03 89 77 41 42","boutons":[{"title":"Webseite","link":"http:\/\/www.aubergedutanet.com\/"},{"title":"Karte","link":"https:\/\/www.aubergedutanet.com\/notre-carte"}],"boutons_reservation":"","boutons_social":null,"articles":[{"title":"","text":"Der aus Soultzeren stammende K\u00fcchenchef Patrick Kempf hat sich aus Liebe zum Skifahren und zur Umwelt in Tanet niedergelassen. Vom Tal aus folgten ihm seine Erfahrung und sein Ruf auf die Gipfel. Heute gedeiht es durch eine moderne hausgemachte K\u00fcche, die die kleinen Produzenten in der Region hervorhebt. Sein K\u00f6nnen, seine Kreativit\u00e4t und sein Einsatz verk\u00f6rpern auf innovative Weise alle Traditionen des Elsass und der Vogesen.","image":7627},{"title":"","text":"Zwischen Fisch-, Fleisch- und K\u00e4sespezialit\u00e4ten offenbart die Speisekarte eine vorteilhafte Vielfalt, ohne zu viel zu tun, um die Frische der Gerichte zu garantieren. Beachten Sie, dass Eis und Sorbets auch hausgemacht sind!\n\nAm Ende eines sch\u00f6nen Ausflugs z\u00f6gern wir nicht zwischen dem \"Filet de Bar \u00e0 la plancha, Gem\u00fcse vom Markt, Kartoffelspie\u00dfe\" oder dem traditionellen \"Kuchen des Munstertals\", garniert mit einer leckeren und flauschigen F\u00fcllung auf Kalbs- und Schweinefleischbasis. Schlie\u00dflich treibt uns unsere Neugier zum \"Schlitte glac\u00e9e\", einem original gefrorenen Baiser, das vom K\u00fcchenchef kreiert wurde.","image":7625}]},"_links":{"self":[{"href":"https:\/\/foodandgood.fr\/de\/wp-json\/wp\/v2\/etablissement\/33344","targetHints":{"allow":["GET"]}}],"collection":[{"href":"https:\/\/foodandgood.fr\/de\/wp-json\/wp\/v2\/etablissement"}],"about":[{"href":"https:\/\/foodandgood.fr\/de\/wp-json\/wp\/v2\/types\/etablissement"}],"author":[{"embeddable":true,"href":"https:\/\/foodandgood.fr\/de\/wp-json\/wp\/v2\/users\/13"}],"replies":[{"embeddable":true,"href":"https:\/\/foodandgood.fr\/de\/wp-json\/wp\/v2\/comments?post=33344"}],"version-history":[{"count":2,"href":"https:\/\/foodandgood.fr\/de\/wp-json\/wp\/v2\/etablissement\/33344\/revisions"}],"predecessor-version":[{"id":83071,"href":"https:\/\/foodandgood.fr\/de\/wp-json\/wp\/v2\/etablissement\/33344\/revisions\/83071"}],"wp:featuredmedia":[{"embeddable":true,"href":"https:\/\/foodandgood.fr\/de\/wp-json\/wp\/v2\/media\/27206"}],"wp:attachment":[{"href":"https:\/\/foodandgood.fr\/de\/wp-json\/wp\/v2\/media?parent=33344"}],"curies":[{"name":"wp","href":"https:\/\/api.w.org\/{rel}","templated":true}]}}