 {"id":32176,"date":"2022-06-08T10:53:44","date_gmt":"2022-06-08T08:53:44","guid":{"rendered":"https:\/\/foodandgood.fr\/etablissement\/schloss-isenburg\/"},"modified":"2024-06-12T18:03:29","modified_gmt":"2024-06-12T16:03:29","slug":"schloss-isenburg","status":"publish","type":"etablissement","link":"https:\/\/foodandgood.fr\/de\/schloss-isenburg\/","title":{"rendered":"Ch\u00e2teau d'Isenbourg"},"excerpt":{"rendered":"","protected":false},"author":1,"comment_status":"closed","ping_status":"closed","template":"","meta":{"_acf_changed":false,"beyondwords_generate_audio":"","beyondwords_integration_method":"","beyondwords_project_id":"","beyondwords_content_id":"","beyondwords_preview_token":"","beyondwords_player_content":"","beyondwords_player_style":"","beyondwords_language_code":"","beyondwords_language_id":"","beyondwords_title_voice_id":"","beyondwords_body_voice_id":"","beyondwords_summary_voice_id":"","beyondwords_error_message":"","beyondwords_disabled":"","beyondwords_delete_content":"","beyondwords_podcast_id":"","beyondwords_hash":"","publish_post_to_speechkit":"","speechkit_hash":"","speechkit_generate_audio":"","speechkit_project_id":"","speechkit_podcast_id":"","speechkit_error_message":"","speechkit_disabled":"","speechkit_access_key":"","speechkit_error":"","speechkit_info":"","speechkit_response":"","speechkit_retries":"","speechkit_status":"","speechkit_updated_at":"","_speechkit_link":"","_speechkit_text":""},"class_list":["post-32176","etablissement","type-etablissement","status-publish","has-post-thumbnail","hentry","type-etablissement-franzosische-kuche","type-etablissement-gastronomisches-kochen","type-etablissement-schlafen"],"acf":{"id_eta_scn":"","id_app_foodandgood":"","id_exponum":"","abo":[],"etoile_michelin":[],"titre_presentation":"Bemerkenswerte Aussicht f\u00fcr k\u00f6stliche Momente","presentation":"Das Ch\u00e2teau d'Isenbourg & Spa ist ein historisches Wahrzeichen aus dem Mittelalter und empf\u00e4ngt seine G\u00e4ste in einer au\u00dfergew\u00f6hnlichen Umgebung mit Blick auf das Dorf Rouffach.\n\nAuf der ber\u00fchmten els\u00e4ssischen Weinstra\u00dfe, einige Kilometer von Colmar entfernt, liegt das Ch\u00e2teau d'Isenbourg, umgeben von 5 Hektar Weinbergen, \u00fcber der Altstadt von Rouffach und bietet ein herrliches Panorama: die Rheinebene und den Schwarzwald in der Ferne, die Ausl\u00e4ufer der Vogesen.\n\nIm Restaurant \"Les Tommeries\" dieses 5* Ch\u00e2teau-Hotels genie\u00dfen Sie das herrliche Panoramazimmer oder die gro\u00dfe Terrasse mit Blick auf den Clos du Ch\u00e2teau und den Schwarzwald.\nK\u00fcchenchef Matthias Lingelser bereitet Gourmetk\u00fcche aus regionalen Produkten zu und hebt lokale Produzenten hervor.\n\nWie zum Beispiel das Freilandhuhn vom Dirringer Hof in Dessenheim wird es zu \"Das Grillfilet, die geschmorte Keule mit Eisenkrautbeeren, Pilzen, gekr\u00f6nten Karotten und Zwiebelbl\u00e4ttern mit Heu\" sublimiert.","types_prestation":false,"photo":27621,"photo_bis":6530,"photo_3":81784,"adresse":{"address":"Chateau d'Isenbourg & Spa, Rue de Pfaffenheim, Rouffach, France","lat":47.9628494,"lng":7.296536400000001,"zoom":7,"place_id":"ChIJKyz-a6l7kUcRZ96SqbfIeds","name":"Chateau d'Isenbourg & Spa","street_number":"9-11","street_name":"Rue de Pfaffenheim","city":"Rouffach","state":"Grand Est","post_code":68250,"country":"France","country_short":"FR"},"horaires":"T\u00e4glich ge\u00f6ffnet.","tel":"03 89 78 58 50","boutons":[{"title":"Webseite","link":"https:\/\/www.grandesetapes.com\/chateau-hotel-isenbourg-alsace?utm_source=google&utm_medium=gmb&utm_campaign=gmb-ise"},{"title":"Karte und Men\u00fcs","link":"https:\/\/www.restaurantlestommeries.fr\/cartes-menus?utm_source=www.grandesetapes.com&utm_medium=referral"}],"boutons_reservation":"","boutons_social":null,"articles":[{"title":"","text":"<h2>Berauschende Entdeckungen<\/h2>\nEntdecken Sie f\u00fcr diesen Winter das Orzo-Risotto mit Garnelen und Biskuitsauce oder das bei 64 \u00b0 C gekochte Ei, Sellerie- und Tr\u00fcffelbuttersauce.\nLassen Sie sich auf der s\u00fc\u00dfen Seite von der Arlette Schokolade und Eis Stracciatella oder der perfekten glasierten Himbeere und \u00c4pfel in Oliven\u00f6l kandiert verf\u00fchren.\n\nEntdecken Sie derzeit den Kabeljau der C\u00f4tes d'Armor: gegrilltes Pav\u00e9, Knoblauchcreme, Steckr\u00fcbenconfit mit Myrte, Tapioka und Gardiane-Sauce.\nZum Nachtisch das Souffl\u00e9 mit Holunderbl\u00fcten und Ribeauvill\u00e9-Lik\u00f6r, Heidelbeer-Himbeerherz, Clementinensorbet.","image":6531},{"title":"","text":"","image":""}]},"_links":{"self":[{"href":"https:\/\/foodandgood.fr\/de\/wp-json\/wp\/v2\/etablissement\/32176","targetHints":{"allow":["GET"]}}],"collection":[{"href":"https:\/\/foodandgood.fr\/de\/wp-json\/wp\/v2\/etablissement"}],"about":[{"href":"https:\/\/foodandgood.fr\/de\/wp-json\/wp\/v2\/types\/etablissement"}],"author":[{"embeddable":true,"href":"https:\/\/foodandgood.fr\/de\/wp-json\/wp\/v2\/users\/1"}],"replies":[{"embeddable":true,"href":"https:\/\/foodandgood.fr\/de\/wp-json\/wp\/v2\/comments?post=32176"}],"version-history":[{"count":1,"href":"https:\/\/foodandgood.fr\/de\/wp-json\/wp\/v2\/etablissement\/32176\/revisions"}],"predecessor-version":[{"id":36768,"href":"https:\/\/foodandgood.fr\/de\/wp-json\/wp\/v2\/etablissement\/32176\/revisions\/36768"}],"wp:featuredmedia":[{"embeddable":true,"href":"https:\/\/foodandgood.fr\/de\/wp-json\/wp\/v2\/media\/27621"}],"wp:attachment":[{"href":"https:\/\/foodandgood.fr\/de\/wp-json\/wp\/v2\/media?parent=32176"}],"curies":[{"name":"wp","href":"https:\/\/api.w.org\/{rel}","templated":true}]}}