 {"id":31074,"date":"2022-01-13T10:50:37","date_gmt":"2022-01-13T09:50:37","guid":{"rendered":"https:\/\/foodandgood.fr\/etablissement\/il-cortile\/"},"modified":"2024-09-02T15:18:31","modified_gmt":"2024-09-02T13:18:31","slug":"restaurant-il-cortile-mulhouse","status":"publish","type":"etablissement","link":"https:\/\/foodandgood.fr\/de\/restaurant-il-cortile-mulhouse\/","title":{"rendered":"Il Cortile"},"excerpt":{"rendered":"","protected":false},"author":1,"comment_status":"closed","ping_status":"closed","template":"","meta":{"_acf_changed":false,"beyondwords_generate_audio":"","beyondwords_integration_method":"","beyondwords_project_id":"","beyondwords_content_id":"","beyondwords_preview_token":"","beyondwords_player_content":"","beyondwords_player_style":"","beyondwords_language_code":"","beyondwords_language_id":"","beyondwords_title_voice_id":"","beyondwords_body_voice_id":"","beyondwords_summary_voice_id":"","beyondwords_error_message":"","beyondwords_disabled":"","beyondwords_delete_content":"","beyondwords_podcast_id":"","beyondwords_hash":"","publish_post_to_speechkit":"","speechkit_hash":"","speechkit_generate_audio":"","speechkit_project_id":"","speechkit_podcast_id":"","speechkit_error_message":"","speechkit_disabled":"","speechkit_access_key":"","speechkit_error":"","speechkit_info":"","speechkit_response":"","speechkit_retries":"","speechkit_status":"","speechkit_updated_at":"","_speechkit_link":"","_speechkit_text":""},"class_list":["post-31074","etablissement","type-etablissement","status-publish","has-post-thumbnail","hentry","type-etablissement-ausergewohnlicher-tisch","type-etablissement-gastronomisches-kochen","type-etablissement-italienisches-essen"],"acf":{"id_eta_scn":"","id_app_foodandgood":491,"id_exponum":"","abo":[],"etoile_michelin":[],"titre_presentation":"Abwechslung garantiert!","presentation":"K\u00fcchenchef Jean-Michel Feger entwickelt authentische, frische und kreative mediterrane K\u00fcche in einem subtilen und modernen Ambiente, umgeben von den letzten Stadtmauern von Mulhouse, wo sich die D\u00fcfte von Zitronen- und Orangenb\u00e4umen vermischen. Im Herzen von Old Mulhouse verstr\u00f6mt ein zartes Aroma raffinierter und kreativer mediterraner K\u00fcche, die perfekt zum lokalen Terroir passt. Das ist das mediterrane Restaurant Il Cortile. Als Nachfolger der Familie D'Onghia \u00fcbernahm Jean-Michel Feger, seit der Er\u00f6ffnung des Restaurants im Jahr 2001 mit einem Stern im Guide Michelin ausgezeichneter Koch und in der K\u00fcche t\u00e4tig, Anfang 2018 die Leitung des Hauses. Aus dieser Wiederbelebung entsteht eine leidenschaftliche K\u00fcche. Einfacher und gro\u00dfz\u00fcgiger, wie der Koch. Auch ein weniger feierlicher und w\u00e4rmerer Service, der Stammg\u00e4ste und Neuank\u00f6mmlinge gleicherma\u00dfen begeistern wird.","types_prestation":false,"photo":17830,"photo_bis":75169,"photo_3":75163,"adresse":{"address":"Restaurant Il Cortile | \u00c9toil\u00e9 Michelin, Rue des Franciscains, Mulhouse, France","lat":47.74752679999999,"lng":7.3338101,"zoom":7,"place_id":"ChIJn5BgSHObkUcRbwexHCarHpo","name":"Restaurant Il Cortile | \u00c9toil\u00e9 Michelin","street_number":11,"street_name":"Rue des Franciscains","city":"Mulhouse","state":"Grand Est","post_code":68100,"country":"France","country_short":"FR"},"horaires":"Montag: Geschlossen Dienstag: 12:00 - 13:30, 19:30 - 21:30 Mittwoch: 12:00 - 13:30, 19:30 - 21:30 Donnerstag: 12:00 - 13:30, 19:30 - 21:30 Freitag: 12:00 - 13:30, 19:30 - 21:30 Samstag: 12:00 - 13:30, 19:30 - 21:30 Sonntag: Geschlossen","tel":"03 89 66 39 79","boutons":[{"title":"Webseite","link":"https:\/\/ilcortile-mulhouse.fr\/"},{"title":"Karte und Men\u00fcs","link":"https:\/\/ilcortile-mulhouse.fr\/#menu"},{"title":"gute Geschenke","link":"https:\/\/aji-box.com\/-\/restaurant-il-cortile"}],"boutons_reservation":"","boutons_social":null,"articles":[{"title":"","text":"<h2>Mit gro\u00dfen Mitteln, guten Men\u00fcs<\/h2>  Das mediterrane Restaurant Il Cortile in Mulhouse bietet eine einfallsreiche und aromatische K\u00fcche, die Sie sich <u>als Fleisch- und Fischliebhaber<\/u>nicht entgehen lassen sollten.\n. K\u00fcchenchef Jean-Michel Feger erweitert seine Speisekarte um zwei neue Men\u00fcs. Neben dem Business-Men\u00fc \u2013 unter der Woche mittags von Dienstag bis Freitag erh\u00e4ltlich \u2013 und dem Men\u00fc \u201eLa petite cour\u201c er\u00f6ffnen die Men\u00fcs \u201eRiviera\u201c und \u201eCortile\u201c den Genuss. Wenn wir uns nur an drei Kreationen des Restaurants erinnern m\u00fcssten, haben wir hervorragende Erinnerungen an diese Gerichte: das Vitello Tonnato, Sellerie, Kapern und getrocknete Tomaten. Gefolgt von einem Supreme aus T\u00e4ubchen, Karotte und Yuzu, Pfifferlingen und Holunderbl\u00fctenessigsaft. Zum Schluss Kekse mit Oliven\u00f6l, Erdbeeren und Basilikummousse.","image":2970},{"title":"","text":"<h2>Mediterranes Restaurant: Es sieht aus wie der S\u00fcden\u2026<\/h2>  Das Lied von Nino Ferrer begleitet die Vorstellung, die man von dieser Oase hat, die von den letzten Stadtmauern umgeben ist. Das mediterrane Restaurant in Mulhouse hat zweifellos die sch\u00f6nste Terrasse der Stadt. Bis Ende August ge\u00f6ffnet, ist es eine ruhige Ecke, die den D\u00fcften von Zitronen- und Orangenb\u00e4umen ausgesetzt ist. Die Terrasse l\u00e4dt zu einem k\u00f6stlichen Ausflug an die K\u00fcste des Mittelmeers ein. Man k\u00f6nnte sogar glauben, dass es eine Sch\u00f6pfung des Himmels ist!","image":2964}]},"_links":{"self":[{"href":"https:\/\/foodandgood.fr\/de\/wp-json\/wp\/v2\/etablissement\/31074","targetHints":{"allow":["GET"]}}],"collection":[{"href":"https:\/\/foodandgood.fr\/de\/wp-json\/wp\/v2\/etablissement"}],"about":[{"href":"https:\/\/foodandgood.fr\/de\/wp-json\/wp\/v2\/types\/etablissement"}],"author":[{"embeddable":true,"href":"https:\/\/foodandgood.fr\/de\/wp-json\/wp\/v2\/users\/1"}],"replies":[{"embeddable":true,"href":"https:\/\/foodandgood.fr\/de\/wp-json\/wp\/v2\/comments?post=31074"}],"version-history":[{"count":3,"href":"https:\/\/foodandgood.fr\/de\/wp-json\/wp\/v2\/etablissement\/31074\/revisions"}],"predecessor-version":[{"id":113697,"href":"https:\/\/foodandgood.fr\/de\/wp-json\/wp\/v2\/etablissement\/31074\/revisions\/113697"}],"wp:featuredmedia":[{"embeddable":true,"href":"https:\/\/foodandgood.fr\/de\/wp-json\/wp\/v2\/media\/17830"}],"wp:attachment":[{"href":"https:\/\/foodandgood.fr\/de\/wp-json\/wp\/v2\/media?parent=31074"}],"curies":[{"name":"wp","href":"https:\/\/api.w.org\/{rel}","templated":true}]}}