 {"id":176673,"date":"2025-11-25T09:09:00","date_gmt":"2025-11-25T08:09:00","guid":{"rendered":"https:\/\/foodandgood.fr\/?post_type=etablissement&#038;p=176673"},"modified":"2025-11-28T10:28:27","modified_gmt":"2025-11-28T09:28:27","slug":"bord-eau-guesthouse","status":"publish","type":"etablissement","link":"https:\/\/foodandgood.fr\/bord-eau-guesthouse\/","title":{"rendered":"Bord Eau Guesthouse"},"excerpt":{"rendered":"","protected":false},"author":6,"comment_status":"closed","ping_status":"closed","template":"","meta":{"_acf_changed":false,"beyondwords_generate_audio":"0","beyondwords_integration_method":"","beyondwords_project_id":"","beyondwords_content_id":"","beyondwords_preview_token":"","beyondwords_player_content":"","beyondwords_player_style":"small","beyondwords_language_code":"fr_FR","beyondwords_language_id":"","beyondwords_title_voice_id":"1950","beyondwords_body_voice_id":"1950","beyondwords_summary_voice_id":"1950","beyondwords_error_message":"","beyondwords_disabled":"","beyondwords_delete_content":"","beyondwords_podcast_id":"","beyondwords_hash":"","publish_post_to_speechkit":"","speechkit_hash":"","speechkit_generate_audio":"","speechkit_project_id":"","speechkit_podcast_id":"","speechkit_error_message":"","speechkit_disabled":"","speechkit_access_key":"","speechkit_error":"","speechkit_info":"","speechkit_response":"","speechkit_retries":"","speechkit_status":"","speechkit_updated_at":"","_speechkit_link":"","_speechkit_text":""},"class_list":["post-176673","etablissement","type-etablissement","status-publish","hentry","type-etablissement-meuble-de-tourisme"],"acf":{"id_eta_scn":"","id_app_foodandgood":"","id_exponum":"","abo":[],"etoile_michelin":[],"titre_presentation":"Un lieu de d\u00e9tente au c\u0153ur de Colmar","presentation":"La Bord\u2019Eau Guesthouse est un h\u00e9bergement raffin\u00e9 situ\u00e9 au 2, quai de la Poissonnerie \u00e0 Colmar, en bordure de la Lauch, dans le cadre charmant et romantique du quartier de la \u201cPetite Venise\u201d.\r\n\r\nCr\u00e9\u00e9e par Kathia et Jean-Yves Schillinger, cette maison d\u2019h\u00f4tes rend hommage aux ann\u00e9es new-yorkaises du chef \u00e9toil\u00e9, avec des noms d\u2019appartements inspir\u00e9s de quartiers embl\u00e9matiques de la Grosse Pomme.\r\n\r\nL\u2019emplacement est particuli\u00e8rement pris\u00e9 : \u00e0 deux pas de l\u2019iconique restaurant JY\u2019S, deux \u00e9toiles Michelin, et au c\u0153ur du centre historique de Colmar.","types_prestation":false,"photo":178620,"photo_bis":178571,"photo_3":178577,"adresse":{"address":"BORD EAU Guesthouse - Holiday Rental - Colmar, Quai de la Poissonnerie, Colmar, France","lat":48.073932,"lng":7.3589575,"zoom":5,"place_id":"ChIJ_Wr8mdRlkUcRqVAGD8JZQeA","name":"BORD EAU Guesthouse - Holiday Rental - Colmar","street_number":2,"street_name":"Quai de la Poissonnerie","city":"Colmar","state":"Grand Est","post_code":68000,"country":"France","country_short":"FR"},"horaires":"lundi: 10:00\u2009\u2013\u200918:00\r\nmardi: 10:00\u2009\u2013\u200918:00\r\nmercredi: 10:00\u2009\u2013\u200918:00\r\njeudi: 10:00\u2009\u2013\u200918:00\r\nvendredi: 10:00\u2009\u2013\u200918:00\r\nsamedi: 10:00\u2009\u2013\u200918:00\r\ndimanche: 10:00\u2009\u2013\u200918:00","tel":"03 89 21 53 65","boutons":[{"title":"Site Internet","link":"https:\/\/www.jean-yves-schillinger.com\/bord-eau-guest-house\/bordeau-guesthouse-colmar\/"}],"boutons_reservation":"","boutons_social":null,"articles":null},"_links":{"self":[{"href":"https:\/\/foodandgood.fr\/de\/wp-json\/wp\/v2\/etablissement\/176673","targetHints":{"allow":["GET"]}}],"collection":[{"href":"https:\/\/foodandgood.fr\/de\/wp-json\/wp\/v2\/etablissement"}],"about":[{"href":"https:\/\/foodandgood.fr\/de\/wp-json\/wp\/v2\/types\/etablissement"}],"author":[{"embeddable":true,"href":"https:\/\/foodandgood.fr\/de\/wp-json\/wp\/v2\/users\/6"}],"replies":[{"embeddable":true,"href":"https:\/\/foodandgood.fr\/de\/wp-json\/wp\/v2\/comments?post=176673"}],"version-history":[{"count":6,"href":"https:\/\/foodandgood.fr\/de\/wp-json\/wp\/v2\/etablissement\/176673\/revisions"}],"predecessor-version":[{"id":180234,"href":"https:\/\/foodandgood.fr\/de\/wp-json\/wp\/v2\/etablissement\/176673\/revisions\/180234"}],"wp:attachment":[{"href":"https:\/\/foodandgood.fr\/de\/wp-json\/wp\/v2\/media?parent=176673"}],"curies":[{"name":"wp","href":"https:\/\/api.w.org\/{rel}","templated":true}]}}