 {"id":170035,"date":"2025-09-01T17:06:06","date_gmt":"2025-09-01T15:06:06","guid":{"rendered":"https:\/\/foodandgood.fr\/?post_type=etablissement&#038;p=170035"},"modified":"2025-09-01T17:08:39","modified_gmt":"2025-09-01T15:08:39","slug":"thermes-de-bains-les-bains","status":"publish","type":"etablissement","link":"https:\/\/foodandgood.fr\/thermes-de-bains-les-bains\/","title":{"rendered":"Thermes de Bains-les-Bains"},"excerpt":{"rendered":"","protected":false},"author":13,"comment_status":"closed","ping_status":"closed","template":"","meta":{"_acf_changed":false,"beyondwords_generate_audio":"0","beyondwords_integration_method":"","beyondwords_project_id":"","beyondwords_content_id":"","beyondwords_preview_token":"","beyondwords_player_content":"","beyondwords_player_style":"small","beyondwords_language_code":"fr_FR","beyondwords_language_id":"","beyondwords_title_voice_id":"1950","beyondwords_body_voice_id":"1950","beyondwords_summary_voice_id":"1950","beyondwords_error_message":"","beyondwords_disabled":"","beyondwords_delete_content":"","beyondwords_podcast_id":"","beyondwords_hash":"","publish_post_to_speechkit":"","speechkit_hash":"","speechkit_generate_audio":"","speechkit_project_id":"","speechkit_podcast_id":"","speechkit_error_message":"","speechkit_disabled":"","speechkit_access_key":"","speechkit_error":"","speechkit_info":"","speechkit_response":"","speechkit_retries":"","speechkit_status":"","speechkit_updated_at":"","_speechkit_link":"","_speechkit_text":""},"class_list":["post-170035","etablissement","type-etablissement","status-publish","hentry","type-etablissement-centre-thermal"],"acf":{"id_eta_scn":"","id_app_foodandgood":"","id_exponum":"","abo":[],"etoile_michelin":[],"titre_presentation":"Thermes de Bains-les-Bains \u2013 Un \u00e9crin thermal au c\u0153ur de la nature vosgienne","presentation":"Les Thermes de Bains-les-Bains, situ\u00e9s dans un superbe parc arbor\u00e9 au sein de la V\u00f4ge vosgienne, offrent une exp\u00e9rience thermale valid\u00e9e depuis l\u2019Antiquit\u00e9. Leurs eaux hyperthermales \u2014 entre 33 et 53 \u00b0C, riches en silice, bicarbonates, calcium et sodium \u2014 sont particuli\u00e8rement recommand\u00e9es pour les pathologies rhumatologiques et les maladies cardio-art\u00e9rielles. L\u2019\u00e9tablissement associe mosa\u00efques anciennes et design contemporain dans un cadre lumineux, et propose nombre de soins adapt\u00e9s pour soulager douleurs articulaires et am\u00e9liorer la circulation","types_prestation":false,"photo":170038,"photo_bis":170044,"photo_3":170050,"adresse":{"address":"Thermes de Bains-les-Bains, Avenue du Docteur Mathieu, La V\u00f4ge-les-Bains, France","lat":48.0009473,"lng":6.2666726,"zoom":5,"place_id":"ChIJKw6MD2UEk0cR8cRRj3hqQI4","name":"Thermes de Bains-les-Bains","street_number":1,"street_name":"Avenue du Docteur Mathieu","street_name_short":"Av. du Dr Mathieu","city":"La V\u00f4ge-les-Bains","state":"Grand Est","post_code":88240,"country":"France","country_short":"FR"},"horaires":"lundi: 09:00\u2009\u2013\u200917:00\r\nmardi: 09:00\u2009\u2013\u200917:00\r\nmercredi: 09:00\u2009\u2013\u200917:00\r\njeudi: 09:00\u2009\u2013\u200917:00\r\nvendredi: 09:00\u2009\u2013\u200917:00\r\nsamedi: 09:00\u2009\u2013\u200917:00\r\ndimanche: Ferm\u00e9","tel":"03 29 36 32 04","boutons":[{"title":"Site Internet","link":"https:\/\/www.chainethermale.fr\/bains-les-bains"}],"boutons_reservation":"","boutons_social":[{"type":"facebook-f","link":"https:\/\/www.facebook.com\/chainethermaledusoleil"},{"type":"instagram","link":"https:\/\/www.instagram.com\/chaine_thermale_du_soleil\/"},{"type":"youtube","link":"https:\/\/www.youtube.com\/channel\/UCfzvTdDENKBG0B2pBRxMffA"}],"articles":null},"_links":{"self":[{"href":"https:\/\/foodandgood.fr\/de\/wp-json\/wp\/v2\/etablissement\/170035","targetHints":{"allow":["GET"]}}],"collection":[{"href":"https:\/\/foodandgood.fr\/de\/wp-json\/wp\/v2\/etablissement"}],"about":[{"href":"https:\/\/foodandgood.fr\/de\/wp-json\/wp\/v2\/types\/etablissement"}],"author":[{"embeddable":true,"href":"https:\/\/foodandgood.fr\/de\/wp-json\/wp\/v2\/users\/13"}],"replies":[{"embeddable":true,"href":"https:\/\/foodandgood.fr\/de\/wp-json\/wp\/v2\/comments?post=170035"}],"version-history":[{"count":2,"href":"https:\/\/foodandgood.fr\/de\/wp-json\/wp\/v2\/etablissement\/170035\/revisions"}],"predecessor-version":[{"id":170099,"href":"https:\/\/foodandgood.fr\/de\/wp-json\/wp\/v2\/etablissement\/170035\/revisions\/170099"}],"wp:attachment":[{"href":"https:\/\/foodandgood.fr\/de\/wp-json\/wp\/v2\/media?parent=170035"}],"curies":[{"name":"wp","href":"https:\/\/api.w.org\/{rel}","templated":true}]}}