 {"id":151786,"date":"2024-10-29T09:55:52","date_gmt":"2024-10-29T08:55:52","guid":{"rendered":"https:\/\/foodandgood.fr\/etablissement\/konditorei-schmitt\/"},"modified":"2024-10-29T09:55:52","modified_gmt":"2024-10-29T08:55:52","slug":"konditorei-schmitt","status":"publish","type":"etablissement","link":"https:\/\/foodandgood.fr\/de\/konditorei-schmitt\/","title":{"rendered":"P\u00e2tisserie Schmitt"},"excerpt":{"rendered":"","protected":false},"author":10,"comment_status":"closed","ping_status":"closed","template":"","meta":{"_acf_changed":false,"beyondwords_generate_audio":"","beyondwords_integration_method":"","beyondwords_project_id":"","beyondwords_content_id":"","beyondwords_preview_token":"","beyondwords_player_content":"","beyondwords_player_style":"","beyondwords_language_code":"","beyondwords_language_id":"","beyondwords_title_voice_id":"","beyondwords_body_voice_id":"","beyondwords_summary_voice_id":"","beyondwords_error_message":"","beyondwords_disabled":"","beyondwords_delete_content":"","beyondwords_podcast_id":"","beyondwords_hash":"","publish_post_to_speechkit":"","speechkit_hash":"","speechkit_generate_audio":"","speechkit_project_id":"","speechkit_podcast_id":"","speechkit_error_message":"","speechkit_disabled":"","speechkit_access_key":"","speechkit_error":"","speechkit_info":"","speechkit_response":"","speechkit_retries":"","speechkit_status":"","speechkit_updated_at":"","_speechkit_link":"","_speechkit_text":""},"class_list":["post-151786","etablissement","type-etablissement","status-publish","hentry","type-etablissement-konditorei"],"acf":{"id_eta_scn":"","id_app_foodandgood":"","id_exponum":"","abo":[],"etoile_michelin":[],"titre_presentation":"Das Charles Schmitt Haus","presentation":"Seit mehr als 40 Jahren teilen wir mit\n\nunsere Liebe zur Gastronomie und zum \"wahren\", k\u00f6stlichen Geschmack ohne Zusatzstoffe oder \u00dcberfl\u00fcssiges.\n\nCharles SCHMITT ist seit 1981 Konditormeister und seit mehr als 30 Jahren in Colmar ans\u00e4ssig, vor einigen Jahren kamen seine Tochter und sein Schwiegersohn hinzu, es ist also eine sch\u00f6ne Familiengeschichte.\n\n \n\nGemeinsam bieten sie Ihnen eine Reihe von hausgemachten Produkten an, die im Einklang mit den handwerklichen Traditionen hergestellt werden, die ihnen sehr am Herzen liegen.\n\n\n\n Das Motto ist einfach:\n\nselbst machen und gut machen.","types_prestation":false,"photo":124613,"photo_bis":124591,"photo_3":124561,"adresse":{"address":"P\u00e2tisserie Schmitt, Avenue de la R\u00e9publique, Colmar, France","lat":48.07670539999999,"lng":7.352165599999999,"zoom":7,"place_id":"ChIJ_W3XoN1lkUcRVDg3WiX40gw","name":"P\u00e2tisserie Schmitt","street_number":30,"street_name":"Avenue de la R\u00e9publique","street_name_short":"Av. de la R\u00e9publique","city":"Colmar","state":"Grand Est","post_code":68000,"country":"France","country_short":"FR"},"horaires":"Montag: Geschlossen\nDienstag: 07:00 - 19:00 Uhr\nMittwoch: 07:00 - 19:00 Uhr\nDonnerstag: 07:00 - 19:00 Uhr\nFreitag: 07:00 - 19:00 Uhr\nSamstag: 07:00 - 17:00 Uhr\nSonntag: 07:00 - 12:30 Uhr","tel":"03 89 41 23 29","boutons":[{"title":"Webseite","link":"http:\/\/www.patisserie-schmitt.com\/"}],"boutons_reservation":"","boutons_social":null,"articles":[{"title":"","text":"","image":""}]},"_links":{"self":[{"href":"https:\/\/foodandgood.fr\/de\/wp-json\/wp\/v2\/etablissement\/151786","targetHints":{"allow":["GET"]}}],"collection":[{"href":"https:\/\/foodandgood.fr\/de\/wp-json\/wp\/v2\/etablissement"}],"about":[{"href":"https:\/\/foodandgood.fr\/de\/wp-json\/wp\/v2\/types\/etablissement"}],"author":[{"embeddable":true,"href":"https:\/\/foodandgood.fr\/de\/wp-json\/wp\/v2\/users\/10"}],"replies":[{"embeddable":true,"href":"https:\/\/foodandgood.fr\/de\/wp-json\/wp\/v2\/comments?post=151786"}],"version-history":[{"count":0,"href":"https:\/\/foodandgood.fr\/de\/wp-json\/wp\/v2\/etablissement\/151786\/revisions"}],"wp:attachment":[{"href":"https:\/\/foodandgood.fr\/de\/wp-json\/wp\/v2\/media?parent=151786"}],"curies":[{"name":"wp","href":"https:\/\/api.w.org\/{rel}","templated":true}]}}