 {"id":114708,"date":"2024-09-04T17:35:19","date_gmt":"2024-09-04T15:35:19","guid":{"rendered":"https:\/\/foodandgood.fr\/etablissement\/au-palais-des-abeilles-bienenpalast\/"},"modified":"2024-09-05T18:40:43","modified_gmt":"2024-09-05T16:40:43","slug":"au-palais-des-abeilles-bienenpalast","status":"publish","type":"etablissement","link":"https:\/\/foodandgood.fr\/de\/au-palais-des-abeilles-bienenpalast\/","title":{"rendered":"Au Palais Des Abeilles"},"excerpt":{"rendered":"","protected":false},"author":1,"comment_status":"closed","ping_status":"closed","template":"","meta":{"_acf_changed":false,"beyondwords_generate_audio":"","beyondwords_integration_method":"","beyondwords_project_id":"","beyondwords_content_id":"","beyondwords_preview_token":"","beyondwords_player_content":"","beyondwords_player_style":"","beyondwords_language_code":"","beyondwords_language_id":"","beyondwords_title_voice_id":"","beyondwords_body_voice_id":"","beyondwords_summary_voice_id":"","beyondwords_error_message":"","beyondwords_disabled":"","beyondwords_delete_content":"","beyondwords_podcast_id":"","beyondwords_hash":"","publish_post_to_speechkit":"","speechkit_hash":"","speechkit_generate_audio":"","speechkit_project_id":"","speechkit_podcast_id":"","speechkit_error_message":"","speechkit_disabled":"","speechkit_access_key":"","speechkit_error":"","speechkit_info":"","speechkit_response":"","speechkit_retries":"","speechkit_status":"","speechkit_updated_at":"","_speechkit_link":"","_speechkit_text":""},"class_list":["post-114708","etablissement","type-etablissement","status-publish","has-post-thumbnail","hentry","type-etablissement-regionale-produkte"],"acf":{"id_eta_scn":"","id_app_foodandgood":"","id_exponum":51058,"abo":["GRAT"],"etoile_michelin":[],"titre_presentation":"Im Bienenpalast sind alle Bienen K\u00f6niginnen.","presentation":"Dieses Familienunternehmen produziert handwerklichen franz\u00f6sischen Honig in Rozi\u00e8res-sur-Mouzon, in der N\u00e4he von Vittel, in den Vogesen.\nAls Ernteimker bietet es k\u00f6stlichen und ethischen Honig, der von uns geerntet und in Gl\u00e4ser abgef\u00fcllt wird.\nFinden Sie die Bienenprodukte und die verschiedenen Honigsorten der Imker im Departement Bas-Rhin (67) in unserem Gesch\u00e4ft in Mittelbergheim!\nIn Le Palais des Abeilles wird alles getan, um das Wohlbefinden und den Fortbestand der Bienen zu sichern.\n\u00dcber die Sorgen der Imker hinaus sind sie vor allem die H\u00fcter der Biodiversit\u00e4t f\u00fcr die kommenden Generationen.\nUm ihre und Ihre Gesundheit zu sch\u00fctzen, werden die Bienenst\u00f6cke im Herzen einer gesunden und gesch\u00fctzten Umgebung aufgestellt.\nDie Bienenst\u00f6cke des Imkereibetriebs sind in der Region der Drei L\u00e4nder (Vogesen, Haute-Sa\u00f4ne und Haute-Marne) und in den Bergen der Vogesen verteilt.\nDiese au\u00dfergew\u00f6hnliche Umgebung erm\u00f6glicht es den Bienen, in weitl\u00e4ufigen Naturgebieten zu sammeln, die frei von Pestiziden sind, die in den intensiv bewirtschafteten Gebieten eingesetzt werden.\nDiese Entscheidung entspricht unseren Werten und erm\u00f6glicht es uns, Ihnen einen authentischen, schmackhaften und verantwortungsbewussten Honig anzubieten.        ","types_prestation":false,"photo":115661,"photo_bis":115662,"photo_3":115663,"adresse":{"address":"Au Palais Des Abeilles, Rue Rotland, Mittelbergheim, France","lat":48.3969086,"lng":7.441744399999999,"zoom":7,"place_id":"ChIJGUOtvPVRkUcRCsUMSCELbRA","name":"Au Palais Des Abeilles","street_number":11,"street_name":"Rue Rotland","city":"Mittelbergheim","state":"Grand Est","post_code":67140,"country":"France","country_short":"FR"},"horaires":"Montag: 08:30 - 19:30 Dienstag: 09:00 - 19:00 Mittwoch: 09:00 - 19:00 Donnerstag: 09:00 - 17:00 Freitag: 09:00 - 19:00 Samstag: 09:00 - 19:00 Sonntag: 09:00 - 19:00","tel":"06 28 73 64 93","boutons":[{"title":"Webseite","link":"https:\/\/www.aupalaisdesabeilles.com\/"}],"boutons_reservation":"","boutons_social":null,"articles":[{"title":"","text":"","image":""}]},"_links":{"self":[{"href":"https:\/\/foodandgood.fr\/de\/wp-json\/wp\/v2\/etablissement\/114708","targetHints":{"allow":["GET"]}}],"collection":[{"href":"https:\/\/foodandgood.fr\/de\/wp-json\/wp\/v2\/etablissement"}],"about":[{"href":"https:\/\/foodandgood.fr\/de\/wp-json\/wp\/v2\/types\/etablissement"}],"author":[{"embeddable":true,"href":"https:\/\/foodandgood.fr\/de\/wp-json\/wp\/v2\/users\/1"}],"replies":[{"embeddable":true,"href":"https:\/\/foodandgood.fr\/de\/wp-json\/wp\/v2\/comments?post=114708"}],"version-history":[{"count":1,"href":"https:\/\/foodandgood.fr\/de\/wp-json\/wp\/v2\/etablissement\/114708\/revisions"}],"predecessor-version":[{"id":115674,"href":"https:\/\/foodandgood.fr\/de\/wp-json\/wp\/v2\/etablissement\/114708\/revisions\/115674"}],"wp:featuredmedia":[{"embeddable":true,"href":"https:\/\/foodandgood.fr\/de\/wp-json\/wp\/v2\/media\/114649"}],"wp:attachment":[{"href":"https:\/\/foodandgood.fr\/de\/wp-json\/wp\/v2\/media?parent=114708"}],"curies":[{"name":"wp","href":"https:\/\/api.w.org\/{rel}","templated":true}]}}