 {"id":114414,"date":"2024-09-03T11:14:35","date_gmt":"2024-09-03T09:14:35","guid":{"rendered":"https:\/\/foodandgood.fr\/etablissement\/toya\/"},"modified":"2024-09-03T11:14:35","modified_gmt":"2024-09-03T09:14:35","slug":"toya","status":"publish","type":"etablissement","link":"https:\/\/foodandgood.fr\/de\/toya\/","title":{"rendered":"Toya"},"excerpt":{"rendered":"","protected":false},"author":14,"comment_status":"closed","ping_status":"closed","template":"","meta":{"_acf_changed":false,"beyondwords_generate_audio":"","beyondwords_integration_method":"","beyondwords_project_id":"","beyondwords_content_id":"","beyondwords_preview_token":"","beyondwords_player_content":"","beyondwords_player_style":"","beyondwords_language_code":"","beyondwords_language_id":"","beyondwords_title_voice_id":"","beyondwords_body_voice_id":"","beyondwords_summary_voice_id":"","beyondwords_error_message":"","beyondwords_disabled":"","beyondwords_delete_content":"","beyondwords_podcast_id":"","beyondwords_hash":"","publish_post_to_speechkit":"","speechkit_hash":"","speechkit_generate_audio":"","speechkit_project_id":"","speechkit_podcast_id":"","speechkit_error_message":"","speechkit_disabled":"","speechkit_access_key":"","speechkit_error":"","speechkit_info":"","speechkit_response":"","speechkit_retries":"","speechkit_status":"","speechkit_updated_at":"","_speechkit_link":"","_speechkit_text":""},"class_list":["post-114414","etablissement","type-etablissement","status-publish","hentry","type-etablissement-ausergewohnlicher-tisch","type-etablissement-gastronomisches-kochen"],"acf":{"id_eta_scn":"","id_app_foodandgood":"","id_exponum":"","abo":[],"etoile_michelin":[],"titre_presentation":"\u00d6kologie und Gastronomie","presentation":"Das Restaurant TOYA liegt in einer beruhigenden nat\u00fcrlichen Umgebung in der N\u00e4he des Golfplatzes Faulquemont-Pontpierre und bietet einen Panoramablick auf die umliegenden gr\u00fcnen Landschaften.\nDas Innere des Restaurants spiegelt den Geist von Zen und Minimalismus wider, mit einer zeitgen\u00f6ssischen und klaren Dekoration.\nDer Speisesaal ist hell und ger\u00e4umig, mit klaren Linien und nat\u00fcrlichen Materialien, die eine ruhige und raffinierte Atmosph\u00e4re schaffen.\nDie Atmosph\u00e4re im TOYA ist entspannt, aber anspruchsvoll und bietet ein kulinarisches Erlebnis, das sich auf die Entdeckung und den Genuss der Sinne konzentriert.\nDer Blick auf die umliegende Natur verst\u00e4rkt das Gef\u00fchl der Ruhe, w\u00e4hrend der diskrete und aufmerksame Service daf\u00fcr sorgt, dass sich die G\u00e4ste w\u00e4hrend des gesamten Essens wohlf\u00fchlen.    ","types_prestation":false,"photo":null,"photo_bis":114196,"photo_3":114202,"adresse":{"address":"Toya, Avenue Jean Monnet, Faulquemont, France","lat":49.05622779999999,"lng":6.627042099999998,"zoom":7,"place_id":"ChIJ103NJF_4lEcR58UJAL7XCz4","name":"Toya","street_name":"Avenue Jean Monnet","street_name_short":"Av. Jean Monnet","city":"Faulquemont","state":"Grand Est","post_code":57380,"country":"France","country_short":"FR"},"horaires":"Montag: Geschlossen Dienstag: Geschlossen Mittwoch: 12:15 - 13:00, 19:15 - 21:00 Donnerstag: 12:15 - 13:00, 19:15 - 21:00 Freitag: 12:15 - 13:00, 19:15 - 21:00 Samstag: 12:15 - 13:00, 19:15 - 21:00 Sonntag: Geschlossen","tel":"03 87 89 34 22","boutons":[{"title":"Webseite","link":"http:\/\/toya-restaurant.fr\/"}],"boutons_reservation":"","boutons_social":null,"articles":[{"title":"","text":"Chefkoch Lo\u00efc Villemin verankert seine K\u00fcche im Augenblick.\nEr kreiert seine K\u00fcche nach dem, was seine Erzeuger liefern, nach den Jahreszeiten und der Inspiration des Augenblicks.\nLo\u00efc Villemin liebt es, die allt\u00e4glichen Produkte zu veredeln und edle Produkte mit vornehmem Geschmack zu verarbeiten. Er hat einen engagierten Ansatz und bevorzugt lokale und nachhaltige Produkte.\nEr macht jedoch keinen Hehl aus seiner Leidenschaft f\u00fcr Meeresfr\u00fcchte, die er sorgf\u00e4ltig ausw\u00e4hlt und mit seiner nie vergessenen Heimat verbindet.\nSeine delikate, feine, leichte, aber auch kreative und spielerische K\u00fcche richtet sich an alle Feinschmecker, ob sie nun an gastronomischen Traditionen h\u00e4ngen oder offen f\u00fcr gewagte Kombinationen sind.    ","image":114183}]},"_links":{"self":[{"href":"https:\/\/foodandgood.fr\/de\/wp-json\/wp\/v2\/etablissement\/114414","targetHints":{"allow":["GET"]}}],"collection":[{"href":"https:\/\/foodandgood.fr\/de\/wp-json\/wp\/v2\/etablissement"}],"about":[{"href":"https:\/\/foodandgood.fr\/de\/wp-json\/wp\/v2\/types\/etablissement"}],"author":[{"embeddable":true,"href":"https:\/\/foodandgood.fr\/de\/wp-json\/wp\/v2\/users\/14"}],"replies":[{"embeddable":true,"href":"https:\/\/foodandgood.fr\/de\/wp-json\/wp\/v2\/comments?post=114414"}],"version-history":[{"count":0,"href":"https:\/\/foodandgood.fr\/de\/wp-json\/wp\/v2\/etablissement\/114414\/revisions"}],"wp:attachment":[{"href":"https:\/\/foodandgood.fr\/de\/wp-json\/wp\/v2\/media?parent=114414"}],"curies":[{"name":"wp","href":"https:\/\/api.w.org\/{rel}","templated":true}]}}