 {"id":114302,"date":"2024-09-03T10:52:29","date_gmt":"2024-09-03T08:52:29","guid":{"rendered":"https:\/\/foodandgood.fr\/etablissement\/schloss-adomenil\/"},"modified":"2025-04-14T11:45:44","modified_gmt":"2025-04-14T09:45:44","slug":"schloss-adomenil","status":"publish","type":"etablissement","link":"https:\/\/foodandgood.fr\/de\/schloss-adomenil\/","title":{"rendered":"Ch\u00e2teau d'Adom\u00e9nil"},"excerpt":{"rendered":"","protected":false},"author":14,"comment_status":"closed","ping_status":"closed","template":"","meta":{"_acf_changed":false,"beyondwords_generate_audio":"","beyondwords_integration_method":"","beyondwords_project_id":"","beyondwords_content_id":"","beyondwords_preview_token":"","beyondwords_player_content":"","beyondwords_player_style":"","beyondwords_language_code":"","beyondwords_language_id":"","beyondwords_title_voice_id":"","beyondwords_body_voice_id":"","beyondwords_summary_voice_id":"","beyondwords_error_message":"","beyondwords_disabled":"","beyondwords_delete_content":"","beyondwords_podcast_id":"","beyondwords_hash":"","publish_post_to_speechkit":"","speechkit_hash":"","speechkit_generate_audio":"","speechkit_project_id":"","speechkit_podcast_id":"","speechkit_error_message":"","speechkit_disabled":"","speechkit_access_key":"","speechkit_error":"","speechkit_info":"","speechkit_response":"","speechkit_retries":"","speechkit_status":"","speechkit_updated_at":"","_speechkit_link":"","_speechkit_text":""},"class_list":["post-114302","etablissement","type-etablissement","status-publish","hentry","type-etablissement-ausergewohnlicher-tisch","type-etablissement-gastronomisches-kochen"],"acf":{"id_eta_scn":"","id_app_foodandgood":"","id_exponum":"","abo":["VIP"],"etoile_michelin":["1"],"titre_presentation":"Saisonale K\u00fcche","presentation":"Im Herzen der Landschaft von Lun\u00e9ville liegt dieses charmante kleine klassische Schloss in einem bewaldeten Park. Sie durchqueren eine feierliche Reihe von R\u00e4umen mit einer intakten historischen Atmosph\u00e4re, mit alten Holzverkleidungen, Parkettb\u00f6den und Kaminen... Der Speisesaal \u00f6ffnet sich zum Park hin. Einige subtile barocke und zeitgen\u00f6ssische Akzente beleben dieses traumhafte Dekor, das mit der K\u00fcche des Chefkochs \u00fcbereinstimmt, einer traditionellen K\u00fcche, die durch moderne Akzente aufgewertet wird.  \n\nJahrhundert ist sowohl ein charmantes Hotel als auch ein Gourmet-Restaurant.","types_prestation":false,"photo":113801,"photo_bis":113808,"photo_3":113814,"adresse":{"address":"Ch\u00e2teau d'Adom\u00e9nil - H\u00f4tel et Restaurant Relais&Ch\u00e2teaux, Rehainviller, France","lat":48.5648028,"lng":6.462658299999999,"zoom":7,"place_id":"ChIJF7CXTbqBlEcRE3S9yvizFPA","name":"Ch\u00e2teau d'Adom\u00e9nil - H\u00f4tel et Restaurant Relais&Ch\u00e2teaux","city":"Rehainviller","state":"Grand Est","post_code":54300,"country":"France","country_short":"FR"},"horaires":"","tel":"03 83 74 04 81","boutons":[{"title":"Internetseite","link":"http:\/\/www.adomenil.com\/"}],"boutons_reservation":"","boutons_social":null,"articles":null},"_links":{"self":[{"href":"https:\/\/foodandgood.fr\/de\/wp-json\/wp\/v2\/etablissement\/114302","targetHints":{"allow":["GET"]}}],"collection":[{"href":"https:\/\/foodandgood.fr\/de\/wp-json\/wp\/v2\/etablissement"}],"about":[{"href":"https:\/\/foodandgood.fr\/de\/wp-json\/wp\/v2\/types\/etablissement"}],"author":[{"embeddable":true,"href":"https:\/\/foodandgood.fr\/de\/wp-json\/wp\/v2\/users\/14"}],"replies":[{"embeddable":true,"href":"https:\/\/foodandgood.fr\/de\/wp-json\/wp\/v2\/comments?post=114302"}],"version-history":[{"count":1,"href":"https:\/\/foodandgood.fr\/de\/wp-json\/wp\/v2\/etablissement\/114302\/revisions"}],"predecessor-version":[{"id":114308,"href":"https:\/\/foodandgood.fr\/de\/wp-json\/wp\/v2\/etablissement\/114302\/revisions\/114308"}],"wp:attachment":[{"href":"https:\/\/foodandgood.fr\/de\/wp-json\/wp\/v2\/media?parent=114302"}],"curies":[{"name":"wp","href":"https:\/\/api.w.org\/{rel}","templated":true}]}}