 {"id":110596,"date":"2024-08-08T16:28:28","date_gmt":"2024-08-08T14:28:28","guid":{"rendered":"https:\/\/foodandgood.fr\/etablissement\/gesundheit-natur-loesung\/"},"modified":"2025-04-14T11:14:16","modified_gmt":"2025-04-14T09:14:16","slug":"gesundheit-natur-loesung","status":"publish","type":"etablissement","link":"https:\/\/foodandgood.fr\/de\/gesundheit-natur-loesung\/","title":{"rendered":"Sant\u00e9 Nature Solution"},"excerpt":{"rendered":"","protected":false},"author":6,"comment_status":"closed","ping_status":"closed","template":"","meta":{"_acf_changed":false,"beyondwords_generate_audio":"","beyondwords_integration_method":"","beyondwords_project_id":"","beyondwords_content_id":"","beyondwords_preview_token":"","beyondwords_player_content":"","beyondwords_player_style":"","beyondwords_language_code":"","beyondwords_language_id":"","beyondwords_title_voice_id":"","beyondwords_body_voice_id":"","beyondwords_summary_voice_id":"","beyondwords_error_message":"","beyondwords_disabled":"","beyondwords_delete_content":"","beyondwords_podcast_id":"","beyondwords_hash":"","publish_post_to_speechkit":"","speechkit_hash":"","speechkit_generate_audio":"","speechkit_project_id":"","speechkit_podcast_id":"","speechkit_error_message":"","speechkit_disabled":"","speechkit_access_key":"","speechkit_error":"","speechkit_info":"","speechkit_response":"","speechkit_retries":"","speechkit_status":"","speechkit_updated_at":"","_speechkit_link":"","_speechkit_text":""},"class_list":["post-110596","etablissement","type-etablissement","status-publish","has-post-thumbnail","hentry","type-etablissement-wohlbefinden"],"acf":{"id_eta_scn":"","id_app_foodandgood":"","id_exponum":"","abo":[],"etoile_michelin":[],"titre_presentation":"Eine gro\u00dfe Auswahl an Tees, Kr\u00e4utertees, Aufg\u00fcssen, Bio-Kaffee, etc...","presentation":"Ich hei\u00dfe Fabrice Hard (1965), habe eine Grundausbildung als Florist und Botaniker seit 1983 und wurde 2012 von der Schule Flora- M\u00e9dicina Quebec ausgebildet. Ich habe mir viele Kenntnisse angeeignet: Nat\u00fcrliche Pflanzenmedizin, Kr\u00e4uterkunde, Phytotherapie und sp\u00e4ter habe ich meine Studien mit Di\u00e4tetik, Lichttherapie und Hatha-Yoga vervollst\u00e4ndigt.\n\nDie Entwicklung meines Lebens hat es mir erm\u00f6glicht, meine Neugier und mein Wissen zu entwickeln, um meine F\u00e4higkeiten im Bereich der Natur und der gesundheitlichen Vorteile zu erweitern.\n\nSeitdem kann er nicht aufh\u00f6ren zu studieren oder zu experimentieren: \"Ich glaube, wenn man \"hineinf\u00e4llt\", ist es nicht m\u00f6glich, sich mit dem erworbenen Wissen zufrieden zu geben. Das Gebiet ist so gro\u00df.... \"\n\nIch bin seit vielen Jahren Autodidakt. Was mir an meiner T\u00e4tigkeit am meisten gef\u00e4llt, ist die Tatsache, dass ich versuche, die Gr\u00fcnde f\u00fcr die Symptome zu verstehen, die mir die Menschen schildern, und ihnen auf dem Weg zur Gesundheit mit Hilfe der wieder auflebenden Naturheilkunde zu helfen.\n\nIntegration des Systems der Naturheilkunde sowie Ratschl\u00e4ge f\u00fcr eine Lebensweise, die nicht nur darauf abzielt, den Geist und den K\u00f6rper von Leiden zu befreien, sondern auch einen Weg zu finden, Weisheit zu integrieren.\n\nIch bin davon \u00fcberzeugt, dass die meisten Beschwerden, die uns belasten, seien sie harmlos oder \u00fcberhandnehmend, mit Pflanzen behandelt werden k\u00f6nnen.\n\nDie Natur hat Recht.","types_prestation":false,"photo":120611,"photo_bis":110544,"photo_3":110549,"adresse":{"address":"Sant\u00e9 - Nature - Solution, Square Jeanne d'Arc, Malz\u00e9ville, France","lat":48.7120615,"lng":6.185355800000001,"zoom":7,"place_id":"ChIJya5xyEvR6kcRL64i04wimj8","name":"Sant\u00e9 - Nature - Solution","street_number":2,"street_name":"Square Jeanne d'Arc","street_name_short":"Sq. Jeanne d'Arc","city":"Malz\u00e9ville","state":"Grand Est","post_code":54220,"country":"France","country_short":"FR"},"horaires":"Montag: 24h\/24 ge\u00f6ffnet\nDienstag: 24h\/24 ge\u00f6ffnet\nMittwoch: 24h\/24 ge\u00f6ffnet\nDonnerstag: 24h\/24 ge\u00f6ffnet\nFreitag: 24h\/24 ge\u00f6ffnet\nSamstag: 24h\/24 ge\u00f6ffnet\nSonntag: Geschlossen","tel":"06 69 47 45 39","boutons":[{"title":"Webseite","link":"https:\/\/santenaturesolution.com\/"}],"boutons_reservation":"","boutons_social":null,"articles":[{"title":"","text":"","image":""}]},"_links":{"self":[{"href":"https:\/\/foodandgood.fr\/de\/wp-json\/wp\/v2\/etablissement\/110596","targetHints":{"allow":["GET"]}}],"collection":[{"href":"https:\/\/foodandgood.fr\/de\/wp-json\/wp\/v2\/etablissement"}],"about":[{"href":"https:\/\/foodandgood.fr\/de\/wp-json\/wp\/v2\/types\/etablissement"}],"author":[{"embeddable":true,"href":"https:\/\/foodandgood.fr\/de\/wp-json\/wp\/v2\/users\/6"}],"replies":[{"embeddable":true,"href":"https:\/\/foodandgood.fr\/de\/wp-json\/wp\/v2\/comments?post=110596"}],"version-history":[{"count":2,"href":"https:\/\/foodandgood.fr\/de\/wp-json\/wp\/v2\/etablissement\/110596\/revisions"}],"predecessor-version":[{"id":120616,"href":"https:\/\/foodandgood.fr\/de\/wp-json\/wp\/v2\/etablissement\/110596\/revisions\/120616"}],"wp:featuredmedia":[{"embeddable":true,"href":"https:\/\/foodandgood.fr\/de\/wp-json\/wp\/v2\/media\/110538"}],"wp:attachment":[{"href":"https:\/\/foodandgood.fr\/de\/wp-json\/wp\/v2\/media?parent=110596"}],"curies":[{"name":"wp","href":"https:\/\/api.w.org\/{rel}","templated":true}]}}