 {"id":110230,"date":"2024-08-08T15:15:28","date_gmt":"2024-08-08T13:15:28","guid":{"rendered":"https:\/\/foodandgood.fr\/etablissement\/les-creas-de-la-grange\/"},"modified":"2025-04-14T11:13:56","modified_gmt":"2025-04-14T09:13:56","slug":"les-creas-de-la-grange","status":"publish","type":"etablissement","link":"https:\/\/foodandgood.fr\/de\/les-creas-de-la-grange\/","title":{"rendered":"Les Creas De La Grange"},"excerpt":{"rendered":"","protected":false},"author":1,"comment_status":"closed","ping_status":"closed","template":"","meta":{"_acf_changed":false,"beyondwords_generate_audio":"","beyondwords_integration_method":"","beyondwords_project_id":"","beyondwords_content_id":"","beyondwords_preview_token":"","beyondwords_player_content":"","beyondwords_player_style":"","beyondwords_language_code":"","beyondwords_language_id":"","beyondwords_title_voice_id":"","beyondwords_body_voice_id":"","beyondwords_summary_voice_id":"","beyondwords_error_message":"","beyondwords_disabled":"","beyondwords_delete_content":"","beyondwords_podcast_id":"","beyondwords_hash":"","publish_post_to_speechkit":"","speechkit_hash":"","speechkit_generate_audio":"","speechkit_project_id":"","speechkit_podcast_id":"","speechkit_error_message":"","speechkit_disabled":"","speechkit_access_key":"","speechkit_error":"","speechkit_info":"","speechkit_response":"","speechkit_retries":"","speechkit_status":"","speechkit_updated_at":"","_speechkit_link":"","_speechkit_text":""},"class_list":["post-110230","etablissement","type-etablissement","status-publish","has-post-thumbnail","hentry","type-etablissement-dekoration-design","type-etablissement-shopping-deko"],"acf":{"id_eta_scn":"","id_app_foodandgood":"","id_exponum":"","abo":[],"etoile_michelin":[],"titre_presentation":"Handwerker, der Holzobjekte herstellt","presentation":"Les cr\u00e9as de la grange ist ein kleiner Handwerksbetrieb, der Holzartikel herstellt und verkauft. Ich habe meinen Sitz in Moyen in Lothringen und bevorzuge kurze Wege, indem ich meine Produkte aus einem S\u00e4gewerk in den Vogesen beziehe und lokale Holzarten verarbeite. \n\nIch biete haupts\u00e4chlich Haushaltsgegenst\u00e4nde wie Schneidebretter, Tabletts, Sch\u00fcsseluntersetzer usw. an, aber auch Dekorationsgegenst\u00e4nde und Holzspiele.\n\nLes cr\u00e9as de la grange ist auch ein personalisierter Gravurservice; eine Nachricht, ein Bild, ein Logo, das auf einen Holztr\u00e4ger graviert werden soll? Ein personalisierter Schl\u00fcsselanh\u00e4nger oder ein Lesezeichen?  Dann sind Sie bei uns genau richtig!","types_prestation":false,"photo":110173,"photo_bis":110178,"photo_3":110183,"adresse":{"address":"Les cr\u00e9as de la grange, Rue du Ch\u00e2teau, Moyen, France","lat":48.4821631,"lng":6.5708847,"zoom":7,"place_id":"ChIJb3YwieGBk0cRIK97E8hFU0o","name":"Les cr\u00e9as de la grange","street_number":15,"street_name":"Rue du Ch\u00e2teau","city":"Moyen","state":"Grand Est","post_code":54118,"country":"France","country_short":"FR"},"horaires":"Montag: 09:00 - 19:00\nDienstag: 09:00 - 19:00\nMittwoch: 09:00 - 19:00\nDonnerstag: 09:00 - 19:00\nFreitag: 09:00 - 19:00\nSamstag: Geschlossen\nSonntag: Geschlossen","tel":"07 55 63 45 44","boutons":[{"title":"Webseite","link":"https:\/\/www.lescreasdelagrange.fr\/"}],"boutons_reservation":"","boutons_social":null,"articles":[{"title":"","text":"","image":""}]},"_links":{"self":[{"href":"https:\/\/foodandgood.fr\/de\/wp-json\/wp\/v2\/etablissement\/110230","targetHints":{"allow":["GET"]}}],"collection":[{"href":"https:\/\/foodandgood.fr\/de\/wp-json\/wp\/v2\/etablissement"}],"about":[{"href":"https:\/\/foodandgood.fr\/de\/wp-json\/wp\/v2\/types\/etablissement"}],"author":[{"embeddable":true,"href":"https:\/\/foodandgood.fr\/de\/wp-json\/wp\/v2\/users\/1"}],"replies":[{"embeddable":true,"href":"https:\/\/foodandgood.fr\/de\/wp-json\/wp\/v2\/comments?post=110230"}],"version-history":[{"count":1,"href":"https:\/\/foodandgood.fr\/de\/wp-json\/wp\/v2\/etablissement\/110230\/revisions"}],"predecessor-version":[{"id":120608,"href":"https:\/\/foodandgood.fr\/de\/wp-json\/wp\/v2\/etablissement\/110230\/revisions\/120608"}],"wp:featuredmedia":[{"embeddable":true,"href":"https:\/\/foodandgood.fr\/de\/wp-json\/wp\/v2\/media\/110172"}],"wp:attachment":[{"href":"https:\/\/foodandgood.fr\/de\/wp-json\/wp\/v2\/media?parent=110230"}],"curies":[{"name":"wp","href":"https:\/\/api.w.org\/{rel}","templated":true}]}}