 {"version":"1.0","provider_name":"Food and Good","provider_url":"https:\/\/foodandgood.fr\/de\/","title":"Die Terrasse des Marktes","type":"rich","width":600,"height":338,"html":"<blockquote class=\"wp-embedded-content\" data-secret=\"orSSXDlYec\"><a href=\"https:\/\/foodandgood.fr\/de\/die-terrasse-des-marktes\/\">La Terrasse du march\u00e9<\/a><\/blockquote><iframe sandbox=\"allow-scripts\" security=\"restricted\" src=\"https:\/\/foodandgood.fr\/de\/die-terrasse-des-marktes\/embed\/#?secret=orSSXDlYec\" width=\"600\" height=\"338\" title=\"&#8222;La Terrasse du march\u00e9&#8220; &#8211; Food and Good\" data-secret=\"orSSXDlYec\" frameborder=\"0\" marginwidth=\"0\" marginheight=\"0\" scrolling=\"no\" class=\"wp-embedded-content\"><\/iframe><script>\n\/*! This file is auto-generated *\/\n!function(d,l){\"use strict\";l.querySelector&&d.addEventListener&&\"undefined\"!=typeof URL&&(d.wp=d.wp||{},d.wp.receiveEmbedMessage||(d.wp.receiveEmbedMessage=function(e){var t=e.data;if((t||t.secret||t.message||t.value)&&!\/[^a-zA-Z0-9]\/.test(t.secret)){for(var s,r,n,a=l.querySelectorAll('iframe[data-secret=\"'+t.secret+'\"]'),o=l.querySelectorAll('blockquote[data-secret=\"'+t.secret+'\"]'),c=new RegExp(\"^https?:$\",\"i\"),i=0;i<o.length;i++)o[i].style.display=\"none\";for(i=0;i<a.length;i++)s=a[i],e.source===s.contentWindow&&(s.removeAttribute(\"style\"),\"height\"===t.message?(1e3<(r=parseInt(t.value,10))?r=1e3:~~r<200&&(r=200),s.height=r):\"link\"===t.message&&(r=new URL(s.getAttribute(\"src\")),n=new URL(t.value),c.test(n.protocol))&&n.host===r.host&&l.activeElement===s&&(d.top.location.href=t.value))}},d.addEventListener(\"message\",d.wp.receiveEmbedMessage,!1),l.addEventListener(\"DOMContentLoaded\",function(){for(var e,t,s=l.querySelectorAll(\"iframe.wp-embedded-content\"),r=0;r<s.length;r++)(t=(e=s[r]).getAttribute(\"data-secret\"))||(t=Math.random().toString(36).substring(2,12),e.src+=\"#?secret=\"+t,e.setAttribute(\"data-secret\",t)),e.contentWindow.postMessage({message:\"ready\",secret:t},\"*\")},!1)))}(window,document);\n\/\/# sourceURL=https:\/\/foodandgood.fr\/wp-includes\/js\/wp-embed.min.js\n<\/script>\n","description":"\"La Terrasse du March\u00e9\", ein Restaurant mit Familiengeist, empf\u00e4ngt Sie von Dienstag bis Sonntag in einer freundlichen Umgebung. Wir bieten das ganze Jahr \u00fcber verschiedene Flammkuchen, traditionelle und handwerkliche, sowie Fr\u00fchst\u00fccksformeln, die Sie drinnen oder auf der Terrasse am Rande des Wassers mit Blick auf eine Postkartenlandschaft genie\u00dfen k\u00f6nnen.","thumbnail_url":"https:\/\/foodandgood.fr\/wp-content\/uploads\/2024\/08\/Screenshot-2024-08-13-at-16-30-47-Food-and-Good-Le-magazine-de-la-gastronomie.jpg","thumbnail_width":1156,"thumbnail_height":571}